{"id":14878,"date":"2025-11-25T16:13:19","date_gmt":"2025-11-25T16:13:19","guid":{"rendered":"https:\/\/viande-halal.fr\/belfort\/?post_type=product&#038;p=14878"},"modified":"2025-11-25T16:13:30","modified_gmt":"2025-11-25T16:13:30","slug":"oeuf-plein-air-moyen-primvert-x1","status":"publish","type":"product","link":"https:\/\/prointer.fr\/belfort\/produit\/oeuf-plein-air-moyen-primvert-x1\/","title":{"rendered":"OEUF PLEIN AIR MOYEN PRIM&rsquo;VERT &#8211; X1"},"content":{"rendered":"<p>L&rsquo;\u0153uf plein air moyen Prim&rsquo;Vert est un produit de qualit\u00e9 sup\u00e9rieure, issu de poules \u00e9lev\u00e9es en plein air dans le respect de l&rsquo;environnement. La marque Prim&rsquo;Vert s&rsquo;engage \u00e0 proposer des produits sains et naturels pour une alimentation \u00e9quilibr\u00e9e. Cet \u0153uf de taille moyenne est id\u00e9al pour vos recettes de cuisine quotidiennes, que ce soit pour pr\u00e9parer des omelettes, des g\u00e2teaux ou des plats sal\u00e9s.nnGr\u00e2ce \u00e0 sa coquille solide et sa saveur authentique, l&rsquo;\u0153uf plein air moyen Prim&rsquo;Vert est un incontournable de votre liste de courses. En choisissant ce produit, vous soutenez une agriculture responsable et respectueuse du bien-\u00eatre animal.nnSur notre site, vous pouvez consulter la disponibilit\u00e9 de l&rsquo;\u0153uf plein air moyen Prim&rsquo;Vert et le retrouver dans notre rayon Lait, fromage et \u0153uf. Rendez-vous dans notre supermarch\u00e9 physique pour d\u00e9couvrir l&rsquo;ensemble de notre s\u00e9lection de produits frais et de qualit\u00e9.nnN&rsquo;attendez plus pour garnir votre panier de courses avec l&rsquo;\u0153uf plein air moyen Prim&rsquo;Vert de la marque Prim&rsquo;Vert. Une garantie de fra\u00eecheur et de saveur pour r\u00e9galer toute la famille !<\/p>\n","protected":false},"excerpt":{"rendered":"<p>D\u00e9couvrez l&rsquo;oeuf plein air moyen Prim&rsquo;Vert, issu de poules \u00e9lev\u00e9es en plein air. Savourez la qualit\u00e9 et la fra\u00eecheur de ce produit de la marque Prim&rsquo;Vert. Profitez de ses bienfaits nutritifs.<\/p>\n","protected":false},"featured_media":14920,"comment_status":"closed","ping_status":"closed","template":"","meta":{"footnotes":""},"product_cat":[316,314,92,75],"product_tag":[143],"class_list":{"0":"post-14878","1":"product","2":"type-product","3":"status-publish","4":"has-post-thumbnail","6":"product_brand-primvert","7":"product_cat-oeufs","8":"product_cat-produits-frais","9":"product_cat-produits-laitiers","10":"product_cat-tous-les-produits","11":"product_tag-primvert","12":"product_shipping_class-top-produits","14":"first","15":"instock","16":"taxable","17":"shipping-taxable","18":"purchasable","19":"product-type-simple"},"_links":{"self":[{"href":"https:\/\/prointer.fr\/belfort\/wp-json\/wp\/v2\/product\/14878","targetHints":{"allow":["GET"]}}],"collection":[{"href":"https:\/\/prointer.fr\/belfort\/wp-json\/wp\/v2\/product"}],"about":[{"href":"https:\/\/prointer.fr\/belfort\/wp-json\/wp\/v2\/types\/product"}],"replies":[{"embeddable":true,"href":"https:\/\/prointer.fr\/belfort\/wp-json\/wp\/v2\/comments?post=14878"}],"version-history":[{"count":1,"href":"https:\/\/prointer.fr\/belfort\/wp-json\/wp\/v2\/product\/14878\/revisions"}],"predecessor-version":[{"id":14921,"href":"https:\/\/prointer.fr\/belfort\/wp-json\/wp\/v2\/product\/14878\/revisions\/14921"}],"wp:featuredmedia":[{"embeddable":true,"href":"https:\/\/prointer.fr\/belfort\/wp-json\/wp\/v2\/media\/14920"}],"wp:attachment":[{"href":"https:\/\/prointer.fr\/belfort\/wp-json\/wp\/v2\/media?parent=14878"}],"wp:term":[{"taxonomy":"product_cat","embeddable":true,"href":"https:\/\/prointer.fr\/belfort\/wp-json\/wp\/v2\/product_cat?post=14878"},{"taxonomy":"product_tag","embeddable":true,"href":"https:\/\/prointer.fr\/belfort\/wp-json\/wp\/v2\/product_tag?post=14878"}],"curies":[{"name":"wp","href":"https:\/\/api.w.org\/{rel}","templated":true}]}}