{"id":11260,"date":"2025-07-11T16:30:17","date_gmt":"2025-07-11T16:30:17","guid":{"rendered":"https:\/\/viande-halal.fr\/meinau\/?page_id=11260"},"modified":"2025-08-14T11:43:18","modified_gmt":"2025-08-14T11:43:18","slug":"lenseigne","status":"publish","type":"page","link":"https:\/\/prointer.fr\/meinau\/lenseigne\/","title":{"rendered":""},"content":{"rendered":"\n<div class=\"wp-block-cover\"><img fetchpriority=\"high\" decoding=\"async\" width=\"1024\" height=\"295\" class=\"wp-block-cover__image-background wp-image-11431 size-large\" alt=\"\" src=\"https:\/\/viande-halal.fr\/meinau\/wp-content\/uploads\/sites\/6\/2025\/08\/Pro-Inter_Accueil_Magasin_Oriental_Viande-Halal_Grand-Est_Enseigne-1-1024x295.jpg\" data-object-fit=\"cover\" srcset=\"https:\/\/prointer.fr\/meinau\/wp-content\/uploads\/sites\/6\/2025\/08\/Pro-Inter_Accueil_Magasin_Oriental_Viande-Halal_Grand-Est_Enseigne-1-1024x295.jpg 1024w, https:\/\/prointer.fr\/meinau\/wp-content\/uploads\/sites\/6\/2025\/08\/Pro-Inter_Accueil_Magasin_Oriental_Viande-Halal_Grand-Est_Enseigne-1-300x86.jpg 300w, https:\/\/prointer.fr\/meinau\/wp-content\/uploads\/sites\/6\/2025\/08\/Pro-Inter_Accueil_Magasin_Oriental_Viande-Halal_Grand-Est_Enseigne-1-768x221.jpg 768w, https:\/\/prointer.fr\/meinau\/wp-content\/uploads\/sites\/6\/2025\/08\/Pro-Inter_Accueil_Magasin_Oriental_Viande-Halal_Grand-Est_Enseigne-1-1536x442.jpg 1536w, https:\/\/prointer.fr\/meinau\/wp-content\/uploads\/sites\/6\/2025\/08\/Pro-Inter_Accueil_Magasin_Oriental_Viande-Halal_Grand-Est_Enseigne-1-500x144.jpg 500w, https:\/\/prointer.fr\/meinau\/wp-content\/uploads\/sites\/6\/2025\/08\/Pro-Inter_Accueil_Magasin_Oriental_Viande-Halal_Grand-Est_Enseigne-1-900x259.jpg 900w, https:\/\/prointer.fr\/meinau\/wp-content\/uploads\/sites\/6\/2025\/08\/Pro-Inter_Accueil_Magasin_Oriental_Viande-Halal_Grand-Est_Enseigne-1.jpg 1920w\" sizes=\"(max-width: 1024px) 100vw, 1024px\" \/><span aria-hidden=\"true\" class=\"wp-block-cover__background has-background-dim\" style=\"background-color:#7c695b\"><\/span><div class=\"wp-block-cover__inner-container is-layout-constrained wp-block-cover-is-layout-constrained\">\n<h1 class=\"wp-block-heading has-text-align-center has-large-font-size\"><strong>L&rsquo;enseigne : Pro-Inter<\/strong><\/h1>\n<\/div><\/div>\n\n\n\n<div style=\"height:50px\" aria-hidden=\"true\" class=\"wp-block-spacer\"><\/div>\n\n\n\n<div class=\"wp-block-columns is-layout-flex wp-container-core-columns-is-layout-9d6595d7 wp-block-columns-is-layout-flex\">\n<div class=\"wp-block-column is-layout-flow wp-block-column-is-layout-flow\" style=\"flex-basis:66.66%\">\n<h2 class=\"wp-block-heading\">Votre supermarch\u00e9 Pro-inter \u00e0 M\u00fctzig<\/h2>\n\n\n\n<p>Notre supermarch\u00e9 \u00e0 Illkirch-Graffenstaden est notre plus r\u00e9cente ouverture dans le Bas-Rhin, c\u2019\u00e9tait en f\u00e9vrier 2021 d\u00e9j\u00e0 !&nbsp;<\/p>\n\n\n\n<p>Chez Pro-Inter, vous appr\u00e9cierez un vaste rayon boucherie proposant un large choix de viandes et pr\u00e9parations bouch\u00e8res toutes certifi\u00e9es halal. Venez d\u00e9couvrir des produits exotiques dans nos diff\u00e9rents rayons allant de la cr\u00e8merie aux fruits &amp; l\u00e9gumes frais en passant par les \u00e9pices, les fruits secs ou encore les produits surgel\u00e9s&nbsp;!<\/p>\n\n\n\n<p>Vous trouverez dans notre magasin Pro-Inter d\u2019Illkirch aussi bien des produits de grandes marques, nationales comme \u00e9trang\u00e8res, que notre marque de distributeur&nbsp;: les \u00e9pices Muhbey !<\/p>\n\n\n\n<p>Et pour rappel, la totalit\u00e9 de notre offre produits est certifi\u00e9e halal ! C\u2019est d\u2019ailleurs un de nos engagements depuis l\u2019ouverture de notre premi\u00e8re boucherie. C\u2019est aussi une r\u00e9ponse aux attentes de notre client\u00e8le qui a ainsi le choix parmi quelques 6 000 r\u00e9f\u00e9rences, v\u00e9ritable alternative halal aux enseignes de la distribution alimentaire g\u00e9n\u00e9ralistes.<\/p>\n\n\n\n<p>Notre \u00e9quipe vous accueille au 1 rue du Hoelzel de 8h \u00e0 20h du lundi au samedi ainsi que le dimanche et les jours f\u00e9ri\u00e9s, sous condition.&nbsp;<\/p>\n<\/div>\n\n\n\n<div class=\"wp-block-column is-layout-flow wp-block-column-is-layout-flow\" style=\"flex-basis:33.33%\">\n<h3 class=\"wp-block-heading\">Nos autres magasins<br>Pro-Inter<\/h3>\n\n\n\n<p><strong>7 SUPERMARCH\u00c9S DANS LE BAS-RHIN :<\/strong><br>\u2022&nbsp;Illkirch-Graffenstaden<br>\u2022&nbsp;Mutzig<br>\u2022&nbsp;Schiltigheim<br>\u2022&nbsp;Schweighouse<br>\u2022&nbsp;Strasbourg Hautepierre<br>\u2022&nbsp;Strasbourg la Meinau<br>\u2022&nbsp;Strasbourg la Montagne Verte Contact<\/p>\n\n\n\n<p><strong>2 supermarch\u00e9s DANS LE HAUT-RHIN :<\/strong><br>\u2022&nbsp;Pfastatt<br>\u2022&nbsp;Wittenheim<\/p>\n\n\n\n<p><strong>1 supermarch\u00e9s DANS LE TERRITOIRE de Belfort :<\/strong><br>\u2022&nbsp;Bessoncourt (ouverture prochaine)<\/p>\n<\/div>\n<\/div>\n\n\n\n<div style=\"height:50px\" aria-hidden=\"true\" class=\"wp-block-spacer\"><\/div>\n\n\n\n<figure class=\"wp-block-gallery has-nested-images columns-default is-cropped wp-block-gallery-1 is-layout-flex wp-block-gallery-is-layout-flex\">\n<figure class=\"wp-block-image size-large\"><a href=\"https:\/\/viande-halal.fr\/meinau\/wp-content\/uploads\/sites\/6\/2025\/08\/Pro-Inter_Accueil_Magasin_Oriental_Viande-Halal_Grand-Est_Enseigne-1.jpg\" target=\"_blank\" rel=\"noopener\"><img decoding=\"async\" width=\"1024\" height=\"295\" data-id=\"11431\" src=\"https:\/\/viande-halal.fr\/meinau\/wp-content\/uploads\/sites\/6\/2025\/08\/Pro-Inter_Accueil_Magasin_Oriental_Viande-Halal_Grand-Est_Enseigne-1-1024x295.jpg\" alt=\"\" class=\"wp-image-11431\" srcset=\"https:\/\/prointer.fr\/meinau\/wp-content\/uploads\/sites\/6\/2025\/08\/Pro-Inter_Accueil_Magasin_Oriental_Viande-Halal_Grand-Est_Enseigne-1-1024x295.jpg 1024w, https:\/\/prointer.fr\/meinau\/wp-content\/uploads\/sites\/6\/2025\/08\/Pro-Inter_Accueil_Magasin_Oriental_Viande-Halal_Grand-Est_Enseigne-1-300x86.jpg 300w, https:\/\/prointer.fr\/meinau\/wp-content\/uploads\/sites\/6\/2025\/08\/Pro-Inter_Accueil_Magasin_Oriental_Viande-Halal_Grand-Est_Enseigne-1-768x221.jpg 768w, https:\/\/prointer.fr\/meinau\/wp-content\/uploads\/sites\/6\/2025\/08\/Pro-Inter_Accueil_Magasin_Oriental_Viande-Halal_Grand-Est_Enseigne-1-1536x442.jpg 1536w, https:\/\/prointer.fr\/meinau\/wp-content\/uploads\/sites\/6\/2025\/08\/Pro-Inter_Accueil_Magasin_Oriental_Viande-Halal_Grand-Est_Enseigne-1-500x144.jpg 500w, https:\/\/prointer.fr\/meinau\/wp-content\/uploads\/sites\/6\/2025\/08\/Pro-Inter_Accueil_Magasin_Oriental_Viande-Halal_Grand-Est_Enseigne-1-900x259.jpg 900w, https:\/\/prointer.fr\/meinau\/wp-content\/uploads\/sites\/6\/2025\/08\/Pro-Inter_Accueil_Magasin_Oriental_Viande-Halal_Grand-Est_Enseigne-1.jpg 1920w\" sizes=\"(max-width: 1024px) 100vw, 1024px\" \/><\/a><\/figure>\n\n\n\n<figure class=\"wp-block-image size-large\"><a href=\"https:\/\/viande-halal.fr\/meinau\/wp-content\/uploads\/sites\/6\/2025\/08\/Pro-Inter_Accueil_Magasin_Oriental_Viande-Halal_Grand-Est_Enseigne_6.jpg\" target=\"_blank\" rel=\"noopener\"><img decoding=\"async\" width=\"1024\" height=\"295\" data-id=\"11451\" src=\"https:\/\/viande-halal.fr\/meinau\/wp-content\/uploads\/sites\/6\/2025\/08\/Pro-Inter_Accueil_Magasin_Oriental_Viande-Halal_Grand-Est_Enseigne_6-1024x295.jpg\" alt=\"\" class=\"wp-image-11451\" srcset=\"https:\/\/prointer.fr\/meinau\/wp-content\/uploads\/sites\/6\/2025\/08\/Pro-Inter_Accueil_Magasin_Oriental_Viande-Halal_Grand-Est_Enseigne_6-1024x295.jpg 1024w, https:\/\/prointer.fr\/meinau\/wp-content\/uploads\/sites\/6\/2025\/08\/Pro-Inter_Accueil_Magasin_Oriental_Viande-Halal_Grand-Est_Enseigne_6-300x86.jpg 300w, https:\/\/prointer.fr\/meinau\/wp-content\/uploads\/sites\/6\/2025\/08\/Pro-Inter_Accueil_Magasin_Oriental_Viande-Halal_Grand-Est_Enseigne_6-768x221.jpg 768w, https:\/\/prointer.fr\/meinau\/wp-content\/uploads\/sites\/6\/2025\/08\/Pro-Inter_Accueil_Magasin_Oriental_Viande-Halal_Grand-Est_Enseigne_6-1536x442.jpg 1536w, https:\/\/prointer.fr\/meinau\/wp-content\/uploads\/sites\/6\/2025\/08\/Pro-Inter_Accueil_Magasin_Oriental_Viande-Halal_Grand-Est_Enseigne_6-500x144.jpg 500w, https:\/\/prointer.fr\/meinau\/wp-content\/uploads\/sites\/6\/2025\/08\/Pro-Inter_Accueil_Magasin_Oriental_Viande-Halal_Grand-Est_Enseigne_6-900x259.jpg 900w, https:\/\/prointer.fr\/meinau\/wp-content\/uploads\/sites\/6\/2025\/08\/Pro-Inter_Accueil_Magasin_Oriental_Viande-Halal_Grand-Est_Enseigne_6.jpg 1920w\" sizes=\"(max-width: 1024px) 100vw, 1024px\" \/><\/a><\/figure>\n\n\n\n<figure class=\"wp-block-image size-large\"><a href=\"https:\/\/viande-halal.fr\/meinau\/wp-content\/uploads\/sites\/6\/2025\/08\/Pro-Inter_Accueil_Magasin_Oriental_Viande-Halal_Grand-Est_Enseigne_1.jpg\" target=\"_blank\" rel=\"noopener\"><img loading=\"lazy\" decoding=\"async\" width=\"1024\" height=\"295\" data-id=\"11456\" src=\"https:\/\/viande-halal.fr\/meinau\/wp-content\/uploads\/sites\/6\/2025\/08\/Pro-Inter_Accueil_Magasin_Oriental_Viande-Halal_Grand-Est_Enseigne_1-1024x295.jpg\" alt=\"\" class=\"wp-image-11456\" srcset=\"https:\/\/prointer.fr\/meinau\/wp-content\/uploads\/sites\/6\/2025\/08\/Pro-Inter_Accueil_Magasin_Oriental_Viande-Halal_Grand-Est_Enseigne_1-1024x295.jpg 1024w, https:\/\/prointer.fr\/meinau\/wp-content\/uploads\/sites\/6\/2025\/08\/Pro-Inter_Accueil_Magasin_Oriental_Viande-Halal_Grand-Est_Enseigne_1-300x86.jpg 300w, https:\/\/prointer.fr\/meinau\/wp-content\/uploads\/sites\/6\/2025\/08\/Pro-Inter_Accueil_Magasin_Oriental_Viande-Halal_Grand-Est_Enseigne_1-768x221.jpg 768w, https:\/\/prointer.fr\/meinau\/wp-content\/uploads\/sites\/6\/2025\/08\/Pro-Inter_Accueil_Magasin_Oriental_Viande-Halal_Grand-Est_Enseigne_1-1536x442.jpg 1536w, https:\/\/prointer.fr\/meinau\/wp-content\/uploads\/sites\/6\/2025\/08\/Pro-Inter_Accueil_Magasin_Oriental_Viande-Halal_Grand-Est_Enseigne_1-500x144.jpg 500w, https:\/\/prointer.fr\/meinau\/wp-content\/uploads\/sites\/6\/2025\/08\/Pro-Inter_Accueil_Magasin_Oriental_Viande-Halal_Grand-Est_Enseigne_1-900x259.jpg 900w, https:\/\/prointer.fr\/meinau\/wp-content\/uploads\/sites\/6\/2025\/08\/Pro-Inter_Accueil_Magasin_Oriental_Viande-Halal_Grand-Est_Enseigne_1.jpg 1920w\" sizes=\"(max-width: 1024px) 100vw, 1024px\" \/><\/a><\/figure>\n\n\n\n<figure class=\"wp-block-image size-large\"><a href=\"https:\/\/viande-halal.fr\/meinau\/wp-content\/uploads\/sites\/6\/2025\/08\/Pro-Inter_Accueil_Magasin_Oriental_Viande-Halal_Grand-Est_Enseigne_5.jpg\" target=\"_blank\" rel=\"noopener\"><img loading=\"lazy\" decoding=\"async\" width=\"1024\" height=\"295\" data-id=\"11452\" src=\"https:\/\/viande-halal.fr\/meinau\/wp-content\/uploads\/sites\/6\/2025\/08\/Pro-Inter_Accueil_Magasin_Oriental_Viande-Halal_Grand-Est_Enseigne_5-1024x295.jpg\" alt=\"\" class=\"wp-image-11452\" srcset=\"https:\/\/prointer.fr\/meinau\/wp-content\/uploads\/sites\/6\/2025\/08\/Pro-Inter_Accueil_Magasin_Oriental_Viande-Halal_Grand-Est_Enseigne_5-1024x295.jpg 1024w, https:\/\/prointer.fr\/meinau\/wp-content\/uploads\/sites\/6\/2025\/08\/Pro-Inter_Accueil_Magasin_Oriental_Viande-Halal_Grand-Est_Enseigne_5-300x86.jpg 300w, https:\/\/prointer.fr\/meinau\/wp-content\/uploads\/sites\/6\/2025\/08\/Pro-Inter_Accueil_Magasin_Oriental_Viande-Halal_Grand-Est_Enseigne_5-768x221.jpg 768w, https:\/\/prointer.fr\/meinau\/wp-content\/uploads\/sites\/6\/2025\/08\/Pro-Inter_Accueil_Magasin_Oriental_Viande-Halal_Grand-Est_Enseigne_5-1536x442.jpg 1536w, https:\/\/prointer.fr\/meinau\/wp-content\/uploads\/sites\/6\/2025\/08\/Pro-Inter_Accueil_Magasin_Oriental_Viande-Halal_Grand-Est_Enseigne_5-500x144.jpg 500w, https:\/\/prointer.fr\/meinau\/wp-content\/uploads\/sites\/6\/2025\/08\/Pro-Inter_Accueil_Magasin_Oriental_Viande-Halal_Grand-Est_Enseigne_5-900x259.jpg 900w, https:\/\/prointer.fr\/meinau\/wp-content\/uploads\/sites\/6\/2025\/08\/Pro-Inter_Accueil_Magasin_Oriental_Viande-Halal_Grand-Est_Enseigne_5.jpg 1920w\" sizes=\"(max-width: 1024px) 100vw, 1024px\" \/><\/a><\/figure>\n\n\n\n<figure class=\"wp-block-image size-large\"><a href=\"https:\/\/viande-halal.fr\/meinau\/wp-content\/uploads\/sites\/6\/2025\/08\/Pro-Inter_Accueil_Magasin_Oriental_Viande-Halal_Grand-Est_Enseigne_2-1.jpg\" target=\"_blank\" rel=\"noopener\"><img loading=\"lazy\" decoding=\"async\" width=\"1024\" height=\"295\" data-id=\"11455\" src=\"https:\/\/viande-halal.fr\/meinau\/wp-content\/uploads\/sites\/6\/2025\/08\/Pro-Inter_Accueil_Magasin_Oriental_Viande-Halal_Grand-Est_Enseigne_2-1-1024x295.jpg\" alt=\"\" class=\"wp-image-11455\" srcset=\"https:\/\/prointer.fr\/meinau\/wp-content\/uploads\/sites\/6\/2025\/08\/Pro-Inter_Accueil_Magasin_Oriental_Viande-Halal_Grand-Est_Enseigne_2-1-1024x295.jpg 1024w, https:\/\/prointer.fr\/meinau\/wp-content\/uploads\/sites\/6\/2025\/08\/Pro-Inter_Accueil_Magasin_Oriental_Viande-Halal_Grand-Est_Enseigne_2-1-300x86.jpg 300w, https:\/\/prointer.fr\/meinau\/wp-content\/uploads\/sites\/6\/2025\/08\/Pro-Inter_Accueil_Magasin_Oriental_Viande-Halal_Grand-Est_Enseigne_2-1-768x221.jpg 768w, https:\/\/prointer.fr\/meinau\/wp-content\/uploads\/sites\/6\/2025\/08\/Pro-Inter_Accueil_Magasin_Oriental_Viande-Halal_Grand-Est_Enseigne_2-1-1536x442.jpg 1536w, https:\/\/prointer.fr\/meinau\/wp-content\/uploads\/sites\/6\/2025\/08\/Pro-Inter_Accueil_Magasin_Oriental_Viande-Halal_Grand-Est_Enseigne_2-1-500x144.jpg 500w, https:\/\/prointer.fr\/meinau\/wp-content\/uploads\/sites\/6\/2025\/08\/Pro-Inter_Accueil_Magasin_Oriental_Viande-Halal_Grand-Est_Enseigne_2-1-900x259.jpg 900w, https:\/\/prointer.fr\/meinau\/wp-content\/uploads\/sites\/6\/2025\/08\/Pro-Inter_Accueil_Magasin_Oriental_Viande-Halal_Grand-Est_Enseigne_2-1.jpg 1920w\" sizes=\"(max-width: 1024px) 100vw, 1024px\" \/><\/a><\/figure>\n\n\n\n<figure class=\"wp-block-image size-large\"><a href=\"https:\/\/viande-halal.fr\/meinau\/wp-content\/uploads\/sites\/6\/2025\/08\/Pro-Inter_Accueil_Magasin_Oriental_Viande-Halal_Grand-Est_Enseigne_3.jpg\" target=\"_blank\" rel=\"noopener\"><img loading=\"lazy\" decoding=\"async\" width=\"1024\" height=\"295\" data-id=\"11454\" src=\"https:\/\/viande-halal.fr\/meinau\/wp-content\/uploads\/sites\/6\/2025\/08\/Pro-Inter_Accueil_Magasin_Oriental_Viande-Halal_Grand-Est_Enseigne_3-1024x295.jpg\" alt=\"\" class=\"wp-image-11454\" srcset=\"https:\/\/prointer.fr\/meinau\/wp-content\/uploads\/sites\/6\/2025\/08\/Pro-Inter_Accueil_Magasin_Oriental_Viande-Halal_Grand-Est_Enseigne_3-1024x295.jpg 1024w, https:\/\/prointer.fr\/meinau\/wp-content\/uploads\/sites\/6\/2025\/08\/Pro-Inter_Accueil_Magasin_Oriental_Viande-Halal_Grand-Est_Enseigne_3-300x86.jpg 300w, https:\/\/prointer.fr\/meinau\/wp-content\/uploads\/sites\/6\/2025\/08\/Pro-Inter_Accueil_Magasin_Oriental_Viande-Halal_Grand-Est_Enseigne_3-768x221.jpg 768w, https:\/\/prointer.fr\/meinau\/wp-content\/uploads\/sites\/6\/2025\/08\/Pro-Inter_Accueil_Magasin_Oriental_Viande-Halal_Grand-Est_Enseigne_3-1536x442.jpg 1536w, https:\/\/prointer.fr\/meinau\/wp-content\/uploads\/sites\/6\/2025\/08\/Pro-Inter_Accueil_Magasin_Oriental_Viande-Halal_Grand-Est_Enseigne_3-500x144.jpg 500w, https:\/\/prointer.fr\/meinau\/wp-content\/uploads\/sites\/6\/2025\/08\/Pro-Inter_Accueil_Magasin_Oriental_Viande-Halal_Grand-Est_Enseigne_3-900x259.jpg 900w, https:\/\/prointer.fr\/meinau\/wp-content\/uploads\/sites\/6\/2025\/08\/Pro-Inter_Accueil_Magasin_Oriental_Viande-Halal_Grand-Est_Enseigne_3.jpg 1920w\" sizes=\"(max-width: 1024px) 100vw, 1024px\" \/><\/a><\/figure>\n\n\n\n<figure class=\"wp-block-image size-large\"><a href=\"https:\/\/viande-halal.fr\/meinau\/wp-content\/uploads\/sites\/6\/2025\/08\/Pro-Inter_Accueil_Magasin_Oriental_Viande-Halal_Grand-Est_Enseigne_4.jpg\" target=\"_blank\" rel=\"noopener\"><img loading=\"lazy\" decoding=\"async\" width=\"1024\" height=\"295\" data-id=\"11453\" src=\"https:\/\/viande-halal.fr\/meinau\/wp-content\/uploads\/sites\/6\/2025\/08\/Pro-Inter_Accueil_Magasin_Oriental_Viande-Halal_Grand-Est_Enseigne_4-1024x295.jpg\" alt=\"\" class=\"wp-image-11453\" srcset=\"https:\/\/prointer.fr\/meinau\/wp-content\/uploads\/sites\/6\/2025\/08\/Pro-Inter_Accueil_Magasin_Oriental_Viande-Halal_Grand-Est_Enseigne_4-1024x295.jpg 1024w, https:\/\/prointer.fr\/meinau\/wp-content\/uploads\/sites\/6\/2025\/08\/Pro-Inter_Accueil_Magasin_Oriental_Viande-Halal_Grand-Est_Enseigne_4-300x86.jpg 300w, https:\/\/prointer.fr\/meinau\/wp-content\/uploads\/sites\/6\/2025\/08\/Pro-Inter_Accueil_Magasin_Oriental_Viande-Halal_Grand-Est_Enseigne_4-768x221.jpg 768w, https:\/\/prointer.fr\/meinau\/wp-content\/uploads\/sites\/6\/2025\/08\/Pro-Inter_Accueil_Magasin_Oriental_Viande-Halal_Grand-Est_Enseigne_4-1536x442.jpg 1536w, https:\/\/prointer.fr\/meinau\/wp-content\/uploads\/sites\/6\/2025\/08\/Pro-Inter_Accueil_Magasin_Oriental_Viande-Halal_Grand-Est_Enseigne_4-500x144.jpg 500w, https:\/\/prointer.fr\/meinau\/wp-content\/uploads\/sites\/6\/2025\/08\/Pro-Inter_Accueil_Magasin_Oriental_Viande-Halal_Grand-Est_Enseigne_4-900x259.jpg 900w, https:\/\/prointer.fr\/meinau\/wp-content\/uploads\/sites\/6\/2025\/08\/Pro-Inter_Accueil_Magasin_Oriental_Viande-Halal_Grand-Est_Enseigne_4.jpg 1920w\" sizes=\"(max-width: 1024px) 100vw, 1024px\" \/><\/a><\/figure>\n\n\n\n<figure class=\"wp-block-image size-large\"><a href=\"https:\/\/viande-halal.fr\/meinau\/wp-content\/uploads\/sites\/6\/2025\/08\/Pro-Inter_Accueil_Magasin_Oriental_Viande-Halal_Grand-Est_Enseigne_7.jpg\" target=\"_blank\" rel=\"noopener\"><img loading=\"lazy\" decoding=\"async\" width=\"1024\" height=\"295\" data-id=\"11450\" src=\"https:\/\/viande-halal.fr\/meinau\/wp-content\/uploads\/sites\/6\/2025\/08\/Pro-Inter_Accueil_Magasin_Oriental_Viande-Halal_Grand-Est_Enseigne_7-1024x295.jpg\" alt=\"\" class=\"wp-image-11450\" srcset=\"https:\/\/prointer.fr\/meinau\/wp-content\/uploads\/sites\/6\/2025\/08\/Pro-Inter_Accueil_Magasin_Oriental_Viande-Halal_Grand-Est_Enseigne_7-1024x295.jpg 1024w, https:\/\/prointer.fr\/meinau\/wp-content\/uploads\/sites\/6\/2025\/08\/Pro-Inter_Accueil_Magasin_Oriental_Viande-Halal_Grand-Est_Enseigne_7-300x86.jpg 300w, https:\/\/prointer.fr\/meinau\/wp-content\/uploads\/sites\/6\/2025\/08\/Pro-Inter_Accueil_Magasin_Oriental_Viande-Halal_Grand-Est_Enseigne_7-768x221.jpg 768w, https:\/\/prointer.fr\/meinau\/wp-content\/uploads\/sites\/6\/2025\/08\/Pro-Inter_Accueil_Magasin_Oriental_Viande-Halal_Grand-Est_Enseigne_7-1536x442.jpg 1536w, https:\/\/prointer.fr\/meinau\/wp-content\/uploads\/sites\/6\/2025\/08\/Pro-Inter_Accueil_Magasin_Oriental_Viande-Halal_Grand-Est_Enseigne_7-500x144.jpg 500w, https:\/\/prointer.fr\/meinau\/wp-content\/uploads\/sites\/6\/2025\/08\/Pro-Inter_Accueil_Magasin_Oriental_Viande-Halal_Grand-Est_Enseigne_7-900x259.jpg 900w, https:\/\/prointer.fr\/meinau\/wp-content\/uploads\/sites\/6\/2025\/08\/Pro-Inter_Accueil_Magasin_Oriental_Viande-Halal_Grand-Est_Enseigne_7.jpg 1920w\" sizes=\"(max-width: 1024px) 100vw, 1024px\" \/><\/a><\/figure>\n\n\n\n<figure class=\"wp-block-image size-large\"><a href=\"https:\/\/viande-halal.fr\/meinau\/wp-content\/uploads\/sites\/6\/2025\/08\/Pro-Inter_Accueil_Magasin_Oriental_Viande-Halal_Grand-Est_Enseigne_8.jpg\" target=\"_blank\" rel=\"noopener\"><img loading=\"lazy\" decoding=\"async\" width=\"1024\" height=\"295\" data-id=\"11449\" src=\"https:\/\/viande-halal.fr\/meinau\/wp-content\/uploads\/sites\/6\/2025\/08\/Pro-Inter_Accueil_Magasin_Oriental_Viande-Halal_Grand-Est_Enseigne_8-1024x295.jpg\" alt=\"\" class=\"wp-image-11449\" srcset=\"https:\/\/prointer.fr\/meinau\/wp-content\/uploads\/sites\/6\/2025\/08\/Pro-Inter_Accueil_Magasin_Oriental_Viande-Halal_Grand-Est_Enseigne_8-1024x295.jpg 1024w, https:\/\/prointer.fr\/meinau\/wp-content\/uploads\/sites\/6\/2025\/08\/Pro-Inter_Accueil_Magasin_Oriental_Viande-Halal_Grand-Est_Enseigne_8-300x86.jpg 300w, https:\/\/prointer.fr\/meinau\/wp-content\/uploads\/sites\/6\/2025\/08\/Pro-Inter_Accueil_Magasin_Oriental_Viande-Halal_Grand-Est_Enseigne_8-768x221.jpg 768w, https:\/\/prointer.fr\/meinau\/wp-content\/uploads\/sites\/6\/2025\/08\/Pro-Inter_Accueil_Magasin_Oriental_Viande-Halal_Grand-Est_Enseigne_8-1536x442.jpg 1536w, https:\/\/prointer.fr\/meinau\/wp-content\/uploads\/sites\/6\/2025\/08\/Pro-Inter_Accueil_Magasin_Oriental_Viande-Halal_Grand-Est_Enseigne_8-500x144.jpg 500w, https:\/\/prointer.fr\/meinau\/wp-content\/uploads\/sites\/6\/2025\/08\/Pro-Inter_Accueil_Magasin_Oriental_Viande-Halal_Grand-Est_Enseigne_8-900x259.jpg 900w, https:\/\/prointer.fr\/meinau\/wp-content\/uploads\/sites\/6\/2025\/08\/Pro-Inter_Accueil_Magasin_Oriental_Viande-Halal_Grand-Est_Enseigne_8.jpg 1920w\" sizes=\"(max-width: 1024px) 100vw, 1024px\" \/><\/a><\/figure>\n<\/figure>\n\n\n\n<div style=\"height:50px\" aria-hidden=\"true\" class=\"wp-block-spacer\"><\/div>\n\n\n\n<div class=\"wp-block-columns is-layout-flex wp-container-core-columns-is-layout-9d6595d7 wp-block-columns-is-layout-flex\">\n<div class=\"wp-block-column is-layout-flow wp-block-column-is-layout-flow\">\n<div class=\"wp-block-columns is-layout-flex wp-container-core-columns-is-layout-9d6595d7 wp-block-columns-is-layout-flex\">\n<div class=\"wp-block-column is-vertically-aligned-center is-layout-flow wp-block-column-is-layout-flow\">\n<h2 class=\"wp-block-heading\">Le pionner<br>de la boucherie halal<br>en Alsace<\/h2>\n\n\n\n<p>Pro-Inter, le leader de la viande halal en Alsace, ce sont 7 magasins dans le Bas-Rhin, 2 dans le Haut-Rhin et 1 ouverture prochaine en Bourgogne-Franche-Comt\u00e9 !<\/p>\n\n\n\n<p>Notre entreprise familiale vous fait b\u00e9n\u00e9ficier de sa riche exp\u00e9rience de pr\u00e8s de 40 ans, aussi bien dans le commerce de la viande halal que des produits internationaux.<\/p>\n\n\n\n<p>Pro-Inter, comprenez \u201c<strong>Pro<\/strong>duits-<strong>Inter<\/strong>nationaux\u201d, c\u2019est une offre de plus de 6 000 r\u00e9f\u00e9rences aussi bien import\u00e9es que r\u00e9gionales !<\/p>\n\n\n\n<p>De par notre professionnalisme, nous avons su fid\u00e9liser et convaincre une client\u00e8le en constante \u00e9volution, de plus en plus h\u00e9t\u00e9rog\u00e8ne, \u00e0 la recherche de produits exotiques qui ne sont habituellement pas propos\u00e9s dans la Grande Distribution traditionnelle.<\/p>\n\n\n\n<p>Pro-Inter est une entreprise pionni\u00e8re sur le march\u00e9 de l\u2019alimentation halal en Alsace qui compte 9 points de vente dans la r\u00e9gion.<\/p>\n<\/div>\n\n\n\n<div class=\"wp-block-column is-layout-flow wp-block-column-is-layout-flow\">\n<figure class=\"wp-block-gallery has-nested-images columns-default is-cropped wp-block-gallery-2 is-layout-flex wp-block-gallery-is-layout-flex\">\n<figure class=\"wp-block-image size-large\"><a href=\"https:\/\/viande-halal.fr\/meinau\/wp-content\/uploads\/sites\/6\/2025\/08\/Pro-Inter_Accueil_Magasin_Oriental_Viande-Halal_Grand-Est_Enseigne_9.jpg\" target=\"_blank\" rel=\"noopener\"><img loading=\"lazy\" decoding=\"async\" width=\"1000\" height=\"1000\" data-id=\"11480\" src=\"https:\/\/viande-halal.fr\/meinau\/wp-content\/uploads\/sites\/6\/2025\/08\/Pro-Inter_Accueil_Magasin_Oriental_Viande-Halal_Grand-Est_Enseigne_9.jpg\" alt=\"\" class=\"wp-image-11480\" srcset=\"https:\/\/prointer.fr\/meinau\/wp-content\/uploads\/sites\/6\/2025\/08\/Pro-Inter_Accueil_Magasin_Oriental_Viande-Halal_Grand-Est_Enseigne_9.jpg 1000w, https:\/\/prointer.fr\/meinau\/wp-content\/uploads\/sites\/6\/2025\/08\/Pro-Inter_Accueil_Magasin_Oriental_Viande-Halal_Grand-Est_Enseigne_9-300x300.jpg 300w, https:\/\/prointer.fr\/meinau\/wp-content\/uploads\/sites\/6\/2025\/08\/Pro-Inter_Accueil_Magasin_Oriental_Viande-Halal_Grand-Est_Enseigne_9-150x150.jpg 150w, https:\/\/prointer.fr\/meinau\/wp-content\/uploads\/sites\/6\/2025\/08\/Pro-Inter_Accueil_Magasin_Oriental_Viande-Halal_Grand-Est_Enseigne_9-768x768.jpg 768w, https:\/\/prointer.fr\/meinau\/wp-content\/uploads\/sites\/6\/2025\/08\/Pro-Inter_Accueil_Magasin_Oriental_Viande-Halal_Grand-Est_Enseigne_9-500x500.jpg 500w, https:\/\/prointer.fr\/meinau\/wp-content\/uploads\/sites\/6\/2025\/08\/Pro-Inter_Accueil_Magasin_Oriental_Viande-Halal_Grand-Est_Enseigne_9-900x900.jpg 900w, https:\/\/prointer.fr\/meinau\/wp-content\/uploads\/sites\/6\/2025\/08\/Pro-Inter_Accueil_Magasin_Oriental_Viande-Halal_Grand-Est_Enseigne_9-100x100.jpg 100w, https:\/\/prointer.fr\/meinau\/wp-content\/uploads\/sites\/6\/2025\/08\/Pro-Inter_Accueil_Magasin_Oriental_Viande-Halal_Grand-Est_Enseigne_9-50x50.jpg 50w, https:\/\/prointer.fr\/meinau\/wp-content\/uploads\/sites\/6\/2025\/08\/Pro-Inter_Accueil_Magasin_Oriental_Viande-Halal_Grand-Est_Enseigne_9-460x460.jpg 460w\" sizes=\"(max-width: 1000px) 100vw, 1000px\" \/><\/a><\/figure>\n<\/figure>\n<\/div>\n<\/div>\n<\/div>\n<\/div>\n\n\n\n<iframe src=\"https:\/\/www.google.com\/maps\/embed?pb=!1m18!1m12!1m3!1d2642.1224683244504!2d7.467247876994738!3d48.53088467128949!2m3!1f0!2f0!3f0!3m2!1i1024!2i768!4f13.1!3m3!1m2!1s0x4796adbc4aeb6545%3A0x15bf0acd19c8b2d4!2sSupermarch%C3%A9%20Oriental%20%26%20Halal%20Pro-Inter%20Mutzig!5e0!3m2!1sfr!2sfr!4v1754480453186!5m2!1sfr!2sfr\" width=\"100%\" height=\"450\" style=\"border:0;\" allowfullscreen=\"\" loading=\"lazy\" referrerpolicy=\"no-referrer-when-downgrade\"><\/iframe>\n\n\n\n<div style=\"height:50px\" aria-hidden=\"true\" class=\"wp-block-spacer\"><\/div>\n\n\n\n<pre class=\"ti-widget\" style=\"display: none\"><template id=\"trustindex-google-widget-html\"><div class=\" ti-widget  ti-goog ti-review-text-mode-readmore ti-text-align-left\" data-no-translation=\"true\" data-time-locale=\"il y a %d %s|aujourd'hui|jour|jours|semaine|semaines|mois|mois|ann\u00e9e|ans\" data-layout-id=\"5\" data-layout-category=\"slider\" data-set-id=\"drop-shadow\" data-pid=\"\" data-language=\"fr\" data-close-locale=\"Fermer\" data-review-target-width=\"275\" data-css-version=\"2\" data-review-text-mode=\"readmore\" data-reply-by-locale=\"R\u00e9ponse du propri\u00e9taire\" data-pager-autoplay-timeout=\"6\" > <div class=\"ti-widget-container ti-col-4\"> <div class=\"ti-footer ti-footer-grid source-Google\"> <div class=\"ti-fade-container\"> <div class=\"ti-rating-text\"> <strong class=\"ti-rating ti-rating-large\"> BIEN <\/strong> <\/div> <span class=\"ti-stars star-lg\"><trustindex-image class=\"ti-star\" data-imgurl=\"https:\/\/cdn.trustindex.io\/assets\/platform\/Google\/star\/f.svg\" alt=\"Google\" width=\"17\" height=\"17\" loading=\"lazy\" ><\/trustindex-image><trustindex-image class=\"ti-star\" data-imgurl=\"https:\/\/cdn.trustindex.io\/assets\/platform\/Google\/star\/f.svg\" alt=\"Google\" width=\"17\" height=\"17\" loading=\"lazy\" ><\/trustindex-image><trustindex-image class=\"ti-star\" data-imgurl=\"https:\/\/cdn.trustindex.io\/assets\/platform\/Google\/star\/f.svg\" alt=\"Google\" width=\"17\" height=\"17\" loading=\"lazy\" ><\/trustindex-image><trustindex-image class=\"ti-star\" data-imgurl=\"https:\/\/cdn.trustindex.io\/assets\/platform\/Google\/star\/f.svg\" alt=\"Google\" width=\"17\" height=\"17\" loading=\"lazy\" ><\/trustindex-image><trustindex-image class=\"ti-star\" data-imgurl=\"https:\/\/cdn.trustindex.io\/assets\/platform\/Google\/star\/e.svg\" alt=\"Google\" width=\"17\" height=\"17\" loading=\"lazy\" ><\/trustindex-image><\/span> <div class=\"ti-rating-text\"> <span class=\"nowrap\">Bas\u00e9e sur <strong>1056 avis<\/strong><\/span> <\/div> <div class=\"ti-large-logo\"> <div class=\"ti-v-center\"> <trustindex-image class=\"ti-logo-fb\" data-imgurl=\"https:\/\/cdn.trustindex.io\/assets\/platform\/Google\/logo.svg\" width=\"150\" height=\"25\" loading=\"lazy\" alt=\"Google\" width=\"150\" height=\"25\" ><\/trustindex-image> <\/div> <\/div> <\/div> <\/div> <div class=\"ti-reviews-container\"> <div class=\"ti-controls\"> <div class=\"ti-next\" aria-label=\"Avis suivante\" role=\"button\"><\/div> <div class=\"ti-prev\" aria-label=\"Avis pr\u00e9c\u00e9dent\" role=\"button\"><\/div> <\/div> <div class=\"ti-reviews-container-wrapper\">  <div data-empty=\"0\" data-time=\"1755388800\" class=\"ti-review-item source-Google ti-image-layout-thumbnail\" data-id=\"cfcd208495d565ef66e7dff9f98764da\" > <div class=\"ti-inner\"> <div class=\"ti-review-header\"> <div class=\"ti-platform-icon ti-with-tooltip\"> <span class=\"ti-tooltip\">Publi\u00e9 sur <\/span> <trustindex-image data-imgurl=\"https:\/\/cdn.trustindex.io\/assets\/platform\/Google\/icon.svg\" alt=\"\" width=\"20\" height=\"20\" loading=\"lazy\" ><\/trustindex-image> <\/div> <div class=\"ti-profile-img\"> <trustindex-image data-imgurl=\"https:\/\/lh3.googleusercontent.com\/a\/ACg8ocL-Mzcd6BxWPKDlrw1XnyGNLoS03Ckw4KyP3qo4ERBUTHtd3Q=w40-h40-c-rp-mo-ba3-br100\" data-imgurlset=\"https:\/\/lh3.googleusercontent.com\/a\/ACg8ocL-Mzcd6BxWPKDlrw1XnyGNLoS03Ckw4KyP3qo4ERBUTHtd3Q=w80-h80-c-rp-mo-ba3-br100 2x\" alt=\"D \u201cDM\u201d M profile picture\" loading=\"lazy\" ><\/trustindex-image> <\/div> <div class=\"ti-profile-details\"> <div class=\"ti-name\"> D \u201cDM\u201d M <\/div> <div class=\"ti-date\"><\/div> <\/div> <\/div> <span class=\"ti-stars\"><trustindex-image class=\"ti-star\" data-imgurl=\"https:\/\/cdn.trustindex.io\/assets\/platform\/Google\/star\/f.svg\" alt=\"Google\" width=\"17\" height=\"17\" loading=\"lazy\" ><\/trustindex-image><trustindex-image class=\"ti-star\" data-imgurl=\"https:\/\/cdn.trustindex.io\/assets\/platform\/Google\/star\/f.svg\" alt=\"Google\" width=\"17\" height=\"17\" loading=\"lazy\" ><\/trustindex-image><trustindex-image class=\"ti-star\" data-imgurl=\"https:\/\/cdn.trustindex.io\/assets\/platform\/Google\/star\/f.svg\" alt=\"Google\" width=\"17\" height=\"17\" loading=\"lazy\" ><\/trustindex-image><trustindex-image class=\"ti-star\" data-imgurl=\"https:\/\/cdn.trustindex.io\/assets\/platform\/Google\/star\/f.svg\" alt=\"Google\" width=\"17\" height=\"17\" loading=\"lazy\" ><\/trustindex-image><trustindex-image class=\"ti-star\" data-imgurl=\"https:\/\/cdn.trustindex.io\/assets\/platform\/Google\/star\/f.svg\" alt=\"Google\" width=\"17\" height=\"17\" loading=\"lazy\" ><\/trustindex-image><span class=\"ti-verified-review ti-verified-platform\"><span class=\"ti-verified-tooltip\">Trustindex v\u00e9rifie que la source originale de l'avis est Google.<\/span><\/span><\/span> <div class=\"ti-review-text-container ti-review-content\"><!-- R-CONTENT -->Meilleurs poulet de Strasbourg et surtout beaucoup de choix d'accompagnement.<!-- R-CONTENT --><\/div> <span class=\"ti-read-more\" data-container=\".ti-review-content\" data-collapse-text=\"Cacher\" data-open-text=\"Lire la suite\" ><\/span> <\/div> <\/div>  <div data-empty=\"0\" data-time=\"1755388800\" class=\"ti-review-item source-Google ti-image-layout-thumbnail\" data-id=\"cfcd208495d565ef66e7dff9f98764da\" > <div class=\"ti-inner\"> <div class=\"ti-review-header\"> <div class=\"ti-platform-icon ti-with-tooltip\"> <span class=\"ti-tooltip\">Publi\u00e9 sur <\/span> <trustindex-image data-imgurl=\"https:\/\/cdn.trustindex.io\/assets\/platform\/Google\/icon.svg\" alt=\"\" width=\"20\" height=\"20\" loading=\"lazy\" ><\/trustindex-image> <\/div> <div class=\"ti-profile-img\"> <trustindex-image data-imgurl=\"https:\/\/lh3.googleusercontent.com\/a\/ACg8ocLhEJnAdG4iBlZvbhPAYVnypqKDahd88JbHVD2W_9Do988WJQ=w40-h40-c-rp-mo-br100\" data-imgurlset=\"https:\/\/lh3.googleusercontent.com\/a\/ACg8ocLhEJnAdG4iBlZvbhPAYVnypqKDahd88JbHVD2W_9Do988WJQ=w80-h80-c-rp-mo-br100 2x\" alt=\"Toua Yac profile picture\" loading=\"lazy\" ><\/trustindex-image> <\/div> <div class=\"ti-profile-details\"> <div class=\"ti-name\"> Toua Yac <\/div> <div class=\"ti-date\"><\/div> <\/div> <\/div> <span class=\"ti-stars\"><trustindex-image class=\"ti-star\" data-imgurl=\"https:\/\/cdn.trustindex.io\/assets\/platform\/Google\/star\/f.svg\" alt=\"Google\" width=\"17\" height=\"17\" loading=\"lazy\" ><\/trustindex-image><trustindex-image class=\"ti-star\" data-imgurl=\"https:\/\/cdn.trustindex.io\/assets\/platform\/Google\/star\/f.svg\" alt=\"Google\" width=\"17\" height=\"17\" loading=\"lazy\" ><\/trustindex-image><trustindex-image class=\"ti-star\" data-imgurl=\"https:\/\/cdn.trustindex.io\/assets\/platform\/Google\/star\/f.svg\" alt=\"Google\" width=\"17\" height=\"17\" loading=\"lazy\" ><\/trustindex-image><trustindex-image class=\"ti-star\" data-imgurl=\"https:\/\/cdn.trustindex.io\/assets\/platform\/Google\/star\/f.svg\" alt=\"Google\" width=\"17\" height=\"17\" loading=\"lazy\" ><\/trustindex-image><trustindex-image class=\"ti-star\" data-imgurl=\"https:\/\/cdn.trustindex.io\/assets\/platform\/Google\/star\/f.svg\" alt=\"Google\" width=\"17\" height=\"17\" loading=\"lazy\" ><\/trustindex-image><span class=\"ti-verified-review ti-verified-platform\"><span class=\"ti-verified-tooltip\">Trustindex v\u00e9rifie que la source originale de l'avis est Google.<\/span><\/span><\/span> <div class=\"ti-review-text-container ti-review-content\"><!-- R-CONTENT -->Tr\u00e8s bien<!-- R-CONTENT --><\/div> <span class=\"ti-read-more\" data-container=\".ti-review-content\" data-collapse-text=\"Cacher\" data-open-text=\"Lire la suite\" ><\/span> <\/div> <\/div>  <\/div> <div class=\"ti-controls-line\"> <div class=\"dot\"><\/div> <\/div>   <\/div> <\/div> <\/div> <\/template><\/pre><div data-src=\"https:\/\/cdn.trustindex.io\/loader.js?wp-widget\" data-template-id=\"trustindex-google-widget-html\" data-css-url=\"https:\/\/prointer.fr\/meinau\/wp-content\/uploads\/sites\/6\/trustindex-google-widget.css?1761600521\"><\/div>\n","protected":false},"excerpt":{"rendered":"<p>Votre supermarch\u00e9 Pro-inter \u00e0 M\u00fctzig Notre supermarch\u00e9 \u00e0 Illkirch-Graffenstaden est notre plus r\u00e9cente ouverture dans le Bas-Rhin, c\u2019\u00e9tait en f\u00e9vrier 2021 d\u00e9j\u00e0 !&nbsp; Chez Pro-Inter, vous appr\u00e9cierez un vaste rayon boucherie proposant un large choix de viandes et pr\u00e9parations bouch\u00e8res toutes certifi\u00e9es halal. Venez d\u00e9couvrir des produits exotiques dans nos diff\u00e9rents rayons allant de la [&hellip;]<\/p>\n","protected":false},"author":1,"featured_media":0,"parent":0,"menu_order":0,"comment_status":"closed","ping_status":"closed","template":"","meta":{"footnotes":""},"class_list":["post-11260","page","type-page","status-publish","hentry"],"_links":{"self":[{"href":"https:\/\/prointer.fr\/meinau\/wp-json\/wp\/v2\/pages\/11260","targetHints":{"allow":["GET"]}}],"collection":[{"href":"https:\/\/prointer.fr\/meinau\/wp-json\/wp\/v2\/pages"}],"about":[{"href":"https:\/\/prointer.fr\/meinau\/wp-json\/wp\/v2\/types\/page"}],"author":[{"embeddable":true,"href":"https:\/\/prointer.fr\/meinau\/wp-json\/wp\/v2\/users\/1"}],"replies":[{"embeddable":true,"href":"https:\/\/prointer.fr\/meinau\/wp-json\/wp\/v2\/comments?post=11260"}],"version-history":[{"count":36,"href":"https:\/\/prointer.fr\/meinau\/wp-json\/wp\/v2\/pages\/11260\/revisions"}],"predecessor-version":[{"id":11487,"href":"https:\/\/prointer.fr\/meinau\/wp-json\/wp\/v2\/pages\/11260\/revisions\/11487"}],"wp:attachment":[{"href":"https:\/\/prointer.fr\/meinau\/wp-json\/wp\/v2\/media?parent=11260"}],"curies":[{"name":"wp","href":"https:\/\/api.w.org\/{rel}","templated":true}]}}