{"id":7791,"date":"2024-01-27T09:04:01","date_gmt":"2024-01-27T09:04:01","guid":{"rendered":"https:\/\/demo2wpopal.b-cdn.net\/jamoo\/?page_id=7791"},"modified":"2025-08-14T10:50:26","modified_gmt":"2025-08-14T10:50:26","slug":"les-recettes-du-monde","status":"publish","type":"page","link":"https:\/\/prointer.fr\/meinau\/les-recettes-du-monde\/","title":{"rendered":"Les recettes du monde"},"content":{"rendered":"\t\t<div data-elementor-type=\"wp-page\" data-elementor-id=\"7791\" class=\"elementor elementor-7791\" data-elementor-post-type=\"page\">\n\t\t\t\t<div class=\"elementor-element elementor-element-8b4ca4e e-flex e-con-boxed e-con e-parent\" data-id=\"8b4ca4e\" data-element_type=\"container\">\n\t\t\t\t\t<div class=\"e-con-inner\">\n\t\t\t\t<div class=\"elementor-element elementor-element-8ac55ce e-n-tabs-mobile elementor-widget elementor-widget-n-tabs\" data-id=\"8ac55ce\" data-element_type=\"widget\" data-settings=\"{&quot;tabs_justify_horizontal&quot;:&quot;start&quot;,&quot;horizontal_scroll&quot;:&quot;disable&quot;}\" data-widget_type=\"nested-tabs.default\">\n\t\t\t\t<div class=\"elementor-widget-container\">\n\t\t\t\t\t\t\t<div class=\"e-n-tabs\" data-widget-number=\"145511886\" aria-label=\"Onglets. Ouvrez des \u00e9l\u00e9ments avec Entrer ou Espace, fermez-les avec Echape et naviguez \u00e0 l&#039;aide des touches fl\u00e9ch\u00e9es.\">\n\t\t\t<div class=\"e-n-tabs-heading\" role=\"tablist\">\n\t\t\t\t\t<button id=\"e-n-tab-title-1455118861\" class=\"e-n-tab-title\" aria-selected=\"true\" data-tab-index=\"1\" role=\"tab\" tabindex=\"0\" aria-controls=\"e-n-tab-content-1455118861\" style=\"--n-tabs-title-order: 1;\">\n\t\t\t\t\t\t<span class=\"e-n-tab-title-text\">\n\t\t\t\tToutes les recettes\t\t\t<\/span>\n\t\t<\/button>\n\t\t\t\t<button id=\"e-n-tab-title-1455118862\" class=\"e-n-tab-title\" aria-selected=\"false\" data-tab-index=\"2\" role=\"tab\" tabindex=\"-1\" aria-controls=\"e-n-tab-content-1455118862\" style=\"--n-tabs-title-order: 2;\">\n\t\t\t\t\t\t<span class=\"e-n-tab-title-text\">\n\t\t\t\tEntr\u00e9e\t\t\t<\/span>\n\t\t<\/button>\n\t\t\t\t<button id=\"e-n-tab-title-1455118863\" class=\"e-n-tab-title\" aria-selected=\"false\" data-tab-index=\"3\" role=\"tab\" tabindex=\"-1\" aria-controls=\"e-n-tab-content-1455118863\" style=\"--n-tabs-title-order: 3;\">\n\t\t\t\t\t\t<span class=\"e-n-tab-title-text\">\n\t\t\t\tPlat\t\t\t<\/span>\n\t\t<\/button>\n\t\t\t\t<button id=\"e-n-tab-title-1455118864\" class=\"e-n-tab-title\" aria-selected=\"false\" data-tab-index=\"4\" role=\"tab\" tabindex=\"-1\" aria-controls=\"e-n-tab-content-1455118864\" style=\"--n-tabs-title-order: 4;\">\n\t\t\t\t\t\t<span class=\"e-n-tab-title-text\">\n\t\t\t\tDessert\t\t\t<\/span>\n\t\t<\/button>\n\t\t\t\t<button id=\"e-n-tab-title-1455118865\" class=\"e-n-tab-title\" aria-selected=\"false\" data-tab-index=\"5\" role=\"tab\" tabindex=\"-1\" aria-controls=\"e-n-tab-content-1455118865\" style=\"--n-tabs-title-order: 5;\">\n\t\t\t\t\t\t<span class=\"e-n-tab-title-text\">\n\t\t\t\tBoisson\t\t\t<\/span>\n\t\t<\/button>\n\t\t\t\t<button id=\"e-n-tab-title-1455118866\" class=\"e-n-tab-title\" aria-selected=\"false\" data-tab-index=\"6\" role=\"tab\" tabindex=\"-1\" aria-controls=\"e-n-tab-content-1455118866\" style=\"--n-tabs-title-order: 6;\">\n\t\t\t\t\t\t<span class=\"e-n-tab-title-text\">\n\t\t\t\tMenu\t\t\t<\/span>\n\t\t<\/button>\n\t\t\t\t<button id=\"e-n-tab-title-1455118867\" class=\"e-n-tab-title\" aria-selected=\"false\" data-tab-index=\"7\" role=\"tab\" tabindex=\"-1\" aria-controls=\"e-n-tab-content-1455118867\" style=\"--n-tabs-title-order: 7;\">\n\t\t\t\t\t\t<span class=\"e-n-tab-title-text\">\n\t\t\t\tAp\u00e9ro\t\t\t<\/span>\n\t\t<\/button>\n\t\t\t\t\t<\/div>\n\t\t\t<div class=\"e-n-tabs-content\">\n\t\t\t\t<div id=\"e-n-tab-content-1455118861\" role=\"tabpanel\" aria-labelledby=\"e-n-tab-title-1455118861\" data-tab-index=\"1\" style=\"--n-tabs-title-order: 1;\" class=\"e-active elementor-element elementor-element-9375ed2 e-con-full e-flex e-con e-child\" data-id=\"9375ed2\" data-element_type=\"container\">\n\t\t\t\t<div class=\"elementor-element elementor-element-f3fa65b elementor-grid-3 elementor-grid-tablet-2 elementor-grid-mobile-1 elementor-posts--thumbnail-top elementor-widget elementor-widget-posts\" data-id=\"f3fa65b\" data-element_type=\"widget\" data-settings=\"{&quot;classic_columns&quot;:&quot;3&quot;,&quot;classic_columns_tablet&quot;:&quot;2&quot;,&quot;classic_columns_mobile&quot;:&quot;1&quot;,&quot;classic_row_gap&quot;:{&quot;unit&quot;:&quot;px&quot;,&quot;size&quot;:35,&quot;sizes&quot;:[]},&quot;classic_row_gap_laptop&quot;:{&quot;unit&quot;:&quot;px&quot;,&quot;size&quot;:&quot;&quot;,&quot;sizes&quot;:[]},&quot;classic_row_gap_tablet_extra&quot;:{&quot;unit&quot;:&quot;px&quot;,&quot;size&quot;:&quot;&quot;,&quot;sizes&quot;:[]},&quot;classic_row_gap_tablet&quot;:{&quot;unit&quot;:&quot;px&quot;,&quot;size&quot;:&quot;&quot;,&quot;sizes&quot;:[]},&quot;classic_row_gap_mobile_extra&quot;:{&quot;unit&quot;:&quot;px&quot;,&quot;size&quot;:&quot;&quot;,&quot;sizes&quot;:[]},&quot;classic_row_gap_mobile&quot;:{&quot;unit&quot;:&quot;px&quot;,&quot;size&quot;:&quot;&quot;,&quot;sizes&quot;:[]}}\" data-widget_type=\"posts.classic\">\n\t\t\t\t<div class=\"elementor-widget-container\">\n\t\t\t\t\t\t\t<div class=\"elementor-posts-container elementor-posts elementor-posts--skin-classic elementor-grid\" role=\"list\">\n\t\t\t\t<article class=\"elementor-post elementor-grid-item post-73593 post type-post status-publish format-standard has-post-thumbnail hentry category-les-recettes-du-monde category-menu category-plat tag-lentilles tag-menu tag-pois-chiches tag-recette tag-viande\" role=\"listitem\">\n\t\t\t\t<a class=\"elementor-post__thumbnail__link\" href=\"https:\/\/prointer.fr\/meinau\/blog\/zaalouk-caviar-daubergines-marocain\/\" tabindex=\"-1\" >\n\t\t\t<div class=\"elementor-post__thumbnail\"><img fetchpriority=\"high\" decoding=\"async\" width=\"288\" height=\"300\" src=\"https:\/\/prointer.fr\/meinau\/wp-content\/uploads\/sites\/6\/2026\/02\/Zaalouk-bis-Grande-288x300.jpeg\" class=\"attachment-medium size-medium wp-image-73599\" alt=\"\" srcset=\"https:\/\/prointer.fr\/meinau\/wp-content\/uploads\/sites\/6\/2026\/02\/Zaalouk-bis-Grande-288x300.jpeg 288w, https:\/\/prointer.fr\/meinau\/wp-content\/uploads\/sites\/6\/2026\/02\/Zaalouk-bis-Grande-500x521.jpeg 500w, https:\/\/prointer.fr\/meinau\/wp-content\/uploads\/sites\/6\/2026\/02\/Zaalouk-bis-Grande.jpeg 632w\" sizes=\"(max-width: 288px) 100vw, 288px\" \/><\/div>\n\t\t<\/a>\n\t\t\t\t<div class=\"elementor-post__text\">\n\t\t\t\t<h3 class=\"elementor-post__title\">\n\t\t\t<a href=\"https:\/\/prointer.fr\/meinau\/blog\/zaalouk-caviar-daubergines-marocain\/\" >\n\t\t\t\tZaalouk (Caviar d\u2019aubergines marocain)\t\t\t<\/a>\n\t\t<\/h3>\n\t\t\t\t<div class=\"elementor-post__excerpt\">\n\t\t\t<p>D\u00e9couvrez le Zaalouk, cette salade d\u2019aubergines cuisin\u00e9e avec soin, relev\u00e9e d\u2019ail, d\u2019\u00e9pices et d\u2019une touche d\u2019huile d\u2019olive. Fondant, parfum\u00e9 et plein de caract\u00e8re, il se d\u00e9guste aussi bien en entr\u00e9e<\/p>\n\t\t<\/div>\n\t\t\n\t\t<a class=\"elementor-post__read-more\" href=\"https:\/\/prointer.fr\/meinau\/blog\/zaalouk-caviar-daubergines-marocain\/\" aria-label=\"En savoir plus sur Zaalouk (Caviar d\u2019aubergines marocain)\" tabindex=\"-1\" >\n\t\t\tLire la recette...\t\t<\/a>\n\n\t\t\t\t<\/div>\n\t\t\t\t<\/article>\n\t\t\t\t<article class=\"elementor-post elementor-grid-item post-73587 post type-post status-publish format-standard has-post-thumbnail hentry category-les-recettes-du-monde category-menu category-plat tag-lentilles tag-menu tag-pois-chiches tag-recette tag-viande\" role=\"listitem\">\n\t\t\t\t<a class=\"elementor-post__thumbnail__link\" href=\"https:\/\/prointer.fr\/meinau\/blog\/basboussa-gateau-a-la-semoule-2\/\" tabindex=\"-1\" >\n\t\t\t<div class=\"elementor-post__thumbnail\"><img decoding=\"async\" width=\"300\" height=\"200\" src=\"https:\/\/prointer.fr\/meinau\/wp-content\/uploads\/sites\/6\/2026\/02\/homemade-turkish-dessert-semolina-cake-Moyenne-300x200.jpeg\" class=\"attachment-medium size-medium wp-image-73588\" alt=\"\" srcset=\"https:\/\/prointer.fr\/meinau\/wp-content\/uploads\/sites\/6\/2026\/02\/homemade-turkish-dessert-semolina-cake-Moyenne-300x200.jpeg 300w, https:\/\/prointer.fr\/meinau\/wp-content\/uploads\/sites\/6\/2026\/02\/homemade-turkish-dessert-semolina-cake-Moyenne-500x334.jpeg 500w, https:\/\/prointer.fr\/meinau\/wp-content\/uploads\/sites\/6\/2026\/02\/homemade-turkish-dessert-semolina-cake-Moyenne.jpeg 640w\" sizes=\"(max-width: 300px) 100vw, 300px\" \/><\/div>\n\t\t<\/a>\n\t\t\t\t<div class=\"elementor-post__text\">\n\t\t\t\t<h3 class=\"elementor-post__title\">\n\t\t\t<a href=\"https:\/\/prointer.fr\/meinau\/blog\/basboussa-gateau-a-la-semoule-2\/\" >\n\t\t\t\tBasboussa (G\u00e2teau \u00e0 la semoule)\t\t\t<\/a>\n\t\t<\/h3>\n\t\t\t\t<div class=\"elementor-post__excerpt\">\n\t\t\t<p>D\u00e9couvrez la Basboussa, ce g\u00e2teau traditionnel \u00e0 la semoule d\u00e9licatement imbib\u00e9 de sirop parfum\u00e9. Moelleuse, fondante et subtilement sucr\u00e9e, elle s\u00e9duit d\u00e8s la premi\u00e8re bouch\u00e9e. Parfaite pour accompagner un th\u00e9<\/p>\n\t\t<\/div>\n\t\t\n\t\t<a class=\"elementor-post__read-more\" href=\"https:\/\/prointer.fr\/meinau\/blog\/basboussa-gateau-a-la-semoule-2\/\" aria-label=\"En savoir plus sur Basboussa (G\u00e2teau \u00e0 la semoule)\" tabindex=\"-1\" >\n\t\t\tLire la recette...\t\t<\/a>\n\n\t\t\t\t<\/div>\n\t\t\t\t<\/article>\n\t\t\t\t<article class=\"elementor-post elementor-grid-item post-73581 post type-post status-publish format-standard has-post-thumbnail hentry category-les-recettes-du-monde category-menu category-plat tag-lentilles tag-menu tag-pois-chiches tag-recette tag-viande\" role=\"listitem\">\n\t\t\t\t<a class=\"elementor-post__thumbnail__link\" href=\"https:\/\/prointer.fr\/meinau\/blog\/sarma-feuilles-de-vigne-farcies-duplicate\/\" tabindex=\"-1\" >\n\t\t\t<div class=\"elementor-post__thumbnail\"><img decoding=\"async\" width=\"300\" height=\"264\" src=\"https:\/\/prointer.fr\/meinau\/wp-content\/uploads\/sites\/6\/2026\/02\/Chorba-Grande-300x264.jpeg\" class=\"attachment-medium size-medium wp-image-73586\" alt=\"\" srcset=\"https:\/\/prointer.fr\/meinau\/wp-content\/uploads\/sites\/6\/2026\/02\/Chorba-Grande-300x264.jpeg 300w, https:\/\/prointer.fr\/meinau\/wp-content\/uploads\/sites\/6\/2026\/02\/Chorba-Grande-1024x902.jpeg 1024w, https:\/\/prointer.fr\/meinau\/wp-content\/uploads\/sites\/6\/2026\/02\/Chorba-Grande-768x677.jpeg 768w, https:\/\/prointer.fr\/meinau\/wp-content\/uploads\/sites\/6\/2026\/02\/Chorba-Grande-500x441.jpeg 500w, https:\/\/prointer.fr\/meinau\/wp-content\/uploads\/sites\/6\/2026\/02\/Chorba-Grande-900x793.jpeg 900w, https:\/\/prointer.fr\/meinau\/wp-content\/uploads\/sites\/6\/2026\/02\/Chorba-Grande.jpeg 1280w\" sizes=\"(max-width: 300px) 100vw, 300px\" \/><\/div>\n\t\t<\/a>\n\t\t\t\t<div class=\"elementor-post__text\">\n\t\t\t\t<h3 class=\"elementor-post__title\">\n\t\t\t<a href=\"https:\/\/prointer.fr\/meinau\/blog\/sarma-feuilles-de-vigne-farcies-duplicate\/\" >\n\t\t\t\tChorba\t\t\t<\/a>\n\t\t<\/h3>\n\t\t\t\t<div class=\"elementor-post__excerpt\">\n\t\t\t<p>Savourez notre Chorba, une soupe g\u00e9n\u00e9reuse et parfum\u00e9e, pr\u00e9par\u00e9e avec des ingr\u00e9dients soigneusement s\u00e9lectionn\u00e9s. Riche en saveurs, relev\u00e9e juste comme il faut, elle allie douceur et caract\u00e8re pour un r\u00e9sultat<\/p>\n\t\t<\/div>\n\t\t\n\t\t<a class=\"elementor-post__read-more\" href=\"https:\/\/prointer.fr\/meinau\/blog\/sarma-feuilles-de-vigne-farcies-duplicate\/\" aria-label=\"En savoir plus sur Chorba\" tabindex=\"-1\" >\n\t\t\tLire la recette...\t\t<\/a>\n\n\t\t\t\t<\/div>\n\t\t\t\t<\/article>\n\t\t\t\t<article class=\"elementor-post elementor-grid-item post-73575 post type-post status-publish format-standard has-post-thumbnail hentry category-les-recettes-du-monde category-menu category-plat tag-lentilles tag-menu tag-pois-chiches tag-recette tag-viande\" role=\"listitem\">\n\t\t\t\t<a class=\"elementor-post__thumbnail__link\" href=\"https:\/\/prointer.fr\/meinau\/blog\/sarma-feuilles-de-vigne-farcies\/\" tabindex=\"-1\" >\n\t\t\t<div class=\"elementor-post__thumbnail\"><img loading=\"lazy\" decoding=\"async\" width=\"200\" height=\"300\" src=\"https:\/\/prointer.fr\/meinau\/wp-content\/uploads\/sites\/6\/2026\/02\/front-view-tasty-leaf-dolma-with-tomatoes-dark-background-calorie-oil-dinner-food-meal-salad-dish-meat-restaurant-Moyenne-200x300.jpeg\" class=\"attachment-medium size-medium wp-image-73576\" alt=\"\" srcset=\"https:\/\/prointer.fr\/meinau\/wp-content\/uploads\/sites\/6\/2026\/02\/front-view-tasty-leaf-dolma-with-tomatoes-dark-background-calorie-oil-dinner-food-meal-salad-dish-meat-restaurant-Moyenne-200x300.jpeg 200w, https:\/\/prointer.fr\/meinau\/wp-content\/uploads\/sites\/6\/2026\/02\/front-view-tasty-leaf-dolma-with-tomatoes-dark-background-calorie-oil-dinner-food-meal-salad-dish-meat-restaurant-Moyenne.jpeg 427w\" sizes=\"(max-width: 200px) 100vw, 200px\" \/><\/div>\n\t\t<\/a>\n\t\t\t\t<div class=\"elementor-post__text\">\n\t\t\t\t<h3 class=\"elementor-post__title\">\n\t\t\t<a href=\"https:\/\/prointer.fr\/meinau\/blog\/sarma-feuilles-de-vigne-farcies\/\" >\n\t\t\t\tSarma (Feuilles de vigne farcies)\t\t\t<\/a>\n\t\t<\/h3>\n\t\t\t\t<div class=\"elementor-post__excerpt\">\n\t\t\t<p>D\u00e9couvrez nos Sarma, de d\u00e9licates feuilles de vigne farcies et roul\u00e9es avec soin. Une garniture savoureuse, subtilement assaisonn\u00e9e, envelopp\u00e9e dans une feuille tendre pour un \u00e9quilibre parfait entre fra\u00eecheur et<\/p>\n\t\t<\/div>\n\t\t\n\t\t<a class=\"elementor-post__read-more\" href=\"https:\/\/prointer.fr\/meinau\/blog\/sarma-feuilles-de-vigne-farcies\/\" aria-label=\"En savoir plus sur Sarma (Feuilles de vigne farcies)\" tabindex=\"-1\" >\n\t\t\tLire la recette...\t\t<\/a>\n\n\t\t\t\t<\/div>\n\t\t\t\t<\/article>\n\t\t\t\t<article class=\"elementor-post elementor-grid-item post-73568 post type-post status-publish format-standard has-post-thumbnail hentry category-les-recettes-du-monde category-menu category-plat tag-lentilles tag-menu tag-pois-chiches tag-recette tag-viande\" role=\"listitem\">\n\t\t\t\t<a class=\"elementor-post__thumbnail__link\" href=\"https:\/\/prointer.fr\/meinau\/blog\/borek-feuilletes-turcs-au-fromage-duplicate\/\" tabindex=\"-1\" >\n\t\t\t<div class=\"elementor-post__thumbnail\"><img loading=\"lazy\" decoding=\"async\" width=\"300\" height=\"276\" src=\"https:\/\/prointer.fr\/meinau\/wp-content\/uploads\/sites\/6\/2026\/02\/Gozleme-fromage--300x276.jpeg\" class=\"attachment-medium size-medium wp-image-73573\" alt=\"\" srcset=\"https:\/\/prointer.fr\/meinau\/wp-content\/uploads\/sites\/6\/2026\/02\/Gozleme-fromage--300x276.jpeg 300w, https:\/\/prointer.fr\/meinau\/wp-content\/uploads\/sites\/6\/2026\/02\/Gozleme-fromage--768x706.jpeg 768w, https:\/\/prointer.fr\/meinau\/wp-content\/uploads\/sites\/6\/2026\/02\/Gozleme-fromage--500x460.jpeg 500w, https:\/\/prointer.fr\/meinau\/wp-content\/uploads\/sites\/6\/2026\/02\/Gozleme-fromage--900x828.jpeg 900w, https:\/\/prointer.fr\/meinau\/wp-content\/uploads\/sites\/6\/2026\/02\/Gozleme-fromage-.jpeg 944w\" sizes=\"(max-width: 300px) 100vw, 300px\" \/><\/div>\n\t\t<\/a>\n\t\t\t\t<div class=\"elementor-post__text\">\n\t\t\t\t<h3 class=\"elementor-post__title\">\n\t\t\t<a href=\"https:\/\/prointer.fr\/meinau\/blog\/borek-feuilletes-turcs-au-fromage-duplicate\/\" >\n\t\t\t\tG\u00f6zleme au fromage et persil (Cr\u00eape sal\u00e9e)\t\t\t<\/a>\n\t\t<\/h3>\n\t\t\t\t<div class=\"elementor-post__excerpt\">\n\t\t\t<p>D\u00e9couvrez nos G\u00f6zleme au fromage et persil, ces cr\u00eapes sal\u00e9es turques qui font fondre les papilles. Une p\u00e2te fine et l\u00e9g\u00e8re enveloppe une farce g\u00e9n\u00e9reuse de fromage fondant et de<\/p>\n\t\t<\/div>\n\t\t\n\t\t<a class=\"elementor-post__read-more\" href=\"https:\/\/prointer.fr\/meinau\/blog\/borek-feuilletes-turcs-au-fromage-duplicate\/\" aria-label=\"En savoir plus sur G\u00f6zleme au fromage et persil (Cr\u00eape sal\u00e9e)\" tabindex=\"-1\" >\n\t\t\tLire la recette...\t\t<\/a>\n\n\t\t\t\t<\/div>\n\t\t\t\t<\/article>\n\t\t\t\t<article class=\"elementor-post elementor-grid-item post-73560 post type-post status-publish format-standard has-post-thumbnail hentry category-les-recettes-du-monde category-menu category-plat tag-lentilles tag-menu tag-pois-chiches tag-recette tag-viande\" role=\"listitem\">\n\t\t\t\t<a class=\"elementor-post__thumbnail__link\" href=\"https:\/\/prointer.fr\/meinau\/blog\/burek-feuillete-sale\/\" tabindex=\"-1\" >\n\t\t\t<div class=\"elementor-post__thumbnail\"><img loading=\"lazy\" decoding=\"async\" width=\"300\" height=\"300\" src=\"https:\/\/prointer.fr\/meinau\/wp-content\/uploads\/sites\/6\/2026\/02\/Borek-fromage-300x300.jpeg\" class=\"attachment-medium size-medium wp-image-73565\" alt=\"\" srcset=\"https:\/\/prointer.fr\/meinau\/wp-content\/uploads\/sites\/6\/2026\/02\/Borek-fromage-300x300.jpeg 300w, https:\/\/prointer.fr\/meinau\/wp-content\/uploads\/sites\/6\/2026\/02\/Borek-fromage-150x150.jpeg 150w, https:\/\/prointer.fr\/meinau\/wp-content\/uploads\/sites\/6\/2026\/02\/Borek-fromage-768x768.jpeg 768w, https:\/\/prointer.fr\/meinau\/wp-content\/uploads\/sites\/6\/2026\/02\/Borek-fromage-500x500.jpeg 500w, https:\/\/prointer.fr\/meinau\/wp-content\/uploads\/sites\/6\/2026\/02\/Borek-fromage-900x900.jpeg 900w, https:\/\/prointer.fr\/meinau\/wp-content\/uploads\/sites\/6\/2026\/02\/Borek-fromage-100x100.jpeg 100w, https:\/\/prointer.fr\/meinau\/wp-content\/uploads\/sites\/6\/2026\/02\/Borek-fromage-50x50.jpeg 50w, https:\/\/prointer.fr\/meinau\/wp-content\/uploads\/sites\/6\/2026\/02\/Borek-fromage-460x460.jpeg 460w, https:\/\/prointer.fr\/meinau\/wp-content\/uploads\/sites\/6\/2026\/02\/Borek-fromage.jpeg 1024w\" sizes=\"(max-width: 300px) 100vw, 300px\" \/><\/div>\n\t\t<\/a>\n\t\t\t\t<div class=\"elementor-post__text\">\n\t\t\t\t<h3 class=\"elementor-post__title\">\n\t\t\t<a href=\"https:\/\/prointer.fr\/meinau\/blog\/burek-feuillete-sale\/\" >\n\t\t\t\tB\u00f6rek (Feuillet\u00e9s turcs au fromage)\t\t\t<\/a>\n\t\t<\/h3>\n\t\t\t\t<div class=\"elementor-post__excerpt\">\n\t\t\t<p>Ces feuillet\u00e9s turcs sont de v\u00e9ritables petites merveilles croustillantes. Chaque bouch\u00e9e d\u00e9voile une p\u00e2te dor\u00e9e et l\u00e9g\u00e8re qui renferme une farce g\u00e9n\u00e9reuse et fondante au fromage, subtilement assaisonn\u00e9e. Que ce<\/p>\n\t\t<\/div>\n\t\t\n\t\t<a class=\"elementor-post__read-more\" href=\"https:\/\/prointer.fr\/meinau\/blog\/burek-feuillete-sale\/\" aria-label=\"En savoir plus sur B\u00f6rek (Feuillet\u00e9s turcs au fromage)\" tabindex=\"-1\" >\n\t\t\tLire la recette...\t\t<\/a>\n\n\t\t\t\t<\/div>\n\t\t\t\t<\/article>\n\t\t\t\t<article class=\"elementor-post elementor-grid-item post-73554 post type-post status-publish format-standard has-post-thumbnail hentry category-les-recettes-du-monde category-menu category-plat tag-lentilles tag-menu tag-pois-chiches tag-recette tag-viande\" role=\"listitem\">\n\t\t\t\t<a class=\"elementor-post__thumbnail__link\" href=\"https:\/\/prointer.fr\/meinau\/blog\/brick-a-la-viande-hachee\/\" tabindex=\"-1\" >\n\t\t\t<div class=\"elementor-post__thumbnail\"><img loading=\"lazy\" decoding=\"async\" width=\"200\" height=\"300\" src=\"https:\/\/prointer.fr\/meinau\/wp-content\/uploads\/sites\/6\/2026\/02\/Brick-a-la-viande-hache-200x300.jpeg\" class=\"attachment-medium size-medium wp-image-73558\" alt=\"\" srcset=\"https:\/\/prointer.fr\/meinau\/wp-content\/uploads\/sites\/6\/2026\/02\/Brick-a-la-viande-hache-200x300.jpeg 200w, https:\/\/prointer.fr\/meinau\/wp-content\/uploads\/sites\/6\/2026\/02\/Brick-a-la-viande-hache-683x1024.jpeg 683w, https:\/\/prointer.fr\/meinau\/wp-content\/uploads\/sites\/6\/2026\/02\/Brick-a-la-viande-hache-768x1152.jpeg 768w, https:\/\/prointer.fr\/meinau\/wp-content\/uploads\/sites\/6\/2026\/02\/Brick-a-la-viande-hache-500x750.jpeg 500w, https:\/\/prointer.fr\/meinau\/wp-content\/uploads\/sites\/6\/2026\/02\/Brick-a-la-viande-hache-900x1350.jpeg 900w, https:\/\/prointer.fr\/meinau\/wp-content\/uploads\/sites\/6\/2026\/02\/Brick-a-la-viande-hache.jpeg 1024w\" sizes=\"(max-width: 200px) 100vw, 200px\" \/><\/div>\n\t\t<\/a>\n\t\t\t\t<div class=\"elementor-post__text\">\n\t\t\t\t<h3 class=\"elementor-post__title\">\n\t\t\t<a href=\"https:\/\/prointer.fr\/meinau\/blog\/brick-a-la-viande-hachee\/\" >\n\t\t\t\tBrick \u00e0 la viande hach\u00e9e\t\t\t<\/a>\n\t\t<\/h3>\n\t\t\t\t<div class=\"elementor-post__excerpt\">\n\t\t\t<p>Difficile de r\u00e9sister \u00e0 de bonnes bricks \u00e0 la viande hach\u00e9e ! Avec leur farce g\u00e9n\u00e9reuse et bien assaisonn\u00e9e, envelopp\u00e9e dans une feuille fine et croustillante, elles sont dor\u00e9es \u00e0<\/p>\n\t\t<\/div>\n\t\t\n\t\t<a class=\"elementor-post__read-more\" href=\"https:\/\/prointer.fr\/meinau\/blog\/brick-a-la-viande-hachee\/\" aria-label=\"En savoir plus sur Brick \u00e0 la viande hach\u00e9e\" tabindex=\"-1\" >\n\t\t\tLire la recette...\t\t<\/a>\n\n\t\t\t\t<\/div>\n\t\t\t\t<\/article>\n\t\t\t\t<article class=\"elementor-post elementor-grid-item post-46642 post type-post status-publish format-standard has-post-thumbnail hentry category-les-recettes-du-monde category-menu category-plat tag-lentilles tag-menu tag-pois-chiches tag-recette tag-viande\" role=\"listitem\">\n\t\t\t\t<a class=\"elementor-post__thumbnail__link\" href=\"https:\/\/prointer.fr\/meinau\/blog\/ratatouille-duplicate\/\" tabindex=\"-1\" >\n\t\t\t<div class=\"elementor-post__thumbnail\"><img loading=\"lazy\" decoding=\"async\" width=\"300\" height=\"166\" src=\"https:\/\/prointer.fr\/meinau\/wp-content\/uploads\/sites\/6\/2025\/10\/Lasagne-ua-boeuf-300x166.jpeg\" class=\"attachment-medium size-medium wp-image-73567\" alt=\"Lasagne au boeuf\" srcset=\"https:\/\/prointer.fr\/meinau\/wp-content\/uploads\/sites\/6\/2025\/10\/Lasagne-ua-boeuf-300x166.jpeg 300w, https:\/\/prointer.fr\/meinau\/wp-content\/uploads\/sites\/6\/2025\/10\/Lasagne-ua-boeuf-1024x568.jpeg 1024w, https:\/\/prointer.fr\/meinau\/wp-content\/uploads\/sites\/6\/2025\/10\/Lasagne-ua-boeuf-768x426.jpeg 768w, https:\/\/prointer.fr\/meinau\/wp-content\/uploads\/sites\/6\/2025\/10\/Lasagne-ua-boeuf-1536x852.jpeg 1536w, https:\/\/prointer.fr\/meinau\/wp-content\/uploads\/sites\/6\/2025\/10\/Lasagne-ua-boeuf-500x277.jpeg 500w, https:\/\/prointer.fr\/meinau\/wp-content\/uploads\/sites\/6\/2025\/10\/Lasagne-ua-boeuf-900x499.jpeg 900w, https:\/\/prointer.fr\/meinau\/wp-content\/uploads\/sites\/6\/2025\/10\/Lasagne-ua-boeuf.jpeg 1738w\" sizes=\"(max-width: 300px) 100vw, 300px\" \/><\/div>\n\t\t<\/a>\n\t\t\t\t<div class=\"elementor-post__text\">\n\t\t\t\t<h3 class=\"elementor-post__title\">\n\t\t\t<a href=\"https:\/\/prointer.fr\/meinau\/blog\/ratatouille-duplicate\/\" >\n\t\t\t\tLasagnes boeuf\t\t\t<\/a>\n\t\t<\/h3>\n\t\t\t\t<div class=\"elementor-post__excerpt\">\n\t\t\t<p>Impossible de r\u00e9sister \u00e0 une bonne lasagne maison !\u00a0 Avec ses couches fondantes de p\u00e2tes, sa sauce bolognaise g\u00e9n\u00e9reuse, sa b\u00e9chamel onctueuse et son fromage gratin\u00e9, la lasagne de b\u0153uf<\/p>\n\t\t<\/div>\n\t\t\n\t\t<a class=\"elementor-post__read-more\" href=\"https:\/\/prointer.fr\/meinau\/blog\/ratatouille-duplicate\/\" aria-label=\"En savoir plus sur Lasagnes boeuf\" tabindex=\"-1\" >\n\t\t\tLire la recette...\t\t<\/a>\n\n\t\t\t\t<\/div>\n\t\t\t\t<\/article>\n\t\t\t\t<article class=\"elementor-post elementor-grid-item post-46468 post type-post status-publish format-standard has-post-thumbnail hentry category-les-recettes-du-monde category-menu category-plat tag-lentilles tag-menu tag-pois-chiches tag-recette tag-viande\" role=\"listitem\">\n\t\t\t\t<a class=\"elementor-post__thumbnail__link\" href=\"https:\/\/prointer.fr\/meinau\/blog\/ratatouille\/\" tabindex=\"-1\" >\n\t\t\t<div class=\"elementor-post__thumbnail\"><img loading=\"lazy\" decoding=\"async\" width=\"300\" height=\"199\" src=\"https:\/\/prointer.fr\/meinau\/wp-content\/uploads\/sites\/6\/2025\/10\/ratatouille-de-legumes-dans-une-poele-sur-une-table-en-bois-300x199.jpg\" class=\"attachment-medium size-medium wp-image-46637\" alt=\"\" srcset=\"https:\/\/prointer.fr\/meinau\/wp-content\/uploads\/sites\/6\/2025\/10\/ratatouille-de-legumes-dans-une-poele-sur-une-table-en-bois-300x199.jpg 300w, https:\/\/prointer.fr\/meinau\/wp-content\/uploads\/sites\/6\/2025\/10\/ratatouille-de-legumes-dans-une-poele-sur-une-table-en-bois-1024x680.jpg 1024w, https:\/\/prointer.fr\/meinau\/wp-content\/uploads\/sites\/6\/2025\/10\/ratatouille-de-legumes-dans-une-poele-sur-une-table-en-bois-768x510.jpg 768w, https:\/\/prointer.fr\/meinau\/wp-content\/uploads\/sites\/6\/2025\/10\/ratatouille-de-legumes-dans-une-poele-sur-une-table-en-bois-1536x1020.jpg 1536w, https:\/\/prointer.fr\/meinau\/wp-content\/uploads\/sites\/6\/2025\/10\/ratatouille-de-legumes-dans-une-poele-sur-une-table-en-bois-2048x1360.jpg 2048w, https:\/\/prointer.fr\/meinau\/wp-content\/uploads\/sites\/6\/2025\/10\/ratatouille-de-legumes-dans-une-poele-sur-une-table-en-bois-500x332.jpg 500w, https:\/\/prointer.fr\/meinau\/wp-content\/uploads\/sites\/6\/2025\/10\/ratatouille-de-legumes-dans-une-poele-sur-une-table-en-bois-900x598.jpg 900w\" sizes=\"(max-width: 300px) 100vw, 300px\" \/><\/div>\n\t\t<\/a>\n\t\t\t\t<div class=\"elementor-post__text\">\n\t\t\t\t<h3 class=\"elementor-post__title\">\n\t\t\t<a href=\"https:\/\/prointer.fr\/meinau\/blog\/ratatouille\/\" >\n\t\t\t\tRatatouille\t\t\t<\/a>\n\t\t<\/h3>\n\t\t\t\t<div class=\"elementor-post__excerpt\">\n\t\t\t<p>Direction le sud de la France avec un grand classique plein de couleurs et de saveurs : la Ratatouille ! Ce d\u00e9licieux m\u00e9lange de l\u00e9gumes mijot\u00e9s \u2014 tomates, aubergines, courgettes,<\/p>\n\t\t<\/div>\n\t\t\n\t\t<a class=\"elementor-post__read-more\" href=\"https:\/\/prointer.fr\/meinau\/blog\/ratatouille\/\" aria-label=\"En savoir plus sur Ratatouille\" tabindex=\"-1\" >\n\t\t\tLire la recette...\t\t<\/a>\n\n\t\t\t\t<\/div>\n\t\t\t\t<\/article>\n\t\t\t\t<article class=\"elementor-post elementor-grid-item post-46162 post type-post status-publish format-standard has-post-thumbnail hentry category-les-recettes-du-monde category-menu category-plat tag-lentilles tag-menu tag-pois-chiches tag-recette tag-viande\" role=\"listitem\">\n\t\t\t\t<a class=\"elementor-post__thumbnail__link\" href=\"https:\/\/prointer.fr\/meinau\/blog\/moussaka-gratin-daubergines-a-la-viande\/\" tabindex=\"-1\" >\n\t\t\t<div class=\"elementor-post__thumbnail\"><img loading=\"lazy\" decoding=\"async\" width=\"300\" height=\"190\" src=\"https:\/\/prointer.fr\/meinau\/wp-content\/uploads\/sites\/6\/2025\/10\/Capture-decran-2025-10-15-a-15.07.58-300x190.png\" class=\"attachment-medium size-medium wp-image-46465\" alt=\"\" srcset=\"https:\/\/prointer.fr\/meinau\/wp-content\/uploads\/sites\/6\/2025\/10\/Capture-decran-2025-10-15-a-15.07.58-300x190.png 300w, https:\/\/prointer.fr\/meinau\/wp-content\/uploads\/sites\/6\/2025\/10\/Capture-decran-2025-10-15-a-15.07.58-1024x649.png 1024w, https:\/\/prointer.fr\/meinau\/wp-content\/uploads\/sites\/6\/2025\/10\/Capture-decran-2025-10-15-a-15.07.58-768x487.png 768w, https:\/\/prointer.fr\/meinau\/wp-content\/uploads\/sites\/6\/2025\/10\/Capture-decran-2025-10-15-a-15.07.58-1536x974.png 1536w, https:\/\/prointer.fr\/meinau\/wp-content\/uploads\/sites\/6\/2025\/10\/Capture-decran-2025-10-15-a-15.07.58-500x317.png 500w, https:\/\/prointer.fr\/meinau\/wp-content\/uploads\/sites\/6\/2025\/10\/Capture-decran-2025-10-15-a-15.07.58-900x571.png 900w, https:\/\/prointer.fr\/meinau\/wp-content\/uploads\/sites\/6\/2025\/10\/Capture-decran-2025-10-15-a-15.07.58.png 1908w\" sizes=\"(max-width: 300px) 100vw, 300px\" \/><\/div>\n\t\t<\/a>\n\t\t\t\t<div class=\"elementor-post__text\">\n\t\t\t\t<h3 class=\"elementor-post__title\">\n\t\t\t<a href=\"https:\/\/prointer.fr\/meinau\/blog\/moussaka-gratin-daubergines-a-la-viande\/\" >\n\t\t\t\tMoussaka (Gratin d\u2019aubergines \u00e0 la viande)\t\t\t<\/a>\n\t\t<\/h3>\n\t\t\t\t<div class=\"elementor-post__excerpt\">\n\t\t\t<p>Cap sur la M\u00e9diterran\u00e9e avec un grand classique : la Moussaka ! Un d\u00e9licieux gratin d\u2019aubergines \u00e0 la viande hach\u00e9e, napp\u00e9 d\u2019une onctueuse sauce b\u00e9chamel et gratin\u00e9 au four pour<\/p>\n\t\t<\/div>\n\t\t\n\t\t<a class=\"elementor-post__read-more\" href=\"https:\/\/prointer.fr\/meinau\/blog\/moussaka-gratin-daubergines-a-la-viande\/\" aria-label=\"En savoir plus sur Moussaka (Gratin d\u2019aubergines \u00e0 la viande)\" tabindex=\"-1\" >\n\t\t\tLire la recette...\t\t<\/a>\n\n\t\t\t\t<\/div>\n\t\t\t\t<\/article>\n\t\t\t\t<article class=\"elementor-post elementor-grid-item post-45672 post type-post status-publish format-standard has-post-thumbnail hentry category-les-recettes-du-monde category-menu category-plat tag-lentilles tag-menu tag-pois-chiches tag-recette tag-viande\" role=\"listitem\">\n\t\t\t\t<a class=\"elementor-post__thumbnail__link\" href=\"https:\/\/prointer.fr\/meinau\/blog\/etli-nohut-ragout-de-pois-chiches-a-la-viande\/\" tabindex=\"-1\" >\n\t\t\t<div class=\"elementor-post__thumbnail\"><img loading=\"lazy\" decoding=\"async\" width=\"300\" height=\"226\" src=\"https:\/\/prointer.fr\/meinau\/wp-content\/uploads\/sites\/6\/2025\/10\/Capture-decran-2025-10-15-a-14.58.56-300x226.png\" class=\"attachment-medium size-medium wp-image-46467\" alt=\"\" srcset=\"https:\/\/prointer.fr\/meinau\/wp-content\/uploads\/sites\/6\/2025\/10\/Capture-decran-2025-10-15-a-14.58.56-300x226.png 300w, https:\/\/prointer.fr\/meinau\/wp-content\/uploads\/sites\/6\/2025\/10\/Capture-decran-2025-10-15-a-14.58.56-768x579.png 768w, https:\/\/prointer.fr\/meinau\/wp-content\/uploads\/sites\/6\/2025\/10\/Capture-decran-2025-10-15-a-14.58.56-820x620.png 820w, https:\/\/prointer.fr\/meinau\/wp-content\/uploads\/sites\/6\/2025\/10\/Capture-decran-2025-10-15-a-14.58.56-500x377.png 500w, https:\/\/prointer.fr\/meinau\/wp-content\/uploads\/sites\/6\/2025\/10\/Capture-decran-2025-10-15-a-14.58.56.png 835w\" sizes=\"(max-width: 300px) 100vw, 300px\" \/><\/div>\n\t\t<\/a>\n\t\t\t\t<div class=\"elementor-post__text\">\n\t\t\t\t<h3 class=\"elementor-post__title\">\n\t\t\t<a href=\"https:\/\/prointer.fr\/meinau\/blog\/etli-nohut-ragout-de-pois-chiches-a-la-viande\/\" >\n\t\t\t\tEtli Nohut (Rago\u00fbt de pois chiches \u00e0 la viande)\t\t\t<\/a>\n\t\t<\/h3>\n\t\t\t\t<div class=\"elementor-post__excerpt\">\n\t\t\t<p>Direction la Turquie avec ce plat simple, savoureux et r\u00e9confortant ! L\u2019Etli Nohut, c\u2019est un rago\u00fbt de pois chiches \u00e0 la viande, mijot\u00e9 lentement avec des \u00e9pices douces, des tomates<\/p>\n\t\t<\/div>\n\t\t\n\t\t<a class=\"elementor-post__read-more\" href=\"https:\/\/prointer.fr\/meinau\/blog\/etli-nohut-ragout-de-pois-chiches-a-la-viande\/\" aria-label=\"En savoir plus sur Etli Nohut (Rago\u00fbt de pois chiches \u00e0 la viande)\" tabindex=\"-1\" >\n\t\t\tLire la recette...\t\t<\/a>\n\n\t\t\t\t<\/div>\n\t\t\t\t<\/article>\n\t\t\t\t<article class=\"elementor-post elementor-grid-item post-33235 post type-post status-publish format-standard has-post-thumbnail hentry category-les-recettes-du-monde category-menu category-plat tag-lentilles tag-menu tag-pois-chiches tag-recette tag-viande\" role=\"listitem\">\n\t\t\t\t<a class=\"elementor-post__thumbnail__link\" href=\"https:\/\/prointer.fr\/meinau\/blog\/tajine-de-poulet-aux-citrons-confits-et-olives\/\" tabindex=\"-1\" >\n\t\t\t<div class=\"elementor-post__thumbnail\"><img loading=\"lazy\" decoding=\"async\" width=\"261\" height=\"300\" src=\"https:\/\/prointer.fr\/meinau\/wp-content\/uploads\/sites\/6\/2025\/10\/Capture-decran-2025-10-09-a-17.00.42-261x300.png\" class=\"attachment-medium size-medium wp-image-33341\" alt=\"\" srcset=\"https:\/\/prointer.fr\/meinau\/wp-content\/uploads\/sites\/6\/2025\/10\/Capture-decran-2025-10-09-a-17.00.42-261x300.png 261w, https:\/\/prointer.fr\/meinau\/wp-content\/uploads\/sites\/6\/2025\/10\/Capture-decran-2025-10-09-a-17.00.42.png 327w\" sizes=\"(max-width: 261px) 100vw, 261px\" \/><\/div>\n\t\t<\/a>\n\t\t\t\t<div class=\"elementor-post__text\">\n\t\t\t\t<h3 class=\"elementor-post__title\">\n\t\t\t<a href=\"https:\/\/prointer.fr\/meinau\/blog\/tajine-de-poulet-aux-citrons-confits-et-olives\/\" >\n\t\t\t\tTajine de poulet aux citrons confits et olives\t\t\t<\/a>\n\t\t<\/h3>\n\t\t\t\t<div class=\"elementor-post__excerpt\">\n\t\t\t<p>Cap sur le Maroc avec ce plat embl\u00e9matique plein de saveurs, de parfums et de soleil !Le tajine de poulet aux citrons confits et olives s\u00e9duit par son m\u00e9lange unique<\/p>\n\t\t<\/div>\n\t\t\n\t\t<a class=\"elementor-post__read-more\" href=\"https:\/\/prointer.fr\/meinau\/blog\/tajine-de-poulet-aux-citrons-confits-et-olives\/\" aria-label=\"En savoir plus sur Tajine de poulet aux citrons confits et olives\" tabindex=\"-1\" >\n\t\t\tLire la recette...\t\t<\/a>\n\n\t\t\t\t<\/div>\n\t\t\t\t<\/article>\n\t\t\t\t<article class=\"elementor-post elementor-grid-item post-27015 post type-post status-publish format-standard has-post-thumbnail hentry category-les-recettes-du-monde category-menu category-plat tag-lentilles tag-menu tag-pois-chiches tag-recette tag-viande\" role=\"listitem\">\n\t\t\t\t<a class=\"elementor-post__thumbnail__link\" href=\"https:\/\/prointer.fr\/meinau\/blog\/harira-marocaine-soupe-traditionnelle\/\" tabindex=\"-1\" >\n\t\t\t<div class=\"elementor-post__thumbnail\"><img loading=\"lazy\" decoding=\"async\" width=\"300\" height=\"175\" src=\"https:\/\/prointer.fr\/meinau\/wp-content\/uploads\/sites\/6\/2025\/10\/femme-tenue-bol-soupe-nourriture-photographie-idee-recette-Grande-300x175.jpeg\" class=\"attachment-medium size-medium wp-image-27308\" alt=\"\" srcset=\"https:\/\/prointer.fr\/meinau\/wp-content\/uploads\/sites\/6\/2025\/10\/femme-tenue-bol-soupe-nourriture-photographie-idee-recette-Grande-300x175.jpeg 300w, https:\/\/prointer.fr\/meinau\/wp-content\/uploads\/sites\/6\/2025\/10\/femme-tenue-bol-soupe-nourriture-photographie-idee-recette-Grande-1024x598.jpeg 1024w, https:\/\/prointer.fr\/meinau\/wp-content\/uploads\/sites\/6\/2025\/10\/femme-tenue-bol-soupe-nourriture-photographie-idee-recette-Grande-768x449.jpeg 768w, https:\/\/prointer.fr\/meinau\/wp-content\/uploads\/sites\/6\/2025\/10\/femme-tenue-bol-soupe-nourriture-photographie-idee-recette-Grande-500x292.jpeg 500w, https:\/\/prointer.fr\/meinau\/wp-content\/uploads\/sites\/6\/2025\/10\/femme-tenue-bol-soupe-nourriture-photographie-idee-recette-Grande-900x526.jpeg 900w, https:\/\/prointer.fr\/meinau\/wp-content\/uploads\/sites\/6\/2025\/10\/femme-tenue-bol-soupe-nourriture-photographie-idee-recette-Grande.jpeg 1280w\" sizes=\"(max-width: 300px) 100vw, 300px\" \/><\/div>\n\t\t<\/a>\n\t\t\t\t<div class=\"elementor-post__text\">\n\t\t\t\t<h3 class=\"elementor-post__title\">\n\t\t\t<a href=\"https:\/\/prointer.fr\/meinau\/blog\/harira-marocaine-soupe-traditionnelle\/\" >\n\t\t\t\tHarira marocaine (Soupe traditionnelle)\t\t\t<\/a>\n\t\t<\/h3>\n\t\t\t\t<div class=\"elementor-post__excerpt\">\n\t\t\t<p>Star des tables marocaines, surtout pendant le Ramadan, la Harira est une soupe riche, parfum\u00e9e et nourrissante.Pr\u00e9par\u00e9e \u00e0 base de tomates, lentilles, pois chiches, coriandre et \u00e9pices, elle offre un<\/p>\n\t\t<\/div>\n\t\t\n\t\t<a class=\"elementor-post__read-more\" href=\"https:\/\/prointer.fr\/meinau\/blog\/harira-marocaine-soupe-traditionnelle\/\" aria-label=\"En savoir plus sur Harira marocaine (Soupe traditionnelle)\" tabindex=\"-1\" >\n\t\t\tLire la recette...\t\t<\/a>\n\n\t\t\t\t<\/div>\n\t\t\t\t<\/article>\n\t\t\t\t<article class=\"elementor-post elementor-grid-item post-26738 post type-post status-publish format-standard has-post-thumbnail hentry category-les-recettes-du-monde category-menu category-plat tag-lentilles tag-menu tag-recette\" role=\"listitem\">\n\t\t\t\t<a class=\"elementor-post__thumbnail__link\" href=\"https:\/\/prointer.fr\/meinau\/blog\/mercimek-corbasi-soupe-lentilles\/\" tabindex=\"-1\" >\n\t\t\t<div class=\"elementor-post__thumbnail\"><img loading=\"lazy\" decoding=\"async\" width=\"300\" height=\"200\" src=\"https:\/\/prointer.fr\/meinau\/wp-content\/uploads\/sites\/6\/2025\/10\/vue-de-face-delicieuse-soupe-aux-lentilles-avec-tranche-de-citron-a-l-interieur-de-la-petite-assiette-sur-une-surface-sombre-Grande-300x200.jpeg\" class=\"attachment-medium size-medium wp-image-27012\" alt=\"\" srcset=\"https:\/\/prointer.fr\/meinau\/wp-content\/uploads\/sites\/6\/2025\/10\/vue-de-face-delicieuse-soupe-aux-lentilles-avec-tranche-de-citron-a-l-interieur-de-la-petite-assiette-sur-une-surface-sombre-Grande-300x200.jpeg 300w, https:\/\/prointer.fr\/meinau\/wp-content\/uploads\/sites\/6\/2025\/10\/vue-de-face-delicieuse-soupe-aux-lentilles-avec-tranche-de-citron-a-l-interieur-de-la-petite-assiette-sur-une-surface-sombre-Grande-1024x683.jpeg 1024w, https:\/\/prointer.fr\/meinau\/wp-content\/uploads\/sites\/6\/2025\/10\/vue-de-face-delicieuse-soupe-aux-lentilles-avec-tranche-de-citron-a-l-interieur-de-la-petite-assiette-sur-une-surface-sombre-Grande-768x512.jpeg 768w, https:\/\/prointer.fr\/meinau\/wp-content\/uploads\/sites\/6\/2025\/10\/vue-de-face-delicieuse-soupe-aux-lentilles-avec-tranche-de-citron-a-l-interieur-de-la-petite-assiette-sur-une-surface-sombre-Grande-500x334.jpeg 500w, https:\/\/prointer.fr\/meinau\/wp-content\/uploads\/sites\/6\/2025\/10\/vue-de-face-delicieuse-soupe-aux-lentilles-avec-tranche-de-citron-a-l-interieur-de-la-petite-assiette-sur-une-surface-sombre-Grande-900x600.jpeg 900w, https:\/\/prointer.fr\/meinau\/wp-content\/uploads\/sites\/6\/2025\/10\/vue-de-face-delicieuse-soupe-aux-lentilles-avec-tranche-de-citron-a-l-interieur-de-la-petite-assiette-sur-une-surface-sombre-Grande.jpeg 1280w\" sizes=\"(max-width: 300px) 100vw, 300px\" \/><\/div>\n\t\t<\/a>\n\t\t\t\t<div class=\"elementor-post__text\">\n\t\t\t\t<h3 class=\"elementor-post__title\">\n\t\t\t<a href=\"https:\/\/prointer.fr\/meinau\/blog\/mercimek-corbasi-soupe-lentilles\/\" >\n\t\t\t\tMercimek \u00c7orbasi (soupe lentilles)\t\t\t<\/a>\n\t\t<\/h3>\n\t\t\t\t<div class=\"elementor-post__excerpt\">\n\t\t\t<p>On entre dans la saison automnale et hivernale, et quoi de mieux qu\u2019une bonne soupe chaude et r\u00e9confortante pour affronter le froid ?&nbsp;Quand l\u2019envie de cuisiner se fait rare, cette<\/p>\n\t\t<\/div>\n\t\t\n\t\t<a class=\"elementor-post__read-more\" href=\"https:\/\/prointer.fr\/meinau\/blog\/mercimek-corbasi-soupe-lentilles\/\" aria-label=\"En savoir plus sur Mercimek \u00c7orbasi (soupe lentilles)\" tabindex=\"-1\" >\n\t\t\tLire la recette...\t\t<\/a>\n\n\t\t\t\t<\/div>\n\t\t\t\t<\/article>\n\t\t\t\t<article class=\"elementor-post elementor-grid-item post-26387 post type-post status-publish format-standard has-post-thumbnail hentry category-les-recettes-du-monde category-menu category-plat tag-kofte tag-pomme-de-terre tag-recette\" role=\"listitem\">\n\t\t\t\t<a class=\"elementor-post__thumbnail__link\" href=\"https:\/\/prointer.fr\/meinau\/blog\/kofte-au-four-avec-patates\/\" tabindex=\"-1\" >\n\t\t\t<div class=\"elementor-post__thumbnail\"><img loading=\"lazy\" decoding=\"async\" width=\"300\" height=\"200\" src=\"https:\/\/prointer.fr\/meinau\/wp-content\/uploads\/sites\/6\/2025\/10\/escalopes-de-viande-avec-des-epices-de-pomme-de-terre-verts-vue-laterale-Grande-300x200.jpeg\" class=\"attachment-medium size-medium wp-image-26736\" alt=\"\" srcset=\"https:\/\/prointer.fr\/meinau\/wp-content\/uploads\/sites\/6\/2025\/10\/escalopes-de-viande-avec-des-epices-de-pomme-de-terre-verts-vue-laterale-Grande-300x200.jpeg 300w, https:\/\/prointer.fr\/meinau\/wp-content\/uploads\/sites\/6\/2025\/10\/escalopes-de-viande-avec-des-epices-de-pomme-de-terre-verts-vue-laterale-Grande-1024x682.jpeg 1024w, https:\/\/prointer.fr\/meinau\/wp-content\/uploads\/sites\/6\/2025\/10\/escalopes-de-viande-avec-des-epices-de-pomme-de-terre-verts-vue-laterale-Grande-768x512.jpeg 768w, https:\/\/prointer.fr\/meinau\/wp-content\/uploads\/sites\/6\/2025\/10\/escalopes-de-viande-avec-des-epices-de-pomme-de-terre-verts-vue-laterale-Grande-500x333.jpeg 500w, https:\/\/prointer.fr\/meinau\/wp-content\/uploads\/sites\/6\/2025\/10\/escalopes-de-viande-avec-des-epices-de-pomme-de-terre-verts-vue-laterale-Grande-900x600.jpeg 900w, https:\/\/prointer.fr\/meinau\/wp-content\/uploads\/sites\/6\/2025\/10\/escalopes-de-viande-avec-des-epices-de-pomme-de-terre-verts-vue-laterale-Grande.jpeg 1280w\" sizes=\"(max-width: 300px) 100vw, 300px\" \/><\/div>\n\t\t<\/a>\n\t\t\t\t<div class=\"elementor-post__text\">\n\t\t\t\t<h3 class=\"elementor-post__title\">\n\t\t\t<a href=\"https:\/\/prointer.fr\/meinau\/blog\/kofte-au-four-avec-patates\/\" >\n\t\t\t\tK\u00f6fte au four avec pommes de terre\t\t\t<\/a>\n\t\t<\/h3>\n\t\t\t\t<div class=\"elementor-post__excerpt\">\n\t\t\t<p>Aujourd\u2019hui, on vous propose une recette parfaite pour un dimanche pluvieux : un plat r\u00e9confortant, chaud et plein de saveurs !D\u00e9couvrez le K\u00f6fte au four avec des pommes de terre,<\/p>\n\t\t<\/div>\n\t\t\n\t\t<a class=\"elementor-post__read-more\" href=\"https:\/\/prointer.fr\/meinau\/blog\/kofte-au-four-avec-patates\/\" aria-label=\"En savoir plus sur K\u00f6fte au four avec pommes de terre\" tabindex=\"-1\" >\n\t\t\tLire la recette...\t\t<\/a>\n\n\t\t\t\t<\/div>\n\t\t\t\t<\/article>\n\t\t\t\t<article class=\"elementor-post elementor-grid-item post-11178 post type-post status-publish format-standard has-post-thumbnail hentry category-les-recettes-du-monde category-dessert category-menu tag-dessert tag-flan tag-lait tag-recette\" role=\"listitem\">\n\t\t\t\t<a class=\"elementor-post__thumbnail__link\" href=\"https:\/\/prointer.fr\/meinau\/blog\/mouhalabieh-libanais-le-flan-au-lait-parfume-a-la-fleur-doranger\/\" tabindex=\"-1\" >\n\t\t\t<div class=\"elementor-post__thumbnail\"><img loading=\"lazy\" decoding=\"async\" width=\"300\" height=\"200\" src=\"https:\/\/prointer.fr\/meinau\/wp-content\/uploads\/sites\/6\/2025\/07\/trvsgaubg8s-300x200.jpg\" class=\"attachment-medium size-medium wp-image-11181\" alt=\"a cupcake and a glass of milk on a table\" srcset=\"https:\/\/prointer.fr\/meinau\/wp-content\/uploads\/sites\/6\/2025\/07\/trvsgaubg8s-300x200.jpg 300w, https:\/\/prointer.fr\/meinau\/wp-content\/uploads\/sites\/6\/2025\/07\/trvsgaubg8s-1024x683.jpg 1024w, https:\/\/prointer.fr\/meinau\/wp-content\/uploads\/sites\/6\/2025\/07\/trvsgaubg8s-768x512.jpg 768w, https:\/\/prointer.fr\/meinau\/wp-content\/uploads\/sites\/6\/2025\/07\/trvsgaubg8s-1536x1024.jpg 1536w, https:\/\/prointer.fr\/meinau\/wp-content\/uploads\/sites\/6\/2025\/07\/trvsgaubg8s-500x333.jpg 500w, https:\/\/prointer.fr\/meinau\/wp-content\/uploads\/sites\/6\/2025\/07\/trvsgaubg8s-900x600.jpg 900w, https:\/\/prointer.fr\/meinau\/wp-content\/uploads\/sites\/6\/2025\/07\/trvsgaubg8s.jpg 1600w\" sizes=\"(max-width: 300px) 100vw, 300px\" \/><\/div>\n\t\t<\/a>\n\t\t\t\t<div class=\"elementor-post__text\">\n\t\t\t\t<h3 class=\"elementor-post__title\">\n\t\t\t<a href=\"https:\/\/prointer.fr\/meinau\/blog\/mouhalabieh-libanais-le-flan-au-lait-parfume-a-la-fleur-doranger\/\" >\n\t\t\t\tMouhalabieh libanais : le flan au lait parfum\u00e9 \u00e0 la fleur d\u2019oranger\t\t\t<\/a>\n\t\t<\/h3>\n\t\t\t\t<div class=\"elementor-post__excerpt\">\n\t\t\t<p>Le mouhalabieh (ou mouhalabiya) est un dessert traditionnel libanais \u00e0 base de lait, d\u00e9licatement parfum\u00e9 \u00e0 la fleur d\u2019oranger ou \u00e0 l\u2019eau de rose. L\u00e9ger, soyeux et rafra\u00eechissant, ce flan<\/p>\n\t\t<\/div>\n\t\t\n\t\t<a class=\"elementor-post__read-more\" href=\"https:\/\/prointer.fr\/meinau\/blog\/mouhalabieh-libanais-le-flan-au-lait-parfume-a-la-fleur-doranger\/\" aria-label=\"En savoir plus sur Mouhalabieh libanais : le flan au lait parfum\u00e9 \u00e0 la fleur d\u2019oranger\" tabindex=\"-1\" >\n\t\t\tLire la recette...\t\t<\/a>\n\n\t\t\t\t<\/div>\n\t\t\t\t<\/article>\n\t\t\t\t<article class=\"elementor-post elementor-grid-item post-11174 post type-post status-publish format-standard has-post-thumbnail hentry category-les-recettes-du-monde category-boisson category-menu tag-laban tag-recette\" role=\"listitem\">\n\t\t\t\t<a class=\"elementor-post__thumbnail__link\" href=\"https:\/\/prointer.fr\/meinau\/blog\/laban-maison-la-boisson-au-yaourt-libanaise-rafraichissante\/\" tabindex=\"-1\" >\n\t\t\t<div class=\"elementor-post__thumbnail\"><img loading=\"lazy\" decoding=\"async\" width=\"300\" height=\"200\" src=\"https:\/\/prointer.fr\/meinau\/wp-content\/uploads\/sites\/6\/2025\/07\/64yyzgscq7u-300x200.jpg\" class=\"attachment-medium size-medium wp-image-11175\" alt=\"A glass of milk with a spoon next to it\" srcset=\"https:\/\/prointer.fr\/meinau\/wp-content\/uploads\/sites\/6\/2025\/07\/64yyzgscq7u-300x200.jpg 300w, https:\/\/prointer.fr\/meinau\/wp-content\/uploads\/sites\/6\/2025\/07\/64yyzgscq7u-1024x683.jpg 1024w, https:\/\/prointer.fr\/meinau\/wp-content\/uploads\/sites\/6\/2025\/07\/64yyzgscq7u-768x512.jpg 768w, https:\/\/prointer.fr\/meinau\/wp-content\/uploads\/sites\/6\/2025\/07\/64yyzgscq7u-1536x1024.jpg 1536w, https:\/\/prointer.fr\/meinau\/wp-content\/uploads\/sites\/6\/2025\/07\/64yyzgscq7u-500x333.jpg 500w, https:\/\/prointer.fr\/meinau\/wp-content\/uploads\/sites\/6\/2025\/07\/64yyzgscq7u-900x600.jpg 900w, https:\/\/prointer.fr\/meinau\/wp-content\/uploads\/sites\/6\/2025\/07\/64yyzgscq7u.jpg 1600w\" sizes=\"(max-width: 300px) 100vw, 300px\" \/><\/div>\n\t\t<\/a>\n\t\t\t\t<div class=\"elementor-post__text\">\n\t\t\t\t<h3 class=\"elementor-post__title\">\n\t\t\t<a href=\"https:\/\/prointer.fr\/meinau\/blog\/laban-maison-la-boisson-au-yaourt-libanaise-rafraichissante\/\" >\n\t\t\t\tLaban maison : la boisson au yaourt libanaise rafra\u00eechissante\t\t\t<\/a>\n\t\t<\/h3>\n\t\t\t\t<div class=\"elementor-post__excerpt\">\n\t\t\t<p>Le laban est une boisson traditionnelle libanaise \u00e0 base de yaourt, servie bien fra\u00eeche, souvent au d\u00e9jeuner ou pendant les fortes chaleurs. Riche en probiotiques, l\u00e9g\u00e8rement sal\u00e9e et ultra d\u00e9salt\u00e9rante,<\/p>\n\t\t<\/div>\n\t\t\n\t\t<a class=\"elementor-post__read-more\" href=\"https:\/\/prointer.fr\/meinau\/blog\/laban-maison-la-boisson-au-yaourt-libanaise-rafraichissante\/\" aria-label=\"En savoir plus sur Laban maison : la boisson au yaourt libanaise rafra\u00eechissante\" tabindex=\"-1\" >\n\t\t\tLire la recette...\t\t<\/a>\n\n\t\t\t\t<\/div>\n\t\t\t\t<\/article>\n\t\t\t\t<article class=\"elementor-post elementor-grid-item post-11167 post type-post status-publish format-standard has-post-thumbnail hentry category-les-recettes-du-monde category-menu category-plat tag-biryani tag-poulet tag-recette tag-riz\" role=\"listitem\">\n\t\t\t\t<a class=\"elementor-post__thumbnail__link\" href=\"https:\/\/prointer.fr\/meinau\/blog\/biryani-pakistanais-au-poulet-une-explosion-depices-et-de-saveurs\/\" tabindex=\"-1\" >\n\t\t\t<div class=\"elementor-post__thumbnail\"><img loading=\"lazy\" decoding=\"async\" width=\"300\" height=\"200\" src=\"https:\/\/prointer.fr\/meinau\/wp-content\/uploads\/sites\/6\/2025\/07\/j9lowncnl04-300x200.jpg\" class=\"attachment-medium size-medium wp-image-11168\" alt=\"a platter of food on a red cloth\" srcset=\"https:\/\/prointer.fr\/meinau\/wp-content\/uploads\/sites\/6\/2025\/07\/j9lowncnl04-300x200.jpg 300w, https:\/\/prointer.fr\/meinau\/wp-content\/uploads\/sites\/6\/2025\/07\/j9lowncnl04-1024x683.jpg 1024w, https:\/\/prointer.fr\/meinau\/wp-content\/uploads\/sites\/6\/2025\/07\/j9lowncnl04-768x512.jpg 768w, https:\/\/prointer.fr\/meinau\/wp-content\/uploads\/sites\/6\/2025\/07\/j9lowncnl04-1536x1024.jpg 1536w, https:\/\/prointer.fr\/meinau\/wp-content\/uploads\/sites\/6\/2025\/07\/j9lowncnl04-500x333.jpg 500w, https:\/\/prointer.fr\/meinau\/wp-content\/uploads\/sites\/6\/2025\/07\/j9lowncnl04-900x600.jpg 900w, https:\/\/prointer.fr\/meinau\/wp-content\/uploads\/sites\/6\/2025\/07\/j9lowncnl04.jpg 1600w\" sizes=\"(max-width: 300px) 100vw, 300px\" \/><\/div>\n\t\t<\/a>\n\t\t\t\t<div class=\"elementor-post__text\">\n\t\t\t\t<h3 class=\"elementor-post__title\">\n\t\t\t<a href=\"https:\/\/prointer.fr\/meinau\/blog\/biryani-pakistanais-au-poulet-une-explosion-depices-et-de-saveurs\/\" >\n\t\t\t\tBiryani pakistanais au poulet : une explosion d\u2019\u00e9pices et de saveurs\t\t\t<\/a>\n\t\t<\/h3>\n\t\t\t\t<div class=\"elementor-post__excerpt\">\n\t\t\t<p>Parmi les plats de f\u00eate les plus embl\u00e9matiques du sous-continent indien, le biryani pakistanais occupe une place de choix. Color\u00e9, g\u00e9n\u00e9reusement \u00e9pic\u00e9, et riche en ar\u00f4mes, ce riz aux mille<\/p>\n\t\t<\/div>\n\t\t\n\t\t<a class=\"elementor-post__read-more\" href=\"https:\/\/prointer.fr\/meinau\/blog\/biryani-pakistanais-au-poulet-une-explosion-depices-et-de-saveurs\/\" aria-label=\"En savoir plus sur Biryani pakistanais au poulet : une explosion d\u2019\u00e9pices et de saveurs\" tabindex=\"-1\" >\n\t\t\tLire la recette...\t\t<\/a>\n\n\t\t\t\t<\/div>\n\t\t\t\t<\/article>\n\t\t\t\t<article class=\"elementor-post elementor-grid-item post-11163 post type-post status-publish format-standard has-post-thumbnail hentry category-non-categorise category-les-recettes-du-monde category-plat tag-citron tag-olive tag-poulet tag-recette tag-tajine\" role=\"listitem\">\n\t\t\t\t<a class=\"elementor-post__thumbnail__link\" href=\"https:\/\/prointer.fr\/meinau\/blog\/tajine-de-poulet-aux-olives-et-citron-confit-la-recette-marocaine-incontournable\/\" tabindex=\"-1\" >\n\t\t\t<div class=\"elementor-post__thumbnail\"><img loading=\"lazy\" decoding=\"async\" width=\"300\" height=\"200\" src=\"https:\/\/prointer.fr\/meinau\/wp-content\/uploads\/sites\/6\/2025\/07\/kxtan5fzdac-300x200.jpg\" class=\"attachment-medium size-medium wp-image-11166\" alt=\"soup in bowl\" srcset=\"https:\/\/prointer.fr\/meinau\/wp-content\/uploads\/sites\/6\/2025\/07\/kxtan5fzdac-300x200.jpg 300w, https:\/\/prointer.fr\/meinau\/wp-content\/uploads\/sites\/6\/2025\/07\/kxtan5fzdac-1024x683.jpg 1024w, https:\/\/prointer.fr\/meinau\/wp-content\/uploads\/sites\/6\/2025\/07\/kxtan5fzdac-768x512.jpg 768w, https:\/\/prointer.fr\/meinau\/wp-content\/uploads\/sites\/6\/2025\/07\/kxtan5fzdac-1536x1024.jpg 1536w, https:\/\/prointer.fr\/meinau\/wp-content\/uploads\/sites\/6\/2025\/07\/kxtan5fzdac-500x333.jpg 500w, https:\/\/prointer.fr\/meinau\/wp-content\/uploads\/sites\/6\/2025\/07\/kxtan5fzdac-900x600.jpg 900w, https:\/\/prointer.fr\/meinau\/wp-content\/uploads\/sites\/6\/2025\/07\/kxtan5fzdac.jpg 1600w\" sizes=\"(max-width: 300px) 100vw, 300px\" \/><\/div>\n\t\t<\/a>\n\t\t\t\t<div class=\"elementor-post__text\">\n\t\t\t\t<h3 class=\"elementor-post__title\">\n\t\t\t<a href=\"https:\/\/prointer.fr\/meinau\/blog\/tajine-de-poulet-aux-olives-et-citron-confit-la-recette-marocaine-incontournable\/\" >\n\t\t\t\tTajine de poulet aux olives et citron confit : la recette marocaine incontournable\t\t\t<\/a>\n\t\t<\/h3>\n\t\t\t\t<div class=\"elementor-post__excerpt\">\n\t\t\t<p>Le tajine de poulet aux olives et citron confit est l\u2019un des plats les plus embl\u00e9matiques de la cuisine marocaine. \u00c0 la fois parfum\u00e9, fondant et l\u00e9g\u00e8rement acidul\u00e9, ce tajine<\/p>\n\t\t<\/div>\n\t\t\n\t\t<a class=\"elementor-post__read-more\" href=\"https:\/\/prointer.fr\/meinau\/blog\/tajine-de-poulet-aux-olives-et-citron-confit-la-recette-marocaine-incontournable\/\" aria-label=\"En savoir plus sur Tajine de poulet aux olives et citron confit : la recette marocaine incontournable\" tabindex=\"-1\" >\n\t\t\tLire la recette...\t\t<\/a>\n\n\t\t\t\t<\/div>\n\t\t\t\t<\/article>\n\t\t\t\t<article class=\"elementor-post elementor-grid-item post-11153 post type-post status-publish format-standard has-post-thumbnail hentry category-les-recettes-du-monde category-apero category-entree category-menu tag-houmous tag-houmous-libanais tag-recette\" role=\"listitem\">\n\t\t\t\t<a class=\"elementor-post__thumbnail__link\" href=\"https:\/\/prointer.fr\/meinau\/blog\/houmous-traditionnel-libanais\/\" tabindex=\"-1\" >\n\t\t\t<div class=\"elementor-post__thumbnail\"><img loading=\"lazy\" decoding=\"async\" width=\"300\" height=\"214\" src=\"https:\/\/prointer.fr\/meinau\/wp-content\/uploads\/sites\/6\/2025\/07\/5uyh4ytdp34-300x214.jpg\" class=\"attachment-medium size-medium wp-image-11154\" alt=\"white ceramic plate with pasta dish\" srcset=\"https:\/\/prointer.fr\/meinau\/wp-content\/uploads\/sites\/6\/2025\/07\/5uyh4ytdp34-300x214.jpg 300w, https:\/\/prointer.fr\/meinau\/wp-content\/uploads\/sites\/6\/2025\/07\/5uyh4ytdp34-1024x732.jpg 1024w, https:\/\/prointer.fr\/meinau\/wp-content\/uploads\/sites\/6\/2025\/07\/5uyh4ytdp34-768x549.jpg 768w, https:\/\/prointer.fr\/meinau\/wp-content\/uploads\/sites\/6\/2025\/07\/5uyh4ytdp34-1536x1097.jpg 1536w, https:\/\/prointer.fr\/meinau\/wp-content\/uploads\/sites\/6\/2025\/07\/5uyh4ytdp34-500x357.jpg 500w, https:\/\/prointer.fr\/meinau\/wp-content\/uploads\/sites\/6\/2025\/07\/5uyh4ytdp34-900x643.jpg 900w, https:\/\/prointer.fr\/meinau\/wp-content\/uploads\/sites\/6\/2025\/07\/5uyh4ytdp34.jpg 1600w\" sizes=\"(max-width: 300px) 100vw, 300px\" \/><\/div>\n\t\t<\/a>\n\t\t\t\t<div class=\"elementor-post__text\">\n\t\t\t\t<h3 class=\"elementor-post__title\">\n\t\t\t<a href=\"https:\/\/prointer.fr\/meinau\/blog\/houmous-traditionnel-libanais\/\" >\n\t\t\t\tHoumous traditionnel libanais\t\t\t<\/a>\n\t\t<\/h3>\n\t\t\t\t<div class=\"elementor-post__excerpt\">\n\t\t\t<p>Le houmous est bien plus qu\u2019une simple pur\u00e9e de pois chiches : c\u2019est une v\u00e9ritable institution culinaire au Liban. Onctueux, parfum\u00e9, nourrissant, ce plat v\u00e9g\u00e9tarien se d\u00e9guste aussi bien \u00e0<\/p>\n\t\t<\/div>\n\t\t\n\t\t<a class=\"elementor-post__read-more\" href=\"https:\/\/prointer.fr\/meinau\/blog\/houmous-traditionnel-libanais\/\" aria-label=\"En savoir plus sur Houmous traditionnel libanais\" tabindex=\"-1\" >\n\t\t\tLire la recette...\t\t<\/a>\n\n\t\t\t\t<\/div>\n\t\t\t\t<\/article>\n\t\t\t\t<\/div>\n\t\t\n\t\t\t\t\t\t<\/div>\n\t\t\t\t<\/div>\n\t\t\t\t<\/div>\n\t\t<div id=\"e-n-tab-content-1455118862\" role=\"tabpanel\" aria-labelledby=\"e-n-tab-title-1455118862\" data-tab-index=\"2\" style=\"--n-tabs-title-order: 2;\" class=\" elementor-element elementor-element-c7250fb e-con-full e-flex e-con e-child\" data-id=\"c7250fb\" data-element_type=\"container\">\n\t\t\t\t<div class=\"elementor-element elementor-element-0b8dffb elementor-grid-3 elementor-grid-tablet-2 elementor-grid-mobile-1 elementor-posts--thumbnail-top elementor-widget elementor-widget-posts\" data-id=\"0b8dffb\" data-element_type=\"widget\" data-settings=\"{&quot;classic_columns&quot;:&quot;3&quot;,&quot;classic_columns_tablet&quot;:&quot;2&quot;,&quot;classic_columns_mobile&quot;:&quot;1&quot;,&quot;classic_row_gap&quot;:{&quot;unit&quot;:&quot;px&quot;,&quot;size&quot;:35,&quot;sizes&quot;:[]},&quot;classic_row_gap_laptop&quot;:{&quot;unit&quot;:&quot;px&quot;,&quot;size&quot;:&quot;&quot;,&quot;sizes&quot;:[]},&quot;classic_row_gap_tablet_extra&quot;:{&quot;unit&quot;:&quot;px&quot;,&quot;size&quot;:&quot;&quot;,&quot;sizes&quot;:[]},&quot;classic_row_gap_tablet&quot;:{&quot;unit&quot;:&quot;px&quot;,&quot;size&quot;:&quot;&quot;,&quot;sizes&quot;:[]},&quot;classic_row_gap_mobile_extra&quot;:{&quot;unit&quot;:&quot;px&quot;,&quot;size&quot;:&quot;&quot;,&quot;sizes&quot;:[]},&quot;classic_row_gap_mobile&quot;:{&quot;unit&quot;:&quot;px&quot;,&quot;size&quot;:&quot;&quot;,&quot;sizes&quot;:[]}}\" data-widget_type=\"posts.classic\">\n\t\t\t\t<div class=\"elementor-widget-container\">\n\t\t\t\t\t\t\t<div class=\"elementor-posts-container elementor-posts elementor-posts--skin-classic elementor-grid\" role=\"list\">\n\t\t\t\t<article class=\"elementor-post elementor-grid-item post-11153 post type-post status-publish format-standard has-post-thumbnail hentry category-les-recettes-du-monde category-apero category-entree category-menu tag-houmous tag-houmous-libanais tag-recette\" role=\"listitem\">\n\t\t\t\t<a class=\"elementor-post__thumbnail__link\" href=\"https:\/\/prointer.fr\/meinau\/blog\/houmous-traditionnel-libanais\/\" tabindex=\"-1\" >\n\t\t\t<div class=\"elementor-post__thumbnail\"><img loading=\"lazy\" decoding=\"async\" width=\"300\" height=\"214\" src=\"https:\/\/prointer.fr\/meinau\/wp-content\/uploads\/sites\/6\/2025\/07\/5uyh4ytdp34-300x214.jpg\" class=\"attachment-medium size-medium wp-image-11154\" alt=\"white ceramic plate with pasta dish\" srcset=\"https:\/\/prointer.fr\/meinau\/wp-content\/uploads\/sites\/6\/2025\/07\/5uyh4ytdp34-300x214.jpg 300w, https:\/\/prointer.fr\/meinau\/wp-content\/uploads\/sites\/6\/2025\/07\/5uyh4ytdp34-1024x732.jpg 1024w, https:\/\/prointer.fr\/meinau\/wp-content\/uploads\/sites\/6\/2025\/07\/5uyh4ytdp34-768x549.jpg 768w, https:\/\/prointer.fr\/meinau\/wp-content\/uploads\/sites\/6\/2025\/07\/5uyh4ytdp34-1536x1097.jpg 1536w, https:\/\/prointer.fr\/meinau\/wp-content\/uploads\/sites\/6\/2025\/07\/5uyh4ytdp34-500x357.jpg 500w, https:\/\/prointer.fr\/meinau\/wp-content\/uploads\/sites\/6\/2025\/07\/5uyh4ytdp34-900x643.jpg 900w, https:\/\/prointer.fr\/meinau\/wp-content\/uploads\/sites\/6\/2025\/07\/5uyh4ytdp34.jpg 1600w\" sizes=\"(max-width: 300px) 100vw, 300px\" \/><\/div>\n\t\t<\/a>\n\t\t\t\t<div class=\"elementor-post__text\">\n\t\t\t\t<h3 class=\"elementor-post__title\">\n\t\t\t<a href=\"https:\/\/prointer.fr\/meinau\/blog\/houmous-traditionnel-libanais\/\" >\n\t\t\t\tHoumous traditionnel libanais\t\t\t<\/a>\n\t\t<\/h3>\n\t\t\t\t<div class=\"elementor-post__excerpt\">\n\t\t\t<p>Le houmous est bien plus qu\u2019une simple pur\u00e9e de pois chiches : c\u2019est une v\u00e9ritable institution culinaire au Liban. Onctueux, parfum\u00e9, nourrissant, ce plat v\u00e9g\u00e9tarien se d\u00e9guste aussi bien \u00e0<\/p>\n\t\t<\/div>\n\t\t\n\t\t<a class=\"elementor-post__read-more\" href=\"https:\/\/prointer.fr\/meinau\/blog\/houmous-traditionnel-libanais\/\" aria-label=\"En savoir plus sur Houmous traditionnel libanais\" tabindex=\"-1\" >\n\t\t\tLire la recette...\t\t<\/a>\n\n\t\t\t\t<\/div>\n\t\t\t\t<\/article>\n\t\t\t\t<\/div>\n\t\t\n\t\t\t\t\t\t<\/div>\n\t\t\t\t<\/div>\n\t\t\t\t<\/div>\n\t\t<div id=\"e-n-tab-content-1455118863\" role=\"tabpanel\" aria-labelledby=\"e-n-tab-title-1455118863\" data-tab-index=\"3\" style=\"--n-tabs-title-order: 3;\" class=\" elementor-element elementor-element-6235ee6 e-con-full e-flex e-con e-child\" data-id=\"6235ee6\" data-element_type=\"container\">\n\t\t\t\t<div class=\"elementor-element elementor-element-f4a721b elementor-grid-3 elementor-grid-tablet-2 elementor-grid-mobile-1 elementor-posts--thumbnail-top elementor-widget elementor-widget-posts\" data-id=\"f4a721b\" data-element_type=\"widget\" data-settings=\"{&quot;classic_columns&quot;:&quot;3&quot;,&quot;classic_columns_tablet&quot;:&quot;2&quot;,&quot;classic_columns_mobile&quot;:&quot;1&quot;,&quot;classic_row_gap&quot;:{&quot;unit&quot;:&quot;px&quot;,&quot;size&quot;:35,&quot;sizes&quot;:[]},&quot;classic_row_gap_laptop&quot;:{&quot;unit&quot;:&quot;px&quot;,&quot;size&quot;:&quot;&quot;,&quot;sizes&quot;:[]},&quot;classic_row_gap_tablet_extra&quot;:{&quot;unit&quot;:&quot;px&quot;,&quot;size&quot;:&quot;&quot;,&quot;sizes&quot;:[]},&quot;classic_row_gap_tablet&quot;:{&quot;unit&quot;:&quot;px&quot;,&quot;size&quot;:&quot;&quot;,&quot;sizes&quot;:[]},&quot;classic_row_gap_mobile_extra&quot;:{&quot;unit&quot;:&quot;px&quot;,&quot;size&quot;:&quot;&quot;,&quot;sizes&quot;:[]},&quot;classic_row_gap_mobile&quot;:{&quot;unit&quot;:&quot;px&quot;,&quot;size&quot;:&quot;&quot;,&quot;sizes&quot;:[]}}\" data-widget_type=\"posts.classic\">\n\t\t\t\t<div class=\"elementor-widget-container\">\n\t\t\t\t\t\t\t<div class=\"elementor-posts-container elementor-posts elementor-posts--skin-classic elementor-grid\" role=\"list\">\n\t\t\t\t<article class=\"elementor-post elementor-grid-item post-73593 post type-post status-publish format-standard has-post-thumbnail hentry category-les-recettes-du-monde category-menu category-plat tag-lentilles tag-menu tag-pois-chiches tag-recette tag-viande\" role=\"listitem\">\n\t\t\t\t<a class=\"elementor-post__thumbnail__link\" href=\"https:\/\/prointer.fr\/meinau\/blog\/zaalouk-caviar-daubergines-marocain\/\" tabindex=\"-1\" >\n\t\t\t<div class=\"elementor-post__thumbnail\"><img fetchpriority=\"high\" decoding=\"async\" width=\"288\" height=\"300\" src=\"https:\/\/prointer.fr\/meinau\/wp-content\/uploads\/sites\/6\/2026\/02\/Zaalouk-bis-Grande-288x300.jpeg\" class=\"attachment-medium size-medium wp-image-73599\" alt=\"\" srcset=\"https:\/\/prointer.fr\/meinau\/wp-content\/uploads\/sites\/6\/2026\/02\/Zaalouk-bis-Grande-288x300.jpeg 288w, https:\/\/prointer.fr\/meinau\/wp-content\/uploads\/sites\/6\/2026\/02\/Zaalouk-bis-Grande-500x521.jpeg 500w, https:\/\/prointer.fr\/meinau\/wp-content\/uploads\/sites\/6\/2026\/02\/Zaalouk-bis-Grande.jpeg 632w\" sizes=\"(max-width: 288px) 100vw, 288px\" \/><\/div>\n\t\t<\/a>\n\t\t\t\t<div class=\"elementor-post__text\">\n\t\t\t\t<h3 class=\"elementor-post__title\">\n\t\t\t<a href=\"https:\/\/prointer.fr\/meinau\/blog\/zaalouk-caviar-daubergines-marocain\/\" >\n\t\t\t\tZaalouk (Caviar d\u2019aubergines marocain)\t\t\t<\/a>\n\t\t<\/h3>\n\t\t\t\t<div class=\"elementor-post__excerpt\">\n\t\t\t<p>D\u00e9couvrez le Zaalouk, cette salade d\u2019aubergines cuisin\u00e9e avec soin, relev\u00e9e d\u2019ail, d\u2019\u00e9pices et d\u2019une touche d\u2019huile d\u2019olive. Fondant, parfum\u00e9 et plein de caract\u00e8re, il se d\u00e9guste aussi bien en entr\u00e9e<\/p>\n\t\t<\/div>\n\t\t\n\t\t<a class=\"elementor-post__read-more\" href=\"https:\/\/prointer.fr\/meinau\/blog\/zaalouk-caviar-daubergines-marocain\/\" aria-label=\"En savoir plus sur Zaalouk (Caviar d\u2019aubergines marocain)\" tabindex=\"-1\" >\n\t\t\tLire la recette...\t\t<\/a>\n\n\t\t\t\t<\/div>\n\t\t\t\t<\/article>\n\t\t\t\t<article class=\"elementor-post elementor-grid-item post-73587 post type-post status-publish format-standard has-post-thumbnail hentry category-les-recettes-du-monde category-menu category-plat tag-lentilles tag-menu tag-pois-chiches tag-recette tag-viande\" role=\"listitem\">\n\t\t\t\t<a class=\"elementor-post__thumbnail__link\" href=\"https:\/\/prointer.fr\/meinau\/blog\/basboussa-gateau-a-la-semoule-2\/\" tabindex=\"-1\" >\n\t\t\t<div class=\"elementor-post__thumbnail\"><img decoding=\"async\" width=\"300\" height=\"200\" src=\"https:\/\/prointer.fr\/meinau\/wp-content\/uploads\/sites\/6\/2026\/02\/homemade-turkish-dessert-semolina-cake-Moyenne-300x200.jpeg\" class=\"attachment-medium size-medium wp-image-73588\" alt=\"\" srcset=\"https:\/\/prointer.fr\/meinau\/wp-content\/uploads\/sites\/6\/2026\/02\/homemade-turkish-dessert-semolina-cake-Moyenne-300x200.jpeg 300w, https:\/\/prointer.fr\/meinau\/wp-content\/uploads\/sites\/6\/2026\/02\/homemade-turkish-dessert-semolina-cake-Moyenne-500x334.jpeg 500w, https:\/\/prointer.fr\/meinau\/wp-content\/uploads\/sites\/6\/2026\/02\/homemade-turkish-dessert-semolina-cake-Moyenne.jpeg 640w\" sizes=\"(max-width: 300px) 100vw, 300px\" \/><\/div>\n\t\t<\/a>\n\t\t\t\t<div class=\"elementor-post__text\">\n\t\t\t\t<h3 class=\"elementor-post__title\">\n\t\t\t<a href=\"https:\/\/prointer.fr\/meinau\/blog\/basboussa-gateau-a-la-semoule-2\/\" >\n\t\t\t\tBasboussa (G\u00e2teau \u00e0 la semoule)\t\t\t<\/a>\n\t\t<\/h3>\n\t\t\t\t<div class=\"elementor-post__excerpt\">\n\t\t\t<p>D\u00e9couvrez la Basboussa, ce g\u00e2teau traditionnel \u00e0 la semoule d\u00e9licatement imbib\u00e9 de sirop parfum\u00e9. Moelleuse, fondante et subtilement sucr\u00e9e, elle s\u00e9duit d\u00e8s la premi\u00e8re bouch\u00e9e. Parfaite pour accompagner un th\u00e9<\/p>\n\t\t<\/div>\n\t\t\n\t\t<a class=\"elementor-post__read-more\" href=\"https:\/\/prointer.fr\/meinau\/blog\/basboussa-gateau-a-la-semoule-2\/\" aria-label=\"En savoir plus sur Basboussa (G\u00e2teau \u00e0 la semoule)\" tabindex=\"-1\" >\n\t\t\tLire la recette...\t\t<\/a>\n\n\t\t\t\t<\/div>\n\t\t\t\t<\/article>\n\t\t\t\t<article class=\"elementor-post elementor-grid-item post-73581 post type-post status-publish format-standard has-post-thumbnail hentry category-les-recettes-du-monde category-menu category-plat tag-lentilles tag-menu tag-pois-chiches tag-recette tag-viande\" role=\"listitem\">\n\t\t\t\t<a class=\"elementor-post__thumbnail__link\" href=\"https:\/\/prointer.fr\/meinau\/blog\/sarma-feuilles-de-vigne-farcies-duplicate\/\" tabindex=\"-1\" >\n\t\t\t<div class=\"elementor-post__thumbnail\"><img decoding=\"async\" width=\"300\" height=\"264\" src=\"https:\/\/prointer.fr\/meinau\/wp-content\/uploads\/sites\/6\/2026\/02\/Chorba-Grande-300x264.jpeg\" class=\"attachment-medium size-medium wp-image-73586\" alt=\"\" srcset=\"https:\/\/prointer.fr\/meinau\/wp-content\/uploads\/sites\/6\/2026\/02\/Chorba-Grande-300x264.jpeg 300w, https:\/\/prointer.fr\/meinau\/wp-content\/uploads\/sites\/6\/2026\/02\/Chorba-Grande-1024x902.jpeg 1024w, https:\/\/prointer.fr\/meinau\/wp-content\/uploads\/sites\/6\/2026\/02\/Chorba-Grande-768x677.jpeg 768w, https:\/\/prointer.fr\/meinau\/wp-content\/uploads\/sites\/6\/2026\/02\/Chorba-Grande-500x441.jpeg 500w, https:\/\/prointer.fr\/meinau\/wp-content\/uploads\/sites\/6\/2026\/02\/Chorba-Grande-900x793.jpeg 900w, https:\/\/prointer.fr\/meinau\/wp-content\/uploads\/sites\/6\/2026\/02\/Chorba-Grande.jpeg 1280w\" sizes=\"(max-width: 300px) 100vw, 300px\" \/><\/div>\n\t\t<\/a>\n\t\t\t\t<div class=\"elementor-post__text\">\n\t\t\t\t<h3 class=\"elementor-post__title\">\n\t\t\t<a href=\"https:\/\/prointer.fr\/meinau\/blog\/sarma-feuilles-de-vigne-farcies-duplicate\/\" >\n\t\t\t\tChorba\t\t\t<\/a>\n\t\t<\/h3>\n\t\t\t\t<div class=\"elementor-post__excerpt\">\n\t\t\t<p>Savourez notre Chorba, une soupe g\u00e9n\u00e9reuse et parfum\u00e9e, pr\u00e9par\u00e9e avec des ingr\u00e9dients soigneusement s\u00e9lectionn\u00e9s. Riche en saveurs, relev\u00e9e juste comme il faut, elle allie douceur et caract\u00e8re pour un r\u00e9sultat<\/p>\n\t\t<\/div>\n\t\t\n\t\t<a class=\"elementor-post__read-more\" href=\"https:\/\/prointer.fr\/meinau\/blog\/sarma-feuilles-de-vigne-farcies-duplicate\/\" aria-label=\"En savoir plus sur Chorba\" tabindex=\"-1\" >\n\t\t\tLire la recette...\t\t<\/a>\n\n\t\t\t\t<\/div>\n\t\t\t\t<\/article>\n\t\t\t\t<article class=\"elementor-post elementor-grid-item post-73575 post type-post status-publish format-standard has-post-thumbnail hentry category-les-recettes-du-monde category-menu category-plat tag-lentilles tag-menu tag-pois-chiches tag-recette tag-viande\" role=\"listitem\">\n\t\t\t\t<a class=\"elementor-post__thumbnail__link\" href=\"https:\/\/prointer.fr\/meinau\/blog\/sarma-feuilles-de-vigne-farcies\/\" tabindex=\"-1\" >\n\t\t\t<div class=\"elementor-post__thumbnail\"><img loading=\"lazy\" decoding=\"async\" width=\"200\" height=\"300\" src=\"https:\/\/prointer.fr\/meinau\/wp-content\/uploads\/sites\/6\/2026\/02\/front-view-tasty-leaf-dolma-with-tomatoes-dark-background-calorie-oil-dinner-food-meal-salad-dish-meat-restaurant-Moyenne-200x300.jpeg\" class=\"attachment-medium size-medium wp-image-73576\" alt=\"\" srcset=\"https:\/\/prointer.fr\/meinau\/wp-content\/uploads\/sites\/6\/2026\/02\/front-view-tasty-leaf-dolma-with-tomatoes-dark-background-calorie-oil-dinner-food-meal-salad-dish-meat-restaurant-Moyenne-200x300.jpeg 200w, https:\/\/prointer.fr\/meinau\/wp-content\/uploads\/sites\/6\/2026\/02\/front-view-tasty-leaf-dolma-with-tomatoes-dark-background-calorie-oil-dinner-food-meal-salad-dish-meat-restaurant-Moyenne.jpeg 427w\" sizes=\"(max-width: 200px) 100vw, 200px\" \/><\/div>\n\t\t<\/a>\n\t\t\t\t<div class=\"elementor-post__text\">\n\t\t\t\t<h3 class=\"elementor-post__title\">\n\t\t\t<a href=\"https:\/\/prointer.fr\/meinau\/blog\/sarma-feuilles-de-vigne-farcies\/\" >\n\t\t\t\tSarma (Feuilles de vigne farcies)\t\t\t<\/a>\n\t\t<\/h3>\n\t\t\t\t<div class=\"elementor-post__excerpt\">\n\t\t\t<p>D\u00e9couvrez nos Sarma, de d\u00e9licates feuilles de vigne farcies et roul\u00e9es avec soin. Une garniture savoureuse, subtilement assaisonn\u00e9e, envelopp\u00e9e dans une feuille tendre pour un \u00e9quilibre parfait entre fra\u00eecheur et<\/p>\n\t\t<\/div>\n\t\t\n\t\t<a class=\"elementor-post__read-more\" href=\"https:\/\/prointer.fr\/meinau\/blog\/sarma-feuilles-de-vigne-farcies\/\" aria-label=\"En savoir plus sur Sarma (Feuilles de vigne farcies)\" tabindex=\"-1\" >\n\t\t\tLire la recette...\t\t<\/a>\n\n\t\t\t\t<\/div>\n\t\t\t\t<\/article>\n\t\t\t\t<article class=\"elementor-post elementor-grid-item post-73568 post type-post status-publish format-standard has-post-thumbnail hentry category-les-recettes-du-monde category-menu category-plat tag-lentilles tag-menu tag-pois-chiches tag-recette tag-viande\" role=\"listitem\">\n\t\t\t\t<a class=\"elementor-post__thumbnail__link\" href=\"https:\/\/prointer.fr\/meinau\/blog\/borek-feuilletes-turcs-au-fromage-duplicate\/\" tabindex=\"-1\" >\n\t\t\t<div class=\"elementor-post__thumbnail\"><img loading=\"lazy\" decoding=\"async\" width=\"300\" height=\"276\" src=\"https:\/\/prointer.fr\/meinau\/wp-content\/uploads\/sites\/6\/2026\/02\/Gozleme-fromage--300x276.jpeg\" class=\"attachment-medium size-medium wp-image-73573\" alt=\"\" srcset=\"https:\/\/prointer.fr\/meinau\/wp-content\/uploads\/sites\/6\/2026\/02\/Gozleme-fromage--300x276.jpeg 300w, https:\/\/prointer.fr\/meinau\/wp-content\/uploads\/sites\/6\/2026\/02\/Gozleme-fromage--768x706.jpeg 768w, https:\/\/prointer.fr\/meinau\/wp-content\/uploads\/sites\/6\/2026\/02\/Gozleme-fromage--500x460.jpeg 500w, https:\/\/prointer.fr\/meinau\/wp-content\/uploads\/sites\/6\/2026\/02\/Gozleme-fromage--900x828.jpeg 900w, https:\/\/prointer.fr\/meinau\/wp-content\/uploads\/sites\/6\/2026\/02\/Gozleme-fromage-.jpeg 944w\" sizes=\"(max-width: 300px) 100vw, 300px\" \/><\/div>\n\t\t<\/a>\n\t\t\t\t<div class=\"elementor-post__text\">\n\t\t\t\t<h3 class=\"elementor-post__title\">\n\t\t\t<a href=\"https:\/\/prointer.fr\/meinau\/blog\/borek-feuilletes-turcs-au-fromage-duplicate\/\" >\n\t\t\t\tG\u00f6zleme au fromage et persil (Cr\u00eape sal\u00e9e)\t\t\t<\/a>\n\t\t<\/h3>\n\t\t\t\t<div class=\"elementor-post__excerpt\">\n\t\t\t<p>D\u00e9couvrez nos G\u00f6zleme au fromage et persil, ces cr\u00eapes sal\u00e9es turques qui font fondre les papilles. Une p\u00e2te fine et l\u00e9g\u00e8re enveloppe une farce g\u00e9n\u00e9reuse de fromage fondant et de<\/p>\n\t\t<\/div>\n\t\t\n\t\t<a class=\"elementor-post__read-more\" href=\"https:\/\/prointer.fr\/meinau\/blog\/borek-feuilletes-turcs-au-fromage-duplicate\/\" aria-label=\"En savoir plus sur G\u00f6zleme au fromage et persil (Cr\u00eape sal\u00e9e)\" tabindex=\"-1\" >\n\t\t\tLire la recette...\t\t<\/a>\n\n\t\t\t\t<\/div>\n\t\t\t\t<\/article>\n\t\t\t\t<article class=\"elementor-post elementor-grid-item post-73560 post type-post status-publish format-standard has-post-thumbnail hentry category-les-recettes-du-monde category-menu category-plat tag-lentilles tag-menu tag-pois-chiches tag-recette tag-viande\" role=\"listitem\">\n\t\t\t\t<a class=\"elementor-post__thumbnail__link\" href=\"https:\/\/prointer.fr\/meinau\/blog\/burek-feuillete-sale\/\" tabindex=\"-1\" >\n\t\t\t<div class=\"elementor-post__thumbnail\"><img loading=\"lazy\" decoding=\"async\" width=\"300\" height=\"300\" src=\"https:\/\/prointer.fr\/meinau\/wp-content\/uploads\/sites\/6\/2026\/02\/Borek-fromage-300x300.jpeg\" class=\"attachment-medium size-medium wp-image-73565\" alt=\"\" srcset=\"https:\/\/prointer.fr\/meinau\/wp-content\/uploads\/sites\/6\/2026\/02\/Borek-fromage-300x300.jpeg 300w, https:\/\/prointer.fr\/meinau\/wp-content\/uploads\/sites\/6\/2026\/02\/Borek-fromage-150x150.jpeg 150w, https:\/\/prointer.fr\/meinau\/wp-content\/uploads\/sites\/6\/2026\/02\/Borek-fromage-768x768.jpeg 768w, https:\/\/prointer.fr\/meinau\/wp-content\/uploads\/sites\/6\/2026\/02\/Borek-fromage-500x500.jpeg 500w, https:\/\/prointer.fr\/meinau\/wp-content\/uploads\/sites\/6\/2026\/02\/Borek-fromage-900x900.jpeg 900w, https:\/\/prointer.fr\/meinau\/wp-content\/uploads\/sites\/6\/2026\/02\/Borek-fromage-100x100.jpeg 100w, https:\/\/prointer.fr\/meinau\/wp-content\/uploads\/sites\/6\/2026\/02\/Borek-fromage-50x50.jpeg 50w, https:\/\/prointer.fr\/meinau\/wp-content\/uploads\/sites\/6\/2026\/02\/Borek-fromage-460x460.jpeg 460w, https:\/\/prointer.fr\/meinau\/wp-content\/uploads\/sites\/6\/2026\/02\/Borek-fromage.jpeg 1024w\" sizes=\"(max-width: 300px) 100vw, 300px\" \/><\/div>\n\t\t<\/a>\n\t\t\t\t<div class=\"elementor-post__text\">\n\t\t\t\t<h3 class=\"elementor-post__title\">\n\t\t\t<a href=\"https:\/\/prointer.fr\/meinau\/blog\/burek-feuillete-sale\/\" >\n\t\t\t\tB\u00f6rek (Feuillet\u00e9s turcs au fromage)\t\t\t<\/a>\n\t\t<\/h3>\n\t\t\t\t<div class=\"elementor-post__excerpt\">\n\t\t\t<p>Ces feuillet\u00e9s turcs sont de v\u00e9ritables petites merveilles croustillantes. Chaque bouch\u00e9e d\u00e9voile une p\u00e2te dor\u00e9e et l\u00e9g\u00e8re qui renferme une farce g\u00e9n\u00e9reuse et fondante au fromage, subtilement assaisonn\u00e9e. Que ce<\/p>\n\t\t<\/div>\n\t\t\n\t\t<a class=\"elementor-post__read-more\" href=\"https:\/\/prointer.fr\/meinau\/blog\/burek-feuillete-sale\/\" aria-label=\"En savoir plus sur B\u00f6rek (Feuillet\u00e9s turcs au fromage)\" tabindex=\"-1\" >\n\t\t\tLire la recette...\t\t<\/a>\n\n\t\t\t\t<\/div>\n\t\t\t\t<\/article>\n\t\t\t\t<article class=\"elementor-post elementor-grid-item post-73554 post type-post status-publish format-standard has-post-thumbnail hentry category-les-recettes-du-monde category-menu category-plat tag-lentilles tag-menu tag-pois-chiches tag-recette tag-viande\" role=\"listitem\">\n\t\t\t\t<a class=\"elementor-post__thumbnail__link\" href=\"https:\/\/prointer.fr\/meinau\/blog\/brick-a-la-viande-hachee\/\" tabindex=\"-1\" >\n\t\t\t<div class=\"elementor-post__thumbnail\"><img loading=\"lazy\" decoding=\"async\" width=\"200\" height=\"300\" src=\"https:\/\/prointer.fr\/meinau\/wp-content\/uploads\/sites\/6\/2026\/02\/Brick-a-la-viande-hache-200x300.jpeg\" class=\"attachment-medium size-medium wp-image-73558\" alt=\"\" srcset=\"https:\/\/prointer.fr\/meinau\/wp-content\/uploads\/sites\/6\/2026\/02\/Brick-a-la-viande-hache-200x300.jpeg 200w, https:\/\/prointer.fr\/meinau\/wp-content\/uploads\/sites\/6\/2026\/02\/Brick-a-la-viande-hache-683x1024.jpeg 683w, https:\/\/prointer.fr\/meinau\/wp-content\/uploads\/sites\/6\/2026\/02\/Brick-a-la-viande-hache-768x1152.jpeg 768w, https:\/\/prointer.fr\/meinau\/wp-content\/uploads\/sites\/6\/2026\/02\/Brick-a-la-viande-hache-500x750.jpeg 500w, https:\/\/prointer.fr\/meinau\/wp-content\/uploads\/sites\/6\/2026\/02\/Brick-a-la-viande-hache-900x1350.jpeg 900w, https:\/\/prointer.fr\/meinau\/wp-content\/uploads\/sites\/6\/2026\/02\/Brick-a-la-viande-hache.jpeg 1024w\" sizes=\"(max-width: 200px) 100vw, 200px\" \/><\/div>\n\t\t<\/a>\n\t\t\t\t<div class=\"elementor-post__text\">\n\t\t\t\t<h3 class=\"elementor-post__title\">\n\t\t\t<a href=\"https:\/\/prointer.fr\/meinau\/blog\/brick-a-la-viande-hachee\/\" >\n\t\t\t\tBrick \u00e0 la viande hach\u00e9e\t\t\t<\/a>\n\t\t<\/h3>\n\t\t\t\t<div class=\"elementor-post__excerpt\">\n\t\t\t<p>Difficile de r\u00e9sister \u00e0 de bonnes bricks \u00e0 la viande hach\u00e9e ! Avec leur farce g\u00e9n\u00e9reuse et bien assaisonn\u00e9e, envelopp\u00e9e dans une feuille fine et croustillante, elles sont dor\u00e9es \u00e0<\/p>\n\t\t<\/div>\n\t\t\n\t\t<a class=\"elementor-post__read-more\" href=\"https:\/\/prointer.fr\/meinau\/blog\/brick-a-la-viande-hachee\/\" aria-label=\"En savoir plus sur Brick \u00e0 la viande hach\u00e9e\" tabindex=\"-1\" >\n\t\t\tLire la recette...\t\t<\/a>\n\n\t\t\t\t<\/div>\n\t\t\t\t<\/article>\n\t\t\t\t<article class=\"elementor-post elementor-grid-item post-46642 post type-post status-publish format-standard has-post-thumbnail hentry category-les-recettes-du-monde category-menu category-plat tag-lentilles tag-menu tag-pois-chiches tag-recette tag-viande\" role=\"listitem\">\n\t\t\t\t<a class=\"elementor-post__thumbnail__link\" href=\"https:\/\/prointer.fr\/meinau\/blog\/ratatouille-duplicate\/\" tabindex=\"-1\" >\n\t\t\t<div class=\"elementor-post__thumbnail\"><img loading=\"lazy\" decoding=\"async\" width=\"300\" height=\"166\" src=\"https:\/\/prointer.fr\/meinau\/wp-content\/uploads\/sites\/6\/2025\/10\/Lasagne-ua-boeuf-300x166.jpeg\" class=\"attachment-medium size-medium wp-image-73567\" alt=\"Lasagne au boeuf\" srcset=\"https:\/\/prointer.fr\/meinau\/wp-content\/uploads\/sites\/6\/2025\/10\/Lasagne-ua-boeuf-300x166.jpeg 300w, https:\/\/prointer.fr\/meinau\/wp-content\/uploads\/sites\/6\/2025\/10\/Lasagne-ua-boeuf-1024x568.jpeg 1024w, https:\/\/prointer.fr\/meinau\/wp-content\/uploads\/sites\/6\/2025\/10\/Lasagne-ua-boeuf-768x426.jpeg 768w, https:\/\/prointer.fr\/meinau\/wp-content\/uploads\/sites\/6\/2025\/10\/Lasagne-ua-boeuf-1536x852.jpeg 1536w, https:\/\/prointer.fr\/meinau\/wp-content\/uploads\/sites\/6\/2025\/10\/Lasagne-ua-boeuf-500x277.jpeg 500w, https:\/\/prointer.fr\/meinau\/wp-content\/uploads\/sites\/6\/2025\/10\/Lasagne-ua-boeuf-900x499.jpeg 900w, https:\/\/prointer.fr\/meinau\/wp-content\/uploads\/sites\/6\/2025\/10\/Lasagne-ua-boeuf.jpeg 1738w\" sizes=\"(max-width: 300px) 100vw, 300px\" \/><\/div>\n\t\t<\/a>\n\t\t\t\t<div class=\"elementor-post__text\">\n\t\t\t\t<h3 class=\"elementor-post__title\">\n\t\t\t<a href=\"https:\/\/prointer.fr\/meinau\/blog\/ratatouille-duplicate\/\" >\n\t\t\t\tLasagnes boeuf\t\t\t<\/a>\n\t\t<\/h3>\n\t\t\t\t<div class=\"elementor-post__excerpt\">\n\t\t\t<p>Impossible de r\u00e9sister \u00e0 une bonne lasagne maison !\u00a0 Avec ses couches fondantes de p\u00e2tes, sa sauce bolognaise g\u00e9n\u00e9reuse, sa b\u00e9chamel onctueuse et son fromage gratin\u00e9, la lasagne de b\u0153uf<\/p>\n\t\t<\/div>\n\t\t\n\t\t<a class=\"elementor-post__read-more\" href=\"https:\/\/prointer.fr\/meinau\/blog\/ratatouille-duplicate\/\" aria-label=\"En savoir plus sur Lasagnes boeuf\" tabindex=\"-1\" >\n\t\t\tLire la recette...\t\t<\/a>\n\n\t\t\t\t<\/div>\n\t\t\t\t<\/article>\n\t\t\t\t<article class=\"elementor-post elementor-grid-item post-46468 post type-post status-publish format-standard has-post-thumbnail hentry category-les-recettes-du-monde category-menu category-plat tag-lentilles tag-menu tag-pois-chiches tag-recette tag-viande\" role=\"listitem\">\n\t\t\t\t<a class=\"elementor-post__thumbnail__link\" href=\"https:\/\/prointer.fr\/meinau\/blog\/ratatouille\/\" tabindex=\"-1\" >\n\t\t\t<div class=\"elementor-post__thumbnail\"><img loading=\"lazy\" decoding=\"async\" width=\"300\" height=\"199\" src=\"https:\/\/prointer.fr\/meinau\/wp-content\/uploads\/sites\/6\/2025\/10\/ratatouille-de-legumes-dans-une-poele-sur-une-table-en-bois-300x199.jpg\" class=\"attachment-medium size-medium wp-image-46637\" alt=\"\" srcset=\"https:\/\/prointer.fr\/meinau\/wp-content\/uploads\/sites\/6\/2025\/10\/ratatouille-de-legumes-dans-une-poele-sur-une-table-en-bois-300x199.jpg 300w, https:\/\/prointer.fr\/meinau\/wp-content\/uploads\/sites\/6\/2025\/10\/ratatouille-de-legumes-dans-une-poele-sur-une-table-en-bois-1024x680.jpg 1024w, https:\/\/prointer.fr\/meinau\/wp-content\/uploads\/sites\/6\/2025\/10\/ratatouille-de-legumes-dans-une-poele-sur-une-table-en-bois-768x510.jpg 768w, https:\/\/prointer.fr\/meinau\/wp-content\/uploads\/sites\/6\/2025\/10\/ratatouille-de-legumes-dans-une-poele-sur-une-table-en-bois-1536x1020.jpg 1536w, https:\/\/prointer.fr\/meinau\/wp-content\/uploads\/sites\/6\/2025\/10\/ratatouille-de-legumes-dans-une-poele-sur-une-table-en-bois-2048x1360.jpg 2048w, https:\/\/prointer.fr\/meinau\/wp-content\/uploads\/sites\/6\/2025\/10\/ratatouille-de-legumes-dans-une-poele-sur-une-table-en-bois-500x332.jpg 500w, https:\/\/prointer.fr\/meinau\/wp-content\/uploads\/sites\/6\/2025\/10\/ratatouille-de-legumes-dans-une-poele-sur-une-table-en-bois-900x598.jpg 900w\" sizes=\"(max-width: 300px) 100vw, 300px\" \/><\/div>\n\t\t<\/a>\n\t\t\t\t<div class=\"elementor-post__text\">\n\t\t\t\t<h3 class=\"elementor-post__title\">\n\t\t\t<a href=\"https:\/\/prointer.fr\/meinau\/blog\/ratatouille\/\" >\n\t\t\t\tRatatouille\t\t\t<\/a>\n\t\t<\/h3>\n\t\t\t\t<div class=\"elementor-post__excerpt\">\n\t\t\t<p>Direction le sud de la France avec un grand classique plein de couleurs et de saveurs : la Ratatouille ! Ce d\u00e9licieux m\u00e9lange de l\u00e9gumes mijot\u00e9s \u2014 tomates, aubergines, courgettes,<\/p>\n\t\t<\/div>\n\t\t\n\t\t<a class=\"elementor-post__read-more\" href=\"https:\/\/prointer.fr\/meinau\/blog\/ratatouille\/\" aria-label=\"En savoir plus sur Ratatouille\" tabindex=\"-1\" >\n\t\t\tLire la recette...\t\t<\/a>\n\n\t\t\t\t<\/div>\n\t\t\t\t<\/article>\n\t\t\t\t<article class=\"elementor-post elementor-grid-item post-46162 post type-post status-publish format-standard has-post-thumbnail hentry category-les-recettes-du-monde category-menu category-plat tag-lentilles tag-menu tag-pois-chiches tag-recette tag-viande\" role=\"listitem\">\n\t\t\t\t<a class=\"elementor-post__thumbnail__link\" href=\"https:\/\/prointer.fr\/meinau\/blog\/moussaka-gratin-daubergines-a-la-viande\/\" tabindex=\"-1\" >\n\t\t\t<div class=\"elementor-post__thumbnail\"><img loading=\"lazy\" decoding=\"async\" width=\"300\" height=\"190\" src=\"https:\/\/prointer.fr\/meinau\/wp-content\/uploads\/sites\/6\/2025\/10\/Capture-decran-2025-10-15-a-15.07.58-300x190.png\" class=\"attachment-medium size-medium wp-image-46465\" alt=\"\" srcset=\"https:\/\/prointer.fr\/meinau\/wp-content\/uploads\/sites\/6\/2025\/10\/Capture-decran-2025-10-15-a-15.07.58-300x190.png 300w, https:\/\/prointer.fr\/meinau\/wp-content\/uploads\/sites\/6\/2025\/10\/Capture-decran-2025-10-15-a-15.07.58-1024x649.png 1024w, https:\/\/prointer.fr\/meinau\/wp-content\/uploads\/sites\/6\/2025\/10\/Capture-decran-2025-10-15-a-15.07.58-768x487.png 768w, https:\/\/prointer.fr\/meinau\/wp-content\/uploads\/sites\/6\/2025\/10\/Capture-decran-2025-10-15-a-15.07.58-1536x974.png 1536w, https:\/\/prointer.fr\/meinau\/wp-content\/uploads\/sites\/6\/2025\/10\/Capture-decran-2025-10-15-a-15.07.58-500x317.png 500w, https:\/\/prointer.fr\/meinau\/wp-content\/uploads\/sites\/6\/2025\/10\/Capture-decran-2025-10-15-a-15.07.58-900x571.png 900w, https:\/\/prointer.fr\/meinau\/wp-content\/uploads\/sites\/6\/2025\/10\/Capture-decran-2025-10-15-a-15.07.58.png 1908w\" sizes=\"(max-width: 300px) 100vw, 300px\" \/><\/div>\n\t\t<\/a>\n\t\t\t\t<div class=\"elementor-post__text\">\n\t\t\t\t<h3 class=\"elementor-post__title\">\n\t\t\t<a href=\"https:\/\/prointer.fr\/meinau\/blog\/moussaka-gratin-daubergines-a-la-viande\/\" >\n\t\t\t\tMoussaka (Gratin d\u2019aubergines \u00e0 la viande)\t\t\t<\/a>\n\t\t<\/h3>\n\t\t\t\t<div class=\"elementor-post__excerpt\">\n\t\t\t<p>Cap sur la M\u00e9diterran\u00e9e avec un grand classique : la Moussaka ! Un d\u00e9licieux gratin d\u2019aubergines \u00e0 la viande hach\u00e9e, napp\u00e9 d\u2019une onctueuse sauce b\u00e9chamel et gratin\u00e9 au four pour<\/p>\n\t\t<\/div>\n\t\t\n\t\t<a class=\"elementor-post__read-more\" href=\"https:\/\/prointer.fr\/meinau\/blog\/moussaka-gratin-daubergines-a-la-viande\/\" aria-label=\"En savoir plus sur Moussaka (Gratin d\u2019aubergines \u00e0 la viande)\" tabindex=\"-1\" >\n\t\t\tLire la recette...\t\t<\/a>\n\n\t\t\t\t<\/div>\n\t\t\t\t<\/article>\n\t\t\t\t<article class=\"elementor-post elementor-grid-item post-45672 post type-post status-publish format-standard has-post-thumbnail hentry category-les-recettes-du-monde category-menu category-plat tag-lentilles tag-menu tag-pois-chiches tag-recette tag-viande\" role=\"listitem\">\n\t\t\t\t<a class=\"elementor-post__thumbnail__link\" href=\"https:\/\/prointer.fr\/meinau\/blog\/etli-nohut-ragout-de-pois-chiches-a-la-viande\/\" tabindex=\"-1\" >\n\t\t\t<div class=\"elementor-post__thumbnail\"><img loading=\"lazy\" decoding=\"async\" width=\"300\" height=\"226\" src=\"https:\/\/prointer.fr\/meinau\/wp-content\/uploads\/sites\/6\/2025\/10\/Capture-decran-2025-10-15-a-14.58.56-300x226.png\" class=\"attachment-medium size-medium wp-image-46467\" alt=\"\" srcset=\"https:\/\/prointer.fr\/meinau\/wp-content\/uploads\/sites\/6\/2025\/10\/Capture-decran-2025-10-15-a-14.58.56-300x226.png 300w, https:\/\/prointer.fr\/meinau\/wp-content\/uploads\/sites\/6\/2025\/10\/Capture-decran-2025-10-15-a-14.58.56-768x579.png 768w, https:\/\/prointer.fr\/meinau\/wp-content\/uploads\/sites\/6\/2025\/10\/Capture-decran-2025-10-15-a-14.58.56-820x620.png 820w, https:\/\/prointer.fr\/meinau\/wp-content\/uploads\/sites\/6\/2025\/10\/Capture-decran-2025-10-15-a-14.58.56-500x377.png 500w, https:\/\/prointer.fr\/meinau\/wp-content\/uploads\/sites\/6\/2025\/10\/Capture-decran-2025-10-15-a-14.58.56.png 835w\" sizes=\"(max-width: 300px) 100vw, 300px\" \/><\/div>\n\t\t<\/a>\n\t\t\t\t<div class=\"elementor-post__text\">\n\t\t\t\t<h3 class=\"elementor-post__title\">\n\t\t\t<a href=\"https:\/\/prointer.fr\/meinau\/blog\/etli-nohut-ragout-de-pois-chiches-a-la-viande\/\" >\n\t\t\t\tEtli Nohut (Rago\u00fbt de pois chiches \u00e0 la viande)\t\t\t<\/a>\n\t\t<\/h3>\n\t\t\t\t<div class=\"elementor-post__excerpt\">\n\t\t\t<p>Direction la Turquie avec ce plat simple, savoureux et r\u00e9confortant ! L\u2019Etli Nohut, c\u2019est un rago\u00fbt de pois chiches \u00e0 la viande, mijot\u00e9 lentement avec des \u00e9pices douces, des tomates<\/p>\n\t\t<\/div>\n\t\t\n\t\t<a class=\"elementor-post__read-more\" href=\"https:\/\/prointer.fr\/meinau\/blog\/etli-nohut-ragout-de-pois-chiches-a-la-viande\/\" aria-label=\"En savoir plus sur Etli Nohut (Rago\u00fbt de pois chiches \u00e0 la viande)\" tabindex=\"-1\" >\n\t\t\tLire la recette...\t\t<\/a>\n\n\t\t\t\t<\/div>\n\t\t\t\t<\/article>\n\t\t\t\t<article class=\"elementor-post elementor-grid-item post-33235 post type-post status-publish format-standard has-post-thumbnail hentry category-les-recettes-du-monde category-menu category-plat tag-lentilles tag-menu tag-pois-chiches tag-recette tag-viande\" role=\"listitem\">\n\t\t\t\t<a class=\"elementor-post__thumbnail__link\" href=\"https:\/\/prointer.fr\/meinau\/blog\/tajine-de-poulet-aux-citrons-confits-et-olives\/\" tabindex=\"-1\" >\n\t\t\t<div class=\"elementor-post__thumbnail\"><img loading=\"lazy\" decoding=\"async\" width=\"261\" height=\"300\" src=\"https:\/\/prointer.fr\/meinau\/wp-content\/uploads\/sites\/6\/2025\/10\/Capture-decran-2025-10-09-a-17.00.42-261x300.png\" class=\"attachment-medium size-medium wp-image-33341\" alt=\"\" srcset=\"https:\/\/prointer.fr\/meinau\/wp-content\/uploads\/sites\/6\/2025\/10\/Capture-decran-2025-10-09-a-17.00.42-261x300.png 261w, https:\/\/prointer.fr\/meinau\/wp-content\/uploads\/sites\/6\/2025\/10\/Capture-decran-2025-10-09-a-17.00.42.png 327w\" sizes=\"(max-width: 261px) 100vw, 261px\" \/><\/div>\n\t\t<\/a>\n\t\t\t\t<div class=\"elementor-post__text\">\n\t\t\t\t<h3 class=\"elementor-post__title\">\n\t\t\t<a href=\"https:\/\/prointer.fr\/meinau\/blog\/tajine-de-poulet-aux-citrons-confits-et-olives\/\" >\n\t\t\t\tTajine de poulet aux citrons confits et olives\t\t\t<\/a>\n\t\t<\/h3>\n\t\t\t\t<div class=\"elementor-post__excerpt\">\n\t\t\t<p>Cap sur le Maroc avec ce plat embl\u00e9matique plein de saveurs, de parfums et de soleil !Le tajine de poulet aux citrons confits et olives s\u00e9duit par son m\u00e9lange unique<\/p>\n\t\t<\/div>\n\t\t\n\t\t<a class=\"elementor-post__read-more\" href=\"https:\/\/prointer.fr\/meinau\/blog\/tajine-de-poulet-aux-citrons-confits-et-olives\/\" aria-label=\"En savoir plus sur Tajine de poulet aux citrons confits et olives\" tabindex=\"-1\" >\n\t\t\tLire la recette...\t\t<\/a>\n\n\t\t\t\t<\/div>\n\t\t\t\t<\/article>\n\t\t\t\t<article class=\"elementor-post elementor-grid-item post-27015 post type-post status-publish format-standard has-post-thumbnail hentry category-les-recettes-du-monde category-menu category-plat tag-lentilles tag-menu tag-pois-chiches tag-recette tag-viande\" role=\"listitem\">\n\t\t\t\t<a class=\"elementor-post__thumbnail__link\" href=\"https:\/\/prointer.fr\/meinau\/blog\/harira-marocaine-soupe-traditionnelle\/\" tabindex=\"-1\" >\n\t\t\t<div class=\"elementor-post__thumbnail\"><img loading=\"lazy\" decoding=\"async\" width=\"300\" height=\"175\" src=\"https:\/\/prointer.fr\/meinau\/wp-content\/uploads\/sites\/6\/2025\/10\/femme-tenue-bol-soupe-nourriture-photographie-idee-recette-Grande-300x175.jpeg\" class=\"attachment-medium size-medium wp-image-27308\" alt=\"\" srcset=\"https:\/\/prointer.fr\/meinau\/wp-content\/uploads\/sites\/6\/2025\/10\/femme-tenue-bol-soupe-nourriture-photographie-idee-recette-Grande-300x175.jpeg 300w, https:\/\/prointer.fr\/meinau\/wp-content\/uploads\/sites\/6\/2025\/10\/femme-tenue-bol-soupe-nourriture-photographie-idee-recette-Grande-1024x598.jpeg 1024w, https:\/\/prointer.fr\/meinau\/wp-content\/uploads\/sites\/6\/2025\/10\/femme-tenue-bol-soupe-nourriture-photographie-idee-recette-Grande-768x449.jpeg 768w, https:\/\/prointer.fr\/meinau\/wp-content\/uploads\/sites\/6\/2025\/10\/femme-tenue-bol-soupe-nourriture-photographie-idee-recette-Grande-500x292.jpeg 500w, https:\/\/prointer.fr\/meinau\/wp-content\/uploads\/sites\/6\/2025\/10\/femme-tenue-bol-soupe-nourriture-photographie-idee-recette-Grande-900x526.jpeg 900w, https:\/\/prointer.fr\/meinau\/wp-content\/uploads\/sites\/6\/2025\/10\/femme-tenue-bol-soupe-nourriture-photographie-idee-recette-Grande.jpeg 1280w\" sizes=\"(max-width: 300px) 100vw, 300px\" \/><\/div>\n\t\t<\/a>\n\t\t\t\t<div class=\"elementor-post__text\">\n\t\t\t\t<h3 class=\"elementor-post__title\">\n\t\t\t<a href=\"https:\/\/prointer.fr\/meinau\/blog\/harira-marocaine-soupe-traditionnelle\/\" >\n\t\t\t\tHarira marocaine (Soupe traditionnelle)\t\t\t<\/a>\n\t\t<\/h3>\n\t\t\t\t<div class=\"elementor-post__excerpt\">\n\t\t\t<p>Star des tables marocaines, surtout pendant le Ramadan, la Harira est une soupe riche, parfum\u00e9e et nourrissante.Pr\u00e9par\u00e9e \u00e0 base de tomates, lentilles, pois chiches, coriandre et \u00e9pices, elle offre un<\/p>\n\t\t<\/div>\n\t\t\n\t\t<a class=\"elementor-post__read-more\" href=\"https:\/\/prointer.fr\/meinau\/blog\/harira-marocaine-soupe-traditionnelle\/\" aria-label=\"En savoir plus sur Harira marocaine (Soupe traditionnelle)\" tabindex=\"-1\" >\n\t\t\tLire la recette...\t\t<\/a>\n\n\t\t\t\t<\/div>\n\t\t\t\t<\/article>\n\t\t\t\t<article class=\"elementor-post elementor-grid-item post-26738 post type-post status-publish format-standard has-post-thumbnail hentry category-les-recettes-du-monde category-menu category-plat tag-lentilles tag-menu tag-recette\" role=\"listitem\">\n\t\t\t\t<a class=\"elementor-post__thumbnail__link\" href=\"https:\/\/prointer.fr\/meinau\/blog\/mercimek-corbasi-soupe-lentilles\/\" tabindex=\"-1\" >\n\t\t\t<div class=\"elementor-post__thumbnail\"><img loading=\"lazy\" decoding=\"async\" width=\"300\" height=\"200\" src=\"https:\/\/prointer.fr\/meinau\/wp-content\/uploads\/sites\/6\/2025\/10\/vue-de-face-delicieuse-soupe-aux-lentilles-avec-tranche-de-citron-a-l-interieur-de-la-petite-assiette-sur-une-surface-sombre-Grande-300x200.jpeg\" class=\"attachment-medium size-medium wp-image-27012\" alt=\"\" srcset=\"https:\/\/prointer.fr\/meinau\/wp-content\/uploads\/sites\/6\/2025\/10\/vue-de-face-delicieuse-soupe-aux-lentilles-avec-tranche-de-citron-a-l-interieur-de-la-petite-assiette-sur-une-surface-sombre-Grande-300x200.jpeg 300w, https:\/\/prointer.fr\/meinau\/wp-content\/uploads\/sites\/6\/2025\/10\/vue-de-face-delicieuse-soupe-aux-lentilles-avec-tranche-de-citron-a-l-interieur-de-la-petite-assiette-sur-une-surface-sombre-Grande-1024x683.jpeg 1024w, https:\/\/prointer.fr\/meinau\/wp-content\/uploads\/sites\/6\/2025\/10\/vue-de-face-delicieuse-soupe-aux-lentilles-avec-tranche-de-citron-a-l-interieur-de-la-petite-assiette-sur-une-surface-sombre-Grande-768x512.jpeg 768w, https:\/\/prointer.fr\/meinau\/wp-content\/uploads\/sites\/6\/2025\/10\/vue-de-face-delicieuse-soupe-aux-lentilles-avec-tranche-de-citron-a-l-interieur-de-la-petite-assiette-sur-une-surface-sombre-Grande-500x334.jpeg 500w, https:\/\/prointer.fr\/meinau\/wp-content\/uploads\/sites\/6\/2025\/10\/vue-de-face-delicieuse-soupe-aux-lentilles-avec-tranche-de-citron-a-l-interieur-de-la-petite-assiette-sur-une-surface-sombre-Grande-900x600.jpeg 900w, https:\/\/prointer.fr\/meinau\/wp-content\/uploads\/sites\/6\/2025\/10\/vue-de-face-delicieuse-soupe-aux-lentilles-avec-tranche-de-citron-a-l-interieur-de-la-petite-assiette-sur-une-surface-sombre-Grande.jpeg 1280w\" sizes=\"(max-width: 300px) 100vw, 300px\" \/><\/div>\n\t\t<\/a>\n\t\t\t\t<div class=\"elementor-post__text\">\n\t\t\t\t<h3 class=\"elementor-post__title\">\n\t\t\t<a href=\"https:\/\/prointer.fr\/meinau\/blog\/mercimek-corbasi-soupe-lentilles\/\" >\n\t\t\t\tMercimek \u00c7orbasi (soupe lentilles)\t\t\t<\/a>\n\t\t<\/h3>\n\t\t\t\t<div class=\"elementor-post__excerpt\">\n\t\t\t<p>On entre dans la saison automnale et hivernale, et quoi de mieux qu\u2019une bonne soupe chaude et r\u00e9confortante pour affronter le froid ?&nbsp;Quand l\u2019envie de cuisiner se fait rare, cette<\/p>\n\t\t<\/div>\n\t\t\n\t\t<a class=\"elementor-post__read-more\" href=\"https:\/\/prointer.fr\/meinau\/blog\/mercimek-corbasi-soupe-lentilles\/\" aria-label=\"En savoir plus sur Mercimek \u00c7orbasi (soupe lentilles)\" tabindex=\"-1\" >\n\t\t\tLire la recette...\t\t<\/a>\n\n\t\t\t\t<\/div>\n\t\t\t\t<\/article>\n\t\t\t\t<article class=\"elementor-post elementor-grid-item post-26387 post type-post status-publish format-standard has-post-thumbnail hentry category-les-recettes-du-monde category-menu category-plat tag-kofte tag-pomme-de-terre tag-recette\" role=\"listitem\">\n\t\t\t\t<a class=\"elementor-post__thumbnail__link\" href=\"https:\/\/prointer.fr\/meinau\/blog\/kofte-au-four-avec-patates\/\" tabindex=\"-1\" >\n\t\t\t<div class=\"elementor-post__thumbnail\"><img loading=\"lazy\" decoding=\"async\" width=\"300\" height=\"200\" src=\"https:\/\/prointer.fr\/meinau\/wp-content\/uploads\/sites\/6\/2025\/10\/escalopes-de-viande-avec-des-epices-de-pomme-de-terre-verts-vue-laterale-Grande-300x200.jpeg\" class=\"attachment-medium size-medium wp-image-26736\" alt=\"\" srcset=\"https:\/\/prointer.fr\/meinau\/wp-content\/uploads\/sites\/6\/2025\/10\/escalopes-de-viande-avec-des-epices-de-pomme-de-terre-verts-vue-laterale-Grande-300x200.jpeg 300w, https:\/\/prointer.fr\/meinau\/wp-content\/uploads\/sites\/6\/2025\/10\/escalopes-de-viande-avec-des-epices-de-pomme-de-terre-verts-vue-laterale-Grande-1024x682.jpeg 1024w, https:\/\/prointer.fr\/meinau\/wp-content\/uploads\/sites\/6\/2025\/10\/escalopes-de-viande-avec-des-epices-de-pomme-de-terre-verts-vue-laterale-Grande-768x512.jpeg 768w, https:\/\/prointer.fr\/meinau\/wp-content\/uploads\/sites\/6\/2025\/10\/escalopes-de-viande-avec-des-epices-de-pomme-de-terre-verts-vue-laterale-Grande-500x333.jpeg 500w, https:\/\/prointer.fr\/meinau\/wp-content\/uploads\/sites\/6\/2025\/10\/escalopes-de-viande-avec-des-epices-de-pomme-de-terre-verts-vue-laterale-Grande-900x600.jpeg 900w, https:\/\/prointer.fr\/meinau\/wp-content\/uploads\/sites\/6\/2025\/10\/escalopes-de-viande-avec-des-epices-de-pomme-de-terre-verts-vue-laterale-Grande.jpeg 1280w\" sizes=\"(max-width: 300px) 100vw, 300px\" \/><\/div>\n\t\t<\/a>\n\t\t\t\t<div class=\"elementor-post__text\">\n\t\t\t\t<h3 class=\"elementor-post__title\">\n\t\t\t<a href=\"https:\/\/prointer.fr\/meinau\/blog\/kofte-au-four-avec-patates\/\" >\n\t\t\t\tK\u00f6fte au four avec pommes de terre\t\t\t<\/a>\n\t\t<\/h3>\n\t\t\t\t<div class=\"elementor-post__excerpt\">\n\t\t\t<p>Aujourd\u2019hui, on vous propose une recette parfaite pour un dimanche pluvieux : un plat r\u00e9confortant, chaud et plein de saveurs !D\u00e9couvrez le K\u00f6fte au four avec des pommes de terre,<\/p>\n\t\t<\/div>\n\t\t\n\t\t<a class=\"elementor-post__read-more\" href=\"https:\/\/prointer.fr\/meinau\/blog\/kofte-au-four-avec-patates\/\" aria-label=\"En savoir plus sur K\u00f6fte au four avec pommes de terre\" tabindex=\"-1\" >\n\t\t\tLire la recette...\t\t<\/a>\n\n\t\t\t\t<\/div>\n\t\t\t\t<\/article>\n\t\t\t\t<article class=\"elementor-post elementor-grid-item post-11167 post type-post status-publish format-standard has-post-thumbnail hentry category-les-recettes-du-monde category-menu category-plat tag-biryani tag-poulet tag-recette tag-riz\" role=\"listitem\">\n\t\t\t\t<a class=\"elementor-post__thumbnail__link\" href=\"https:\/\/prointer.fr\/meinau\/blog\/biryani-pakistanais-au-poulet-une-explosion-depices-et-de-saveurs\/\" tabindex=\"-1\" >\n\t\t\t<div class=\"elementor-post__thumbnail\"><img loading=\"lazy\" decoding=\"async\" width=\"300\" height=\"200\" src=\"https:\/\/prointer.fr\/meinau\/wp-content\/uploads\/sites\/6\/2025\/07\/j9lowncnl04-300x200.jpg\" class=\"attachment-medium size-medium wp-image-11168\" alt=\"a platter of food on a red cloth\" srcset=\"https:\/\/prointer.fr\/meinau\/wp-content\/uploads\/sites\/6\/2025\/07\/j9lowncnl04-300x200.jpg 300w, https:\/\/prointer.fr\/meinau\/wp-content\/uploads\/sites\/6\/2025\/07\/j9lowncnl04-1024x683.jpg 1024w, https:\/\/prointer.fr\/meinau\/wp-content\/uploads\/sites\/6\/2025\/07\/j9lowncnl04-768x512.jpg 768w, https:\/\/prointer.fr\/meinau\/wp-content\/uploads\/sites\/6\/2025\/07\/j9lowncnl04-1536x1024.jpg 1536w, https:\/\/prointer.fr\/meinau\/wp-content\/uploads\/sites\/6\/2025\/07\/j9lowncnl04-500x333.jpg 500w, https:\/\/prointer.fr\/meinau\/wp-content\/uploads\/sites\/6\/2025\/07\/j9lowncnl04-900x600.jpg 900w, https:\/\/prointer.fr\/meinau\/wp-content\/uploads\/sites\/6\/2025\/07\/j9lowncnl04.jpg 1600w\" sizes=\"(max-width: 300px) 100vw, 300px\" \/><\/div>\n\t\t<\/a>\n\t\t\t\t<div class=\"elementor-post__text\">\n\t\t\t\t<h3 class=\"elementor-post__title\">\n\t\t\t<a href=\"https:\/\/prointer.fr\/meinau\/blog\/biryani-pakistanais-au-poulet-une-explosion-depices-et-de-saveurs\/\" >\n\t\t\t\tBiryani pakistanais au poulet : une explosion d\u2019\u00e9pices et de saveurs\t\t\t<\/a>\n\t\t<\/h3>\n\t\t\t\t<div class=\"elementor-post__excerpt\">\n\t\t\t<p>Parmi les plats de f\u00eate les plus embl\u00e9matiques du sous-continent indien, le biryani pakistanais occupe une place de choix. Color\u00e9, g\u00e9n\u00e9reusement \u00e9pic\u00e9, et riche en ar\u00f4mes, ce riz aux mille<\/p>\n\t\t<\/div>\n\t\t\n\t\t<a class=\"elementor-post__read-more\" href=\"https:\/\/prointer.fr\/meinau\/blog\/biryani-pakistanais-au-poulet-une-explosion-depices-et-de-saveurs\/\" aria-label=\"En savoir plus sur Biryani pakistanais au poulet : une explosion d\u2019\u00e9pices et de saveurs\" tabindex=\"-1\" >\n\t\t\tLire la recette...\t\t<\/a>\n\n\t\t\t\t<\/div>\n\t\t\t\t<\/article>\n\t\t\t\t<article class=\"elementor-post elementor-grid-item post-11163 post type-post status-publish format-standard has-post-thumbnail hentry category-non-categorise category-les-recettes-du-monde category-plat tag-citron tag-olive tag-poulet tag-recette tag-tajine\" role=\"listitem\">\n\t\t\t\t<a class=\"elementor-post__thumbnail__link\" href=\"https:\/\/prointer.fr\/meinau\/blog\/tajine-de-poulet-aux-olives-et-citron-confit-la-recette-marocaine-incontournable\/\" tabindex=\"-1\" >\n\t\t\t<div class=\"elementor-post__thumbnail\"><img loading=\"lazy\" decoding=\"async\" width=\"300\" height=\"200\" src=\"https:\/\/prointer.fr\/meinau\/wp-content\/uploads\/sites\/6\/2025\/07\/kxtan5fzdac-300x200.jpg\" class=\"attachment-medium size-medium wp-image-11166\" alt=\"soup in bowl\" srcset=\"https:\/\/prointer.fr\/meinau\/wp-content\/uploads\/sites\/6\/2025\/07\/kxtan5fzdac-300x200.jpg 300w, https:\/\/prointer.fr\/meinau\/wp-content\/uploads\/sites\/6\/2025\/07\/kxtan5fzdac-1024x683.jpg 1024w, https:\/\/prointer.fr\/meinau\/wp-content\/uploads\/sites\/6\/2025\/07\/kxtan5fzdac-768x512.jpg 768w, https:\/\/prointer.fr\/meinau\/wp-content\/uploads\/sites\/6\/2025\/07\/kxtan5fzdac-1536x1024.jpg 1536w, https:\/\/prointer.fr\/meinau\/wp-content\/uploads\/sites\/6\/2025\/07\/kxtan5fzdac-500x333.jpg 500w, https:\/\/prointer.fr\/meinau\/wp-content\/uploads\/sites\/6\/2025\/07\/kxtan5fzdac-900x600.jpg 900w, https:\/\/prointer.fr\/meinau\/wp-content\/uploads\/sites\/6\/2025\/07\/kxtan5fzdac.jpg 1600w\" sizes=\"(max-width: 300px) 100vw, 300px\" \/><\/div>\n\t\t<\/a>\n\t\t\t\t<div class=\"elementor-post__text\">\n\t\t\t\t<h3 class=\"elementor-post__title\">\n\t\t\t<a href=\"https:\/\/prointer.fr\/meinau\/blog\/tajine-de-poulet-aux-olives-et-citron-confit-la-recette-marocaine-incontournable\/\" >\n\t\t\t\tTajine de poulet aux olives et citron confit : la recette marocaine incontournable\t\t\t<\/a>\n\t\t<\/h3>\n\t\t\t\t<div class=\"elementor-post__excerpt\">\n\t\t\t<p>Le tajine de poulet aux olives et citron confit est l\u2019un des plats les plus embl\u00e9matiques de la cuisine marocaine. \u00c0 la fois parfum\u00e9, fondant et l\u00e9g\u00e8rement acidul\u00e9, ce tajine<\/p>\n\t\t<\/div>\n\t\t\n\t\t<a class=\"elementor-post__read-more\" href=\"https:\/\/prointer.fr\/meinau\/blog\/tajine-de-poulet-aux-olives-et-citron-confit-la-recette-marocaine-incontournable\/\" aria-label=\"En savoir plus sur Tajine de poulet aux olives et citron confit : la recette marocaine incontournable\" tabindex=\"-1\" >\n\t\t\tLire la recette...\t\t<\/a>\n\n\t\t\t\t<\/div>\n\t\t\t\t<\/article>\n\t\t\t\t<\/div>\n\t\t\n\t\t\t\t\t\t<\/div>\n\t\t\t\t<\/div>\n\t\t\t\t<\/div>\n\t\t<div id=\"e-n-tab-content-1455118864\" role=\"tabpanel\" aria-labelledby=\"e-n-tab-title-1455118864\" data-tab-index=\"4\" style=\"--n-tabs-title-order: 4;\" class=\" elementor-element elementor-element-8bde869 e-con-full e-flex e-con e-child\" data-id=\"8bde869\" data-element_type=\"container\">\n\t\t\t\t<div class=\"elementor-element elementor-element-074e9ef elementor-grid-3 elementor-grid-tablet-2 elementor-grid-mobile-1 elementor-posts--thumbnail-top elementor-widget elementor-widget-posts\" data-id=\"074e9ef\" data-element_type=\"widget\" data-settings=\"{&quot;classic_columns&quot;:&quot;3&quot;,&quot;classic_columns_tablet&quot;:&quot;2&quot;,&quot;classic_columns_mobile&quot;:&quot;1&quot;,&quot;classic_row_gap&quot;:{&quot;unit&quot;:&quot;px&quot;,&quot;size&quot;:35,&quot;sizes&quot;:[]},&quot;classic_row_gap_laptop&quot;:{&quot;unit&quot;:&quot;px&quot;,&quot;size&quot;:&quot;&quot;,&quot;sizes&quot;:[]},&quot;classic_row_gap_tablet_extra&quot;:{&quot;unit&quot;:&quot;px&quot;,&quot;size&quot;:&quot;&quot;,&quot;sizes&quot;:[]},&quot;classic_row_gap_tablet&quot;:{&quot;unit&quot;:&quot;px&quot;,&quot;size&quot;:&quot;&quot;,&quot;sizes&quot;:[]},&quot;classic_row_gap_mobile_extra&quot;:{&quot;unit&quot;:&quot;px&quot;,&quot;size&quot;:&quot;&quot;,&quot;sizes&quot;:[]},&quot;classic_row_gap_mobile&quot;:{&quot;unit&quot;:&quot;px&quot;,&quot;size&quot;:&quot;&quot;,&quot;sizes&quot;:[]}}\" data-widget_type=\"posts.classic\">\n\t\t\t\t<div class=\"elementor-widget-container\">\n\t\t\t\t\t\t\t<div class=\"elementor-posts-container elementor-posts elementor-posts--skin-classic elementor-grid\" role=\"list\">\n\t\t\t\t<article class=\"elementor-post elementor-grid-item post-11178 post type-post status-publish format-standard has-post-thumbnail hentry category-les-recettes-du-monde category-dessert category-menu tag-dessert tag-flan tag-lait tag-recette\" role=\"listitem\">\n\t\t\t\t<a class=\"elementor-post__thumbnail__link\" href=\"https:\/\/prointer.fr\/meinau\/blog\/mouhalabieh-libanais-le-flan-au-lait-parfume-a-la-fleur-doranger\/\" tabindex=\"-1\" >\n\t\t\t<div class=\"elementor-post__thumbnail\"><img loading=\"lazy\" decoding=\"async\" width=\"300\" height=\"200\" src=\"https:\/\/prointer.fr\/meinau\/wp-content\/uploads\/sites\/6\/2025\/07\/trvsgaubg8s-300x200.jpg\" class=\"attachment-medium size-medium wp-image-11181\" alt=\"a cupcake and a glass of milk on a table\" srcset=\"https:\/\/prointer.fr\/meinau\/wp-content\/uploads\/sites\/6\/2025\/07\/trvsgaubg8s-300x200.jpg 300w, https:\/\/prointer.fr\/meinau\/wp-content\/uploads\/sites\/6\/2025\/07\/trvsgaubg8s-1024x683.jpg 1024w, https:\/\/prointer.fr\/meinau\/wp-content\/uploads\/sites\/6\/2025\/07\/trvsgaubg8s-768x512.jpg 768w, https:\/\/prointer.fr\/meinau\/wp-content\/uploads\/sites\/6\/2025\/07\/trvsgaubg8s-1536x1024.jpg 1536w, https:\/\/prointer.fr\/meinau\/wp-content\/uploads\/sites\/6\/2025\/07\/trvsgaubg8s-500x333.jpg 500w, https:\/\/prointer.fr\/meinau\/wp-content\/uploads\/sites\/6\/2025\/07\/trvsgaubg8s-900x600.jpg 900w, https:\/\/prointer.fr\/meinau\/wp-content\/uploads\/sites\/6\/2025\/07\/trvsgaubg8s.jpg 1600w\" sizes=\"(max-width: 300px) 100vw, 300px\" \/><\/div>\n\t\t<\/a>\n\t\t\t\t<div class=\"elementor-post__text\">\n\t\t\t\t<h3 class=\"elementor-post__title\">\n\t\t\t<a href=\"https:\/\/prointer.fr\/meinau\/blog\/mouhalabieh-libanais-le-flan-au-lait-parfume-a-la-fleur-doranger\/\" >\n\t\t\t\tMouhalabieh libanais : le flan au lait parfum\u00e9 \u00e0 la fleur d\u2019oranger\t\t\t<\/a>\n\t\t<\/h3>\n\t\t\t\t<div class=\"elementor-post__excerpt\">\n\t\t\t<p>Le mouhalabieh (ou mouhalabiya) est un dessert traditionnel libanais \u00e0 base de lait, d\u00e9licatement parfum\u00e9 \u00e0 la fleur d\u2019oranger ou \u00e0 l\u2019eau de rose. L\u00e9ger, soyeux et rafra\u00eechissant, ce flan<\/p>\n\t\t<\/div>\n\t\t\n\t\t<a class=\"elementor-post__read-more\" href=\"https:\/\/prointer.fr\/meinau\/blog\/mouhalabieh-libanais-le-flan-au-lait-parfume-a-la-fleur-doranger\/\" aria-label=\"En savoir plus sur Mouhalabieh libanais : le flan au lait parfum\u00e9 \u00e0 la fleur d\u2019oranger\" tabindex=\"-1\" >\n\t\t\tLire la recette...\t\t<\/a>\n\n\t\t\t\t<\/div>\n\t\t\t\t<\/article>\n\t\t\t\t<\/div>\n\t\t\n\t\t\t\t\t\t<\/div>\n\t\t\t\t<\/div>\n\t\t\t\t<\/div>\n\t\t<div id=\"e-n-tab-content-1455118865\" role=\"tabpanel\" aria-labelledby=\"e-n-tab-title-1455118865\" data-tab-index=\"5\" style=\"--n-tabs-title-order: 5;\" class=\" elementor-element elementor-element-aef92a8 e-con-full e-flex e-con e-child\" data-id=\"aef92a8\" data-element_type=\"container\">\n\t\t\t\t<div class=\"elementor-element elementor-element-45f30e2 elementor-grid-3 elementor-grid-tablet-2 elementor-grid-mobile-1 elementor-posts--thumbnail-top elementor-widget elementor-widget-posts\" data-id=\"45f30e2\" data-element_type=\"widget\" data-settings=\"{&quot;classic_columns&quot;:&quot;3&quot;,&quot;classic_columns_tablet&quot;:&quot;2&quot;,&quot;classic_columns_mobile&quot;:&quot;1&quot;,&quot;classic_row_gap&quot;:{&quot;unit&quot;:&quot;px&quot;,&quot;size&quot;:35,&quot;sizes&quot;:[]},&quot;classic_row_gap_laptop&quot;:{&quot;unit&quot;:&quot;px&quot;,&quot;size&quot;:&quot;&quot;,&quot;sizes&quot;:[]},&quot;classic_row_gap_tablet_extra&quot;:{&quot;unit&quot;:&quot;px&quot;,&quot;size&quot;:&quot;&quot;,&quot;sizes&quot;:[]},&quot;classic_row_gap_tablet&quot;:{&quot;unit&quot;:&quot;px&quot;,&quot;size&quot;:&quot;&quot;,&quot;sizes&quot;:[]},&quot;classic_row_gap_mobile_extra&quot;:{&quot;unit&quot;:&quot;px&quot;,&quot;size&quot;:&quot;&quot;,&quot;sizes&quot;:[]},&quot;classic_row_gap_mobile&quot;:{&quot;unit&quot;:&quot;px&quot;,&quot;size&quot;:&quot;&quot;,&quot;sizes&quot;:[]}}\" data-widget_type=\"posts.classic\">\n\t\t\t\t<div class=\"elementor-widget-container\">\n\t\t\t\t\t\t\t<div class=\"elementor-posts-container elementor-posts elementor-posts--skin-classic elementor-grid\" role=\"list\">\n\t\t\t\t<article class=\"elementor-post elementor-grid-item post-11174 post type-post status-publish format-standard has-post-thumbnail hentry category-les-recettes-du-monde category-boisson category-menu tag-laban tag-recette\" role=\"listitem\">\n\t\t\t\t<a class=\"elementor-post__thumbnail__link\" href=\"https:\/\/prointer.fr\/meinau\/blog\/laban-maison-la-boisson-au-yaourt-libanaise-rafraichissante\/\" tabindex=\"-1\" >\n\t\t\t<div class=\"elementor-post__thumbnail\"><img loading=\"lazy\" decoding=\"async\" width=\"300\" height=\"200\" src=\"https:\/\/prointer.fr\/meinau\/wp-content\/uploads\/sites\/6\/2025\/07\/64yyzgscq7u-300x200.jpg\" class=\"attachment-medium size-medium wp-image-11175\" alt=\"A glass of milk with a spoon next to it\" srcset=\"https:\/\/prointer.fr\/meinau\/wp-content\/uploads\/sites\/6\/2025\/07\/64yyzgscq7u-300x200.jpg 300w, https:\/\/prointer.fr\/meinau\/wp-content\/uploads\/sites\/6\/2025\/07\/64yyzgscq7u-1024x683.jpg 1024w, https:\/\/prointer.fr\/meinau\/wp-content\/uploads\/sites\/6\/2025\/07\/64yyzgscq7u-768x512.jpg 768w, https:\/\/prointer.fr\/meinau\/wp-content\/uploads\/sites\/6\/2025\/07\/64yyzgscq7u-1536x1024.jpg 1536w, https:\/\/prointer.fr\/meinau\/wp-content\/uploads\/sites\/6\/2025\/07\/64yyzgscq7u-500x333.jpg 500w, https:\/\/prointer.fr\/meinau\/wp-content\/uploads\/sites\/6\/2025\/07\/64yyzgscq7u-900x600.jpg 900w, https:\/\/prointer.fr\/meinau\/wp-content\/uploads\/sites\/6\/2025\/07\/64yyzgscq7u.jpg 1600w\" sizes=\"(max-width: 300px) 100vw, 300px\" \/><\/div>\n\t\t<\/a>\n\t\t\t\t<div class=\"elementor-post__text\">\n\t\t\t\t<h3 class=\"elementor-post__title\">\n\t\t\t<a href=\"https:\/\/prointer.fr\/meinau\/blog\/laban-maison-la-boisson-au-yaourt-libanaise-rafraichissante\/\" >\n\t\t\t\tLaban maison : la boisson au yaourt libanaise rafra\u00eechissante\t\t\t<\/a>\n\t\t<\/h3>\n\t\t\t\t<div class=\"elementor-post__excerpt\">\n\t\t\t<p>Le laban est une boisson traditionnelle libanaise \u00e0 base de yaourt, servie bien fra\u00eeche, souvent au d\u00e9jeuner ou pendant les fortes chaleurs. Riche en probiotiques, l\u00e9g\u00e8rement sal\u00e9e et ultra d\u00e9salt\u00e9rante,<\/p>\n\t\t<\/div>\n\t\t\n\t\t<a class=\"elementor-post__read-more\" href=\"https:\/\/prointer.fr\/meinau\/blog\/laban-maison-la-boisson-au-yaourt-libanaise-rafraichissante\/\" aria-label=\"En savoir plus sur Laban maison : la boisson au yaourt libanaise rafra\u00eechissante\" tabindex=\"-1\" >\n\t\t\tLire la recette...\t\t<\/a>\n\n\t\t\t\t<\/div>\n\t\t\t\t<\/article>\n\t\t\t\t<\/div>\n\t\t\n\t\t\t\t\t\t<\/div>\n\t\t\t\t<\/div>\n\t\t\t\t<\/div>\n\t\t<div id=\"e-n-tab-content-1455118866\" role=\"tabpanel\" aria-labelledby=\"e-n-tab-title-1455118866\" data-tab-index=\"6\" style=\"--n-tabs-title-order: 6;\" class=\" elementor-element elementor-element-a910e29 e-flex e-con-boxed e-con e-child\" data-id=\"a910e29\" data-element_type=\"container\">\n\t\t\t\t\t<div class=\"e-con-inner\">\n\t\t\t\t<div class=\"elementor-element elementor-element-e503174 elementor-grid-3 elementor-grid-tablet-2 elementor-grid-mobile-1 elementor-posts--thumbnail-top elementor-widget elementor-widget-posts\" data-id=\"e503174\" data-element_type=\"widget\" data-settings=\"{&quot;classic_columns&quot;:&quot;3&quot;,&quot;classic_columns_tablet&quot;:&quot;2&quot;,&quot;classic_columns_mobile&quot;:&quot;1&quot;,&quot;classic_row_gap&quot;:{&quot;unit&quot;:&quot;px&quot;,&quot;size&quot;:35,&quot;sizes&quot;:[]},&quot;classic_row_gap_laptop&quot;:{&quot;unit&quot;:&quot;px&quot;,&quot;size&quot;:&quot;&quot;,&quot;sizes&quot;:[]},&quot;classic_row_gap_tablet_extra&quot;:{&quot;unit&quot;:&quot;px&quot;,&quot;size&quot;:&quot;&quot;,&quot;sizes&quot;:[]},&quot;classic_row_gap_tablet&quot;:{&quot;unit&quot;:&quot;px&quot;,&quot;size&quot;:&quot;&quot;,&quot;sizes&quot;:[]},&quot;classic_row_gap_mobile_extra&quot;:{&quot;unit&quot;:&quot;px&quot;,&quot;size&quot;:&quot;&quot;,&quot;sizes&quot;:[]},&quot;classic_row_gap_mobile&quot;:{&quot;unit&quot;:&quot;px&quot;,&quot;size&quot;:&quot;&quot;,&quot;sizes&quot;:[]}}\" data-widget_type=\"posts.classic\">\n\t\t\t\t<div class=\"elementor-widget-container\">\n\t\t\t\t\t\t\t<div class=\"elementor-posts-container elementor-posts elementor-posts--skin-classic elementor-grid\" role=\"list\">\n\t\t\t\t<article class=\"elementor-post elementor-grid-item post-73593 post type-post status-publish format-standard has-post-thumbnail hentry category-les-recettes-du-monde category-menu category-plat tag-lentilles tag-menu tag-pois-chiches tag-recette tag-viande\" role=\"listitem\">\n\t\t\t\t<a class=\"elementor-post__thumbnail__link\" href=\"https:\/\/prointer.fr\/meinau\/blog\/zaalouk-caviar-daubergines-marocain\/\" tabindex=\"-1\" >\n\t\t\t<div class=\"elementor-post__thumbnail\"><img fetchpriority=\"high\" decoding=\"async\" width=\"288\" height=\"300\" src=\"https:\/\/prointer.fr\/meinau\/wp-content\/uploads\/sites\/6\/2026\/02\/Zaalouk-bis-Grande-288x300.jpeg\" class=\"attachment-medium size-medium wp-image-73599\" alt=\"\" srcset=\"https:\/\/prointer.fr\/meinau\/wp-content\/uploads\/sites\/6\/2026\/02\/Zaalouk-bis-Grande-288x300.jpeg 288w, https:\/\/prointer.fr\/meinau\/wp-content\/uploads\/sites\/6\/2026\/02\/Zaalouk-bis-Grande-500x521.jpeg 500w, https:\/\/prointer.fr\/meinau\/wp-content\/uploads\/sites\/6\/2026\/02\/Zaalouk-bis-Grande.jpeg 632w\" sizes=\"(max-width: 288px) 100vw, 288px\" \/><\/div>\n\t\t<\/a>\n\t\t\t\t<div class=\"elementor-post__text\">\n\t\t\t\t<h3 class=\"elementor-post__title\">\n\t\t\t<a href=\"https:\/\/prointer.fr\/meinau\/blog\/zaalouk-caviar-daubergines-marocain\/\" >\n\t\t\t\tZaalouk (Caviar d\u2019aubergines marocain)\t\t\t<\/a>\n\t\t<\/h3>\n\t\t\t\t<div class=\"elementor-post__excerpt\">\n\t\t\t<p>D\u00e9couvrez le Zaalouk, cette salade d\u2019aubergines cuisin\u00e9e avec soin, relev\u00e9e d\u2019ail, d\u2019\u00e9pices et d\u2019une touche d\u2019huile d\u2019olive. Fondant, parfum\u00e9 et plein de caract\u00e8re, il se d\u00e9guste aussi bien en entr\u00e9e<\/p>\n\t\t<\/div>\n\t\t\n\t\t<a class=\"elementor-post__read-more\" href=\"https:\/\/prointer.fr\/meinau\/blog\/zaalouk-caviar-daubergines-marocain\/\" aria-label=\"En savoir plus sur Zaalouk (Caviar d\u2019aubergines marocain)\" tabindex=\"-1\" >\n\t\t\tLire la recette...\t\t<\/a>\n\n\t\t\t\t<\/div>\n\t\t\t\t<\/article>\n\t\t\t\t<article class=\"elementor-post elementor-grid-item post-73587 post type-post status-publish format-standard has-post-thumbnail hentry category-les-recettes-du-monde category-menu category-plat tag-lentilles tag-menu tag-pois-chiches tag-recette tag-viande\" role=\"listitem\">\n\t\t\t\t<a class=\"elementor-post__thumbnail__link\" href=\"https:\/\/prointer.fr\/meinau\/blog\/basboussa-gateau-a-la-semoule-2\/\" tabindex=\"-1\" >\n\t\t\t<div class=\"elementor-post__thumbnail\"><img decoding=\"async\" width=\"300\" height=\"200\" src=\"https:\/\/prointer.fr\/meinau\/wp-content\/uploads\/sites\/6\/2026\/02\/homemade-turkish-dessert-semolina-cake-Moyenne-300x200.jpeg\" class=\"attachment-medium size-medium wp-image-73588\" alt=\"\" srcset=\"https:\/\/prointer.fr\/meinau\/wp-content\/uploads\/sites\/6\/2026\/02\/homemade-turkish-dessert-semolina-cake-Moyenne-300x200.jpeg 300w, https:\/\/prointer.fr\/meinau\/wp-content\/uploads\/sites\/6\/2026\/02\/homemade-turkish-dessert-semolina-cake-Moyenne-500x334.jpeg 500w, https:\/\/prointer.fr\/meinau\/wp-content\/uploads\/sites\/6\/2026\/02\/homemade-turkish-dessert-semolina-cake-Moyenne.jpeg 640w\" sizes=\"(max-width: 300px) 100vw, 300px\" \/><\/div>\n\t\t<\/a>\n\t\t\t\t<div class=\"elementor-post__text\">\n\t\t\t\t<h3 class=\"elementor-post__title\">\n\t\t\t<a href=\"https:\/\/prointer.fr\/meinau\/blog\/basboussa-gateau-a-la-semoule-2\/\" >\n\t\t\t\tBasboussa (G\u00e2teau \u00e0 la semoule)\t\t\t<\/a>\n\t\t<\/h3>\n\t\t\t\t<div class=\"elementor-post__excerpt\">\n\t\t\t<p>D\u00e9couvrez la Basboussa, ce g\u00e2teau traditionnel \u00e0 la semoule d\u00e9licatement imbib\u00e9 de sirop parfum\u00e9. Moelleuse, fondante et subtilement sucr\u00e9e, elle s\u00e9duit d\u00e8s la premi\u00e8re bouch\u00e9e. Parfaite pour accompagner un th\u00e9<\/p>\n\t\t<\/div>\n\t\t\n\t\t<a class=\"elementor-post__read-more\" href=\"https:\/\/prointer.fr\/meinau\/blog\/basboussa-gateau-a-la-semoule-2\/\" aria-label=\"En savoir plus sur Basboussa (G\u00e2teau \u00e0 la semoule)\" tabindex=\"-1\" >\n\t\t\tLire la recette...\t\t<\/a>\n\n\t\t\t\t<\/div>\n\t\t\t\t<\/article>\n\t\t\t\t<article class=\"elementor-post elementor-grid-item post-73581 post type-post status-publish format-standard has-post-thumbnail hentry category-les-recettes-du-monde category-menu category-plat tag-lentilles tag-menu tag-pois-chiches tag-recette tag-viande\" role=\"listitem\">\n\t\t\t\t<a class=\"elementor-post__thumbnail__link\" href=\"https:\/\/prointer.fr\/meinau\/blog\/sarma-feuilles-de-vigne-farcies-duplicate\/\" tabindex=\"-1\" >\n\t\t\t<div class=\"elementor-post__thumbnail\"><img decoding=\"async\" width=\"300\" height=\"264\" src=\"https:\/\/prointer.fr\/meinau\/wp-content\/uploads\/sites\/6\/2026\/02\/Chorba-Grande-300x264.jpeg\" class=\"attachment-medium size-medium wp-image-73586\" alt=\"\" srcset=\"https:\/\/prointer.fr\/meinau\/wp-content\/uploads\/sites\/6\/2026\/02\/Chorba-Grande-300x264.jpeg 300w, https:\/\/prointer.fr\/meinau\/wp-content\/uploads\/sites\/6\/2026\/02\/Chorba-Grande-1024x902.jpeg 1024w, https:\/\/prointer.fr\/meinau\/wp-content\/uploads\/sites\/6\/2026\/02\/Chorba-Grande-768x677.jpeg 768w, https:\/\/prointer.fr\/meinau\/wp-content\/uploads\/sites\/6\/2026\/02\/Chorba-Grande-500x441.jpeg 500w, https:\/\/prointer.fr\/meinau\/wp-content\/uploads\/sites\/6\/2026\/02\/Chorba-Grande-900x793.jpeg 900w, https:\/\/prointer.fr\/meinau\/wp-content\/uploads\/sites\/6\/2026\/02\/Chorba-Grande.jpeg 1280w\" sizes=\"(max-width: 300px) 100vw, 300px\" \/><\/div>\n\t\t<\/a>\n\t\t\t\t<div class=\"elementor-post__text\">\n\t\t\t\t<h3 class=\"elementor-post__title\">\n\t\t\t<a href=\"https:\/\/prointer.fr\/meinau\/blog\/sarma-feuilles-de-vigne-farcies-duplicate\/\" >\n\t\t\t\tChorba\t\t\t<\/a>\n\t\t<\/h3>\n\t\t\t\t<div class=\"elementor-post__excerpt\">\n\t\t\t<p>Savourez notre Chorba, une soupe g\u00e9n\u00e9reuse et parfum\u00e9e, pr\u00e9par\u00e9e avec des ingr\u00e9dients soigneusement s\u00e9lectionn\u00e9s. Riche en saveurs, relev\u00e9e juste comme il faut, elle allie douceur et caract\u00e8re pour un r\u00e9sultat<\/p>\n\t\t<\/div>\n\t\t\n\t\t<a class=\"elementor-post__read-more\" href=\"https:\/\/prointer.fr\/meinau\/blog\/sarma-feuilles-de-vigne-farcies-duplicate\/\" aria-label=\"En savoir plus sur Chorba\" tabindex=\"-1\" >\n\t\t\tLire la recette...\t\t<\/a>\n\n\t\t\t\t<\/div>\n\t\t\t\t<\/article>\n\t\t\t\t<article class=\"elementor-post elementor-grid-item post-73575 post type-post status-publish format-standard has-post-thumbnail hentry category-les-recettes-du-monde category-menu category-plat tag-lentilles tag-menu tag-pois-chiches tag-recette tag-viande\" role=\"listitem\">\n\t\t\t\t<a class=\"elementor-post__thumbnail__link\" href=\"https:\/\/prointer.fr\/meinau\/blog\/sarma-feuilles-de-vigne-farcies\/\" tabindex=\"-1\" >\n\t\t\t<div class=\"elementor-post__thumbnail\"><img loading=\"lazy\" decoding=\"async\" width=\"200\" height=\"300\" src=\"https:\/\/prointer.fr\/meinau\/wp-content\/uploads\/sites\/6\/2026\/02\/front-view-tasty-leaf-dolma-with-tomatoes-dark-background-calorie-oil-dinner-food-meal-salad-dish-meat-restaurant-Moyenne-200x300.jpeg\" class=\"attachment-medium size-medium wp-image-73576\" alt=\"\" srcset=\"https:\/\/prointer.fr\/meinau\/wp-content\/uploads\/sites\/6\/2026\/02\/front-view-tasty-leaf-dolma-with-tomatoes-dark-background-calorie-oil-dinner-food-meal-salad-dish-meat-restaurant-Moyenne-200x300.jpeg 200w, https:\/\/prointer.fr\/meinau\/wp-content\/uploads\/sites\/6\/2026\/02\/front-view-tasty-leaf-dolma-with-tomatoes-dark-background-calorie-oil-dinner-food-meal-salad-dish-meat-restaurant-Moyenne.jpeg 427w\" sizes=\"(max-width: 200px) 100vw, 200px\" \/><\/div>\n\t\t<\/a>\n\t\t\t\t<div class=\"elementor-post__text\">\n\t\t\t\t<h3 class=\"elementor-post__title\">\n\t\t\t<a href=\"https:\/\/prointer.fr\/meinau\/blog\/sarma-feuilles-de-vigne-farcies\/\" >\n\t\t\t\tSarma (Feuilles de vigne farcies)\t\t\t<\/a>\n\t\t<\/h3>\n\t\t\t\t<div class=\"elementor-post__excerpt\">\n\t\t\t<p>D\u00e9couvrez nos Sarma, de d\u00e9licates feuilles de vigne farcies et roul\u00e9es avec soin. Une garniture savoureuse, subtilement assaisonn\u00e9e, envelopp\u00e9e dans une feuille tendre pour un \u00e9quilibre parfait entre fra\u00eecheur et<\/p>\n\t\t<\/div>\n\t\t\n\t\t<a class=\"elementor-post__read-more\" href=\"https:\/\/prointer.fr\/meinau\/blog\/sarma-feuilles-de-vigne-farcies\/\" aria-label=\"En savoir plus sur Sarma (Feuilles de vigne farcies)\" tabindex=\"-1\" >\n\t\t\tLire la recette...\t\t<\/a>\n\n\t\t\t\t<\/div>\n\t\t\t\t<\/article>\n\t\t\t\t<article class=\"elementor-post elementor-grid-item post-73568 post type-post status-publish format-standard has-post-thumbnail hentry category-les-recettes-du-monde category-menu category-plat tag-lentilles tag-menu tag-pois-chiches tag-recette tag-viande\" role=\"listitem\">\n\t\t\t\t<a class=\"elementor-post__thumbnail__link\" href=\"https:\/\/prointer.fr\/meinau\/blog\/borek-feuilletes-turcs-au-fromage-duplicate\/\" tabindex=\"-1\" >\n\t\t\t<div class=\"elementor-post__thumbnail\"><img loading=\"lazy\" decoding=\"async\" width=\"300\" height=\"276\" src=\"https:\/\/prointer.fr\/meinau\/wp-content\/uploads\/sites\/6\/2026\/02\/Gozleme-fromage--300x276.jpeg\" class=\"attachment-medium size-medium wp-image-73573\" alt=\"\" srcset=\"https:\/\/prointer.fr\/meinau\/wp-content\/uploads\/sites\/6\/2026\/02\/Gozleme-fromage--300x276.jpeg 300w, https:\/\/prointer.fr\/meinau\/wp-content\/uploads\/sites\/6\/2026\/02\/Gozleme-fromage--768x706.jpeg 768w, https:\/\/prointer.fr\/meinau\/wp-content\/uploads\/sites\/6\/2026\/02\/Gozleme-fromage--500x460.jpeg 500w, https:\/\/prointer.fr\/meinau\/wp-content\/uploads\/sites\/6\/2026\/02\/Gozleme-fromage--900x828.jpeg 900w, https:\/\/prointer.fr\/meinau\/wp-content\/uploads\/sites\/6\/2026\/02\/Gozleme-fromage-.jpeg 944w\" sizes=\"(max-width: 300px) 100vw, 300px\" \/><\/div>\n\t\t<\/a>\n\t\t\t\t<div class=\"elementor-post__text\">\n\t\t\t\t<h3 class=\"elementor-post__title\">\n\t\t\t<a href=\"https:\/\/prointer.fr\/meinau\/blog\/borek-feuilletes-turcs-au-fromage-duplicate\/\" >\n\t\t\t\tG\u00f6zleme au fromage et persil (Cr\u00eape sal\u00e9e)\t\t\t<\/a>\n\t\t<\/h3>\n\t\t\t\t<div class=\"elementor-post__excerpt\">\n\t\t\t<p>D\u00e9couvrez nos G\u00f6zleme au fromage et persil, ces cr\u00eapes sal\u00e9es turques qui font fondre les papilles. Une p\u00e2te fine et l\u00e9g\u00e8re enveloppe une farce g\u00e9n\u00e9reuse de fromage fondant et de<\/p>\n\t\t<\/div>\n\t\t\n\t\t<a class=\"elementor-post__read-more\" href=\"https:\/\/prointer.fr\/meinau\/blog\/borek-feuilletes-turcs-au-fromage-duplicate\/\" aria-label=\"En savoir plus sur G\u00f6zleme au fromage et persil (Cr\u00eape sal\u00e9e)\" tabindex=\"-1\" >\n\t\t\tLire la recette...\t\t<\/a>\n\n\t\t\t\t<\/div>\n\t\t\t\t<\/article>\n\t\t\t\t<article class=\"elementor-post elementor-grid-item post-73560 post type-post status-publish format-standard has-post-thumbnail hentry category-les-recettes-du-monde category-menu category-plat tag-lentilles tag-menu tag-pois-chiches tag-recette tag-viande\" role=\"listitem\">\n\t\t\t\t<a class=\"elementor-post__thumbnail__link\" href=\"https:\/\/prointer.fr\/meinau\/blog\/burek-feuillete-sale\/\" tabindex=\"-1\" >\n\t\t\t<div class=\"elementor-post__thumbnail\"><img loading=\"lazy\" decoding=\"async\" width=\"300\" height=\"300\" src=\"https:\/\/prointer.fr\/meinau\/wp-content\/uploads\/sites\/6\/2026\/02\/Borek-fromage-300x300.jpeg\" class=\"attachment-medium size-medium wp-image-73565\" alt=\"\" srcset=\"https:\/\/prointer.fr\/meinau\/wp-content\/uploads\/sites\/6\/2026\/02\/Borek-fromage-300x300.jpeg 300w, https:\/\/prointer.fr\/meinau\/wp-content\/uploads\/sites\/6\/2026\/02\/Borek-fromage-150x150.jpeg 150w, https:\/\/prointer.fr\/meinau\/wp-content\/uploads\/sites\/6\/2026\/02\/Borek-fromage-768x768.jpeg 768w, https:\/\/prointer.fr\/meinau\/wp-content\/uploads\/sites\/6\/2026\/02\/Borek-fromage-500x500.jpeg 500w, https:\/\/prointer.fr\/meinau\/wp-content\/uploads\/sites\/6\/2026\/02\/Borek-fromage-900x900.jpeg 900w, https:\/\/prointer.fr\/meinau\/wp-content\/uploads\/sites\/6\/2026\/02\/Borek-fromage-100x100.jpeg 100w, https:\/\/prointer.fr\/meinau\/wp-content\/uploads\/sites\/6\/2026\/02\/Borek-fromage-50x50.jpeg 50w, https:\/\/prointer.fr\/meinau\/wp-content\/uploads\/sites\/6\/2026\/02\/Borek-fromage-460x460.jpeg 460w, https:\/\/prointer.fr\/meinau\/wp-content\/uploads\/sites\/6\/2026\/02\/Borek-fromage.jpeg 1024w\" sizes=\"(max-width: 300px) 100vw, 300px\" \/><\/div>\n\t\t<\/a>\n\t\t\t\t<div class=\"elementor-post__text\">\n\t\t\t\t<h3 class=\"elementor-post__title\">\n\t\t\t<a href=\"https:\/\/prointer.fr\/meinau\/blog\/burek-feuillete-sale\/\" >\n\t\t\t\tB\u00f6rek (Feuillet\u00e9s turcs au fromage)\t\t\t<\/a>\n\t\t<\/h3>\n\t\t\t\t<div class=\"elementor-post__excerpt\">\n\t\t\t<p>Ces feuillet\u00e9s turcs sont de v\u00e9ritables petites merveilles croustillantes. Chaque bouch\u00e9e d\u00e9voile une p\u00e2te dor\u00e9e et l\u00e9g\u00e8re qui renferme une farce g\u00e9n\u00e9reuse et fondante au fromage, subtilement assaisonn\u00e9e. Que ce<\/p>\n\t\t<\/div>\n\t\t\n\t\t<a class=\"elementor-post__read-more\" href=\"https:\/\/prointer.fr\/meinau\/blog\/burek-feuillete-sale\/\" aria-label=\"En savoir plus sur B\u00f6rek (Feuillet\u00e9s turcs au fromage)\" tabindex=\"-1\" >\n\t\t\tLire la recette...\t\t<\/a>\n\n\t\t\t\t<\/div>\n\t\t\t\t<\/article>\n\t\t\t\t<article class=\"elementor-post elementor-grid-item post-73554 post type-post status-publish format-standard has-post-thumbnail hentry category-les-recettes-du-monde category-menu category-plat tag-lentilles tag-menu tag-pois-chiches tag-recette tag-viande\" role=\"listitem\">\n\t\t\t\t<a class=\"elementor-post__thumbnail__link\" href=\"https:\/\/prointer.fr\/meinau\/blog\/brick-a-la-viande-hachee\/\" tabindex=\"-1\" >\n\t\t\t<div class=\"elementor-post__thumbnail\"><img loading=\"lazy\" decoding=\"async\" width=\"200\" height=\"300\" src=\"https:\/\/prointer.fr\/meinau\/wp-content\/uploads\/sites\/6\/2026\/02\/Brick-a-la-viande-hache-200x300.jpeg\" class=\"attachment-medium size-medium wp-image-73558\" alt=\"\" srcset=\"https:\/\/prointer.fr\/meinau\/wp-content\/uploads\/sites\/6\/2026\/02\/Brick-a-la-viande-hache-200x300.jpeg 200w, https:\/\/prointer.fr\/meinau\/wp-content\/uploads\/sites\/6\/2026\/02\/Brick-a-la-viande-hache-683x1024.jpeg 683w, https:\/\/prointer.fr\/meinau\/wp-content\/uploads\/sites\/6\/2026\/02\/Brick-a-la-viande-hache-768x1152.jpeg 768w, https:\/\/prointer.fr\/meinau\/wp-content\/uploads\/sites\/6\/2026\/02\/Brick-a-la-viande-hache-500x750.jpeg 500w, https:\/\/prointer.fr\/meinau\/wp-content\/uploads\/sites\/6\/2026\/02\/Brick-a-la-viande-hache-900x1350.jpeg 900w, https:\/\/prointer.fr\/meinau\/wp-content\/uploads\/sites\/6\/2026\/02\/Brick-a-la-viande-hache.jpeg 1024w\" sizes=\"(max-width: 200px) 100vw, 200px\" \/><\/div>\n\t\t<\/a>\n\t\t\t\t<div class=\"elementor-post__text\">\n\t\t\t\t<h3 class=\"elementor-post__title\">\n\t\t\t<a href=\"https:\/\/prointer.fr\/meinau\/blog\/brick-a-la-viande-hachee\/\" >\n\t\t\t\tBrick \u00e0 la viande hach\u00e9e\t\t\t<\/a>\n\t\t<\/h3>\n\t\t\t\t<div class=\"elementor-post__excerpt\">\n\t\t\t<p>Difficile de r\u00e9sister \u00e0 de bonnes bricks \u00e0 la viande hach\u00e9e ! Avec leur farce g\u00e9n\u00e9reuse et bien assaisonn\u00e9e, envelopp\u00e9e dans une feuille fine et croustillante, elles sont dor\u00e9es \u00e0<\/p>\n\t\t<\/div>\n\t\t\n\t\t<a class=\"elementor-post__read-more\" href=\"https:\/\/prointer.fr\/meinau\/blog\/brick-a-la-viande-hachee\/\" aria-label=\"En savoir plus sur Brick \u00e0 la viande hach\u00e9e\" tabindex=\"-1\" >\n\t\t\tLire la recette...\t\t<\/a>\n\n\t\t\t\t<\/div>\n\t\t\t\t<\/article>\n\t\t\t\t<article class=\"elementor-post elementor-grid-item post-46642 post type-post status-publish format-standard has-post-thumbnail hentry category-les-recettes-du-monde category-menu category-plat tag-lentilles tag-menu tag-pois-chiches tag-recette tag-viande\" role=\"listitem\">\n\t\t\t\t<a class=\"elementor-post__thumbnail__link\" href=\"https:\/\/prointer.fr\/meinau\/blog\/ratatouille-duplicate\/\" tabindex=\"-1\" >\n\t\t\t<div class=\"elementor-post__thumbnail\"><img loading=\"lazy\" decoding=\"async\" width=\"300\" height=\"166\" src=\"https:\/\/prointer.fr\/meinau\/wp-content\/uploads\/sites\/6\/2025\/10\/Lasagne-ua-boeuf-300x166.jpeg\" class=\"attachment-medium size-medium wp-image-73567\" alt=\"Lasagne au boeuf\" srcset=\"https:\/\/prointer.fr\/meinau\/wp-content\/uploads\/sites\/6\/2025\/10\/Lasagne-ua-boeuf-300x166.jpeg 300w, https:\/\/prointer.fr\/meinau\/wp-content\/uploads\/sites\/6\/2025\/10\/Lasagne-ua-boeuf-1024x568.jpeg 1024w, https:\/\/prointer.fr\/meinau\/wp-content\/uploads\/sites\/6\/2025\/10\/Lasagne-ua-boeuf-768x426.jpeg 768w, https:\/\/prointer.fr\/meinau\/wp-content\/uploads\/sites\/6\/2025\/10\/Lasagne-ua-boeuf-1536x852.jpeg 1536w, https:\/\/prointer.fr\/meinau\/wp-content\/uploads\/sites\/6\/2025\/10\/Lasagne-ua-boeuf-500x277.jpeg 500w, https:\/\/prointer.fr\/meinau\/wp-content\/uploads\/sites\/6\/2025\/10\/Lasagne-ua-boeuf-900x499.jpeg 900w, https:\/\/prointer.fr\/meinau\/wp-content\/uploads\/sites\/6\/2025\/10\/Lasagne-ua-boeuf.jpeg 1738w\" sizes=\"(max-width: 300px) 100vw, 300px\" \/><\/div>\n\t\t<\/a>\n\t\t\t\t<div class=\"elementor-post__text\">\n\t\t\t\t<h3 class=\"elementor-post__title\">\n\t\t\t<a href=\"https:\/\/prointer.fr\/meinau\/blog\/ratatouille-duplicate\/\" >\n\t\t\t\tLasagnes boeuf\t\t\t<\/a>\n\t\t<\/h3>\n\t\t\t\t<div class=\"elementor-post__excerpt\">\n\t\t\t<p>Impossible de r\u00e9sister \u00e0 une bonne lasagne maison !\u00a0 Avec ses couches fondantes de p\u00e2tes, sa sauce bolognaise g\u00e9n\u00e9reuse, sa b\u00e9chamel onctueuse et son fromage gratin\u00e9, la lasagne de b\u0153uf<\/p>\n\t\t<\/div>\n\t\t\n\t\t<a class=\"elementor-post__read-more\" href=\"https:\/\/prointer.fr\/meinau\/blog\/ratatouille-duplicate\/\" aria-label=\"En savoir plus sur Lasagnes boeuf\" tabindex=\"-1\" >\n\t\t\tLire la recette...\t\t<\/a>\n\n\t\t\t\t<\/div>\n\t\t\t\t<\/article>\n\t\t\t\t<article class=\"elementor-post elementor-grid-item post-46468 post type-post status-publish format-standard has-post-thumbnail hentry category-les-recettes-du-monde category-menu category-plat tag-lentilles tag-menu tag-pois-chiches tag-recette tag-viande\" role=\"listitem\">\n\t\t\t\t<a class=\"elementor-post__thumbnail__link\" href=\"https:\/\/prointer.fr\/meinau\/blog\/ratatouille\/\" tabindex=\"-1\" >\n\t\t\t<div class=\"elementor-post__thumbnail\"><img loading=\"lazy\" decoding=\"async\" width=\"300\" height=\"199\" src=\"https:\/\/prointer.fr\/meinau\/wp-content\/uploads\/sites\/6\/2025\/10\/ratatouille-de-legumes-dans-une-poele-sur-une-table-en-bois-300x199.jpg\" class=\"attachment-medium size-medium wp-image-46637\" alt=\"\" srcset=\"https:\/\/prointer.fr\/meinau\/wp-content\/uploads\/sites\/6\/2025\/10\/ratatouille-de-legumes-dans-une-poele-sur-une-table-en-bois-300x199.jpg 300w, https:\/\/prointer.fr\/meinau\/wp-content\/uploads\/sites\/6\/2025\/10\/ratatouille-de-legumes-dans-une-poele-sur-une-table-en-bois-1024x680.jpg 1024w, https:\/\/prointer.fr\/meinau\/wp-content\/uploads\/sites\/6\/2025\/10\/ratatouille-de-legumes-dans-une-poele-sur-une-table-en-bois-768x510.jpg 768w, https:\/\/prointer.fr\/meinau\/wp-content\/uploads\/sites\/6\/2025\/10\/ratatouille-de-legumes-dans-une-poele-sur-une-table-en-bois-1536x1020.jpg 1536w, https:\/\/prointer.fr\/meinau\/wp-content\/uploads\/sites\/6\/2025\/10\/ratatouille-de-legumes-dans-une-poele-sur-une-table-en-bois-2048x1360.jpg 2048w, https:\/\/prointer.fr\/meinau\/wp-content\/uploads\/sites\/6\/2025\/10\/ratatouille-de-legumes-dans-une-poele-sur-une-table-en-bois-500x332.jpg 500w, https:\/\/prointer.fr\/meinau\/wp-content\/uploads\/sites\/6\/2025\/10\/ratatouille-de-legumes-dans-une-poele-sur-une-table-en-bois-900x598.jpg 900w\" sizes=\"(max-width: 300px) 100vw, 300px\" \/><\/div>\n\t\t<\/a>\n\t\t\t\t<div class=\"elementor-post__text\">\n\t\t\t\t<h3 class=\"elementor-post__title\">\n\t\t\t<a href=\"https:\/\/prointer.fr\/meinau\/blog\/ratatouille\/\" >\n\t\t\t\tRatatouille\t\t\t<\/a>\n\t\t<\/h3>\n\t\t\t\t<div class=\"elementor-post__excerpt\">\n\t\t\t<p>Direction le sud de la France avec un grand classique plein de couleurs et de saveurs : la Ratatouille ! Ce d\u00e9licieux m\u00e9lange de l\u00e9gumes mijot\u00e9s \u2014 tomates, aubergines, courgettes,<\/p>\n\t\t<\/div>\n\t\t\n\t\t<a class=\"elementor-post__read-more\" href=\"https:\/\/prointer.fr\/meinau\/blog\/ratatouille\/\" aria-label=\"En savoir plus sur Ratatouille\" tabindex=\"-1\" >\n\t\t\tLire la recette...\t\t<\/a>\n\n\t\t\t\t<\/div>\n\t\t\t\t<\/article>\n\t\t\t\t<article class=\"elementor-post elementor-grid-item post-46162 post type-post status-publish format-standard has-post-thumbnail hentry category-les-recettes-du-monde category-menu category-plat tag-lentilles tag-menu tag-pois-chiches tag-recette tag-viande\" role=\"listitem\">\n\t\t\t\t<a class=\"elementor-post__thumbnail__link\" href=\"https:\/\/prointer.fr\/meinau\/blog\/moussaka-gratin-daubergines-a-la-viande\/\" tabindex=\"-1\" >\n\t\t\t<div class=\"elementor-post__thumbnail\"><img loading=\"lazy\" decoding=\"async\" width=\"300\" height=\"190\" src=\"https:\/\/prointer.fr\/meinau\/wp-content\/uploads\/sites\/6\/2025\/10\/Capture-decran-2025-10-15-a-15.07.58-300x190.png\" class=\"attachment-medium size-medium wp-image-46465\" alt=\"\" srcset=\"https:\/\/prointer.fr\/meinau\/wp-content\/uploads\/sites\/6\/2025\/10\/Capture-decran-2025-10-15-a-15.07.58-300x190.png 300w, https:\/\/prointer.fr\/meinau\/wp-content\/uploads\/sites\/6\/2025\/10\/Capture-decran-2025-10-15-a-15.07.58-1024x649.png 1024w, https:\/\/prointer.fr\/meinau\/wp-content\/uploads\/sites\/6\/2025\/10\/Capture-decran-2025-10-15-a-15.07.58-768x487.png 768w, https:\/\/prointer.fr\/meinau\/wp-content\/uploads\/sites\/6\/2025\/10\/Capture-decran-2025-10-15-a-15.07.58-1536x974.png 1536w, https:\/\/prointer.fr\/meinau\/wp-content\/uploads\/sites\/6\/2025\/10\/Capture-decran-2025-10-15-a-15.07.58-500x317.png 500w, https:\/\/prointer.fr\/meinau\/wp-content\/uploads\/sites\/6\/2025\/10\/Capture-decran-2025-10-15-a-15.07.58-900x571.png 900w, https:\/\/prointer.fr\/meinau\/wp-content\/uploads\/sites\/6\/2025\/10\/Capture-decran-2025-10-15-a-15.07.58.png 1908w\" sizes=\"(max-width: 300px) 100vw, 300px\" \/><\/div>\n\t\t<\/a>\n\t\t\t\t<div class=\"elementor-post__text\">\n\t\t\t\t<h3 class=\"elementor-post__title\">\n\t\t\t<a href=\"https:\/\/prointer.fr\/meinau\/blog\/moussaka-gratin-daubergines-a-la-viande\/\" >\n\t\t\t\tMoussaka (Gratin d\u2019aubergines \u00e0 la viande)\t\t\t<\/a>\n\t\t<\/h3>\n\t\t\t\t<div class=\"elementor-post__excerpt\">\n\t\t\t<p>Cap sur la M\u00e9diterran\u00e9e avec un grand classique : la Moussaka ! Un d\u00e9licieux gratin d\u2019aubergines \u00e0 la viande hach\u00e9e, napp\u00e9 d\u2019une onctueuse sauce b\u00e9chamel et gratin\u00e9 au four pour<\/p>\n\t\t<\/div>\n\t\t\n\t\t<a class=\"elementor-post__read-more\" href=\"https:\/\/prointer.fr\/meinau\/blog\/moussaka-gratin-daubergines-a-la-viande\/\" aria-label=\"En savoir plus sur Moussaka (Gratin d\u2019aubergines \u00e0 la viande)\" tabindex=\"-1\" >\n\t\t\tLire la recette...\t\t<\/a>\n\n\t\t\t\t<\/div>\n\t\t\t\t<\/article>\n\t\t\t\t<article class=\"elementor-post elementor-grid-item post-45672 post type-post status-publish format-standard has-post-thumbnail hentry category-les-recettes-du-monde category-menu category-plat tag-lentilles tag-menu tag-pois-chiches tag-recette tag-viande\" role=\"listitem\">\n\t\t\t\t<a class=\"elementor-post__thumbnail__link\" href=\"https:\/\/prointer.fr\/meinau\/blog\/etli-nohut-ragout-de-pois-chiches-a-la-viande\/\" tabindex=\"-1\" >\n\t\t\t<div class=\"elementor-post__thumbnail\"><img loading=\"lazy\" decoding=\"async\" width=\"300\" height=\"226\" src=\"https:\/\/prointer.fr\/meinau\/wp-content\/uploads\/sites\/6\/2025\/10\/Capture-decran-2025-10-15-a-14.58.56-300x226.png\" class=\"attachment-medium size-medium wp-image-46467\" alt=\"\" srcset=\"https:\/\/prointer.fr\/meinau\/wp-content\/uploads\/sites\/6\/2025\/10\/Capture-decran-2025-10-15-a-14.58.56-300x226.png 300w, https:\/\/prointer.fr\/meinau\/wp-content\/uploads\/sites\/6\/2025\/10\/Capture-decran-2025-10-15-a-14.58.56-768x579.png 768w, https:\/\/prointer.fr\/meinau\/wp-content\/uploads\/sites\/6\/2025\/10\/Capture-decran-2025-10-15-a-14.58.56-820x620.png 820w, https:\/\/prointer.fr\/meinau\/wp-content\/uploads\/sites\/6\/2025\/10\/Capture-decran-2025-10-15-a-14.58.56-500x377.png 500w, https:\/\/prointer.fr\/meinau\/wp-content\/uploads\/sites\/6\/2025\/10\/Capture-decran-2025-10-15-a-14.58.56.png 835w\" sizes=\"(max-width: 300px) 100vw, 300px\" \/><\/div>\n\t\t<\/a>\n\t\t\t\t<div class=\"elementor-post__text\">\n\t\t\t\t<h3 class=\"elementor-post__title\">\n\t\t\t<a href=\"https:\/\/prointer.fr\/meinau\/blog\/etli-nohut-ragout-de-pois-chiches-a-la-viande\/\" >\n\t\t\t\tEtli Nohut (Rago\u00fbt de pois chiches \u00e0 la viande)\t\t\t<\/a>\n\t\t<\/h3>\n\t\t\t\t<div class=\"elementor-post__excerpt\">\n\t\t\t<p>Direction la Turquie avec ce plat simple, savoureux et r\u00e9confortant ! L\u2019Etli Nohut, c\u2019est un rago\u00fbt de pois chiches \u00e0 la viande, mijot\u00e9 lentement avec des \u00e9pices douces, des tomates<\/p>\n\t\t<\/div>\n\t\t\n\t\t<a class=\"elementor-post__read-more\" href=\"https:\/\/prointer.fr\/meinau\/blog\/etli-nohut-ragout-de-pois-chiches-a-la-viande\/\" aria-label=\"En savoir plus sur Etli Nohut (Rago\u00fbt de pois chiches \u00e0 la viande)\" tabindex=\"-1\" >\n\t\t\tLire la recette...\t\t<\/a>\n\n\t\t\t\t<\/div>\n\t\t\t\t<\/article>\n\t\t\t\t<article class=\"elementor-post elementor-grid-item post-33235 post type-post status-publish format-standard has-post-thumbnail hentry category-les-recettes-du-monde category-menu category-plat tag-lentilles tag-menu tag-pois-chiches tag-recette tag-viande\" role=\"listitem\">\n\t\t\t\t<a class=\"elementor-post__thumbnail__link\" href=\"https:\/\/prointer.fr\/meinau\/blog\/tajine-de-poulet-aux-citrons-confits-et-olives\/\" tabindex=\"-1\" >\n\t\t\t<div class=\"elementor-post__thumbnail\"><img loading=\"lazy\" decoding=\"async\" width=\"261\" height=\"300\" src=\"https:\/\/prointer.fr\/meinau\/wp-content\/uploads\/sites\/6\/2025\/10\/Capture-decran-2025-10-09-a-17.00.42-261x300.png\" class=\"attachment-medium size-medium wp-image-33341\" alt=\"\" srcset=\"https:\/\/prointer.fr\/meinau\/wp-content\/uploads\/sites\/6\/2025\/10\/Capture-decran-2025-10-09-a-17.00.42-261x300.png 261w, https:\/\/prointer.fr\/meinau\/wp-content\/uploads\/sites\/6\/2025\/10\/Capture-decran-2025-10-09-a-17.00.42.png 327w\" sizes=\"(max-width: 261px) 100vw, 261px\" \/><\/div>\n\t\t<\/a>\n\t\t\t\t<div class=\"elementor-post__text\">\n\t\t\t\t<h3 class=\"elementor-post__title\">\n\t\t\t<a href=\"https:\/\/prointer.fr\/meinau\/blog\/tajine-de-poulet-aux-citrons-confits-et-olives\/\" >\n\t\t\t\tTajine de poulet aux citrons confits et olives\t\t\t<\/a>\n\t\t<\/h3>\n\t\t\t\t<div class=\"elementor-post__excerpt\">\n\t\t\t<p>Cap sur le Maroc avec ce plat embl\u00e9matique plein de saveurs, de parfums et de soleil !Le tajine de poulet aux citrons confits et olives s\u00e9duit par son m\u00e9lange unique<\/p>\n\t\t<\/div>\n\t\t\n\t\t<a class=\"elementor-post__read-more\" href=\"https:\/\/prointer.fr\/meinau\/blog\/tajine-de-poulet-aux-citrons-confits-et-olives\/\" aria-label=\"En savoir plus sur Tajine de poulet aux citrons confits et olives\" tabindex=\"-1\" >\n\t\t\tLire la recette...\t\t<\/a>\n\n\t\t\t\t<\/div>\n\t\t\t\t<\/article>\n\t\t\t\t<article class=\"elementor-post elementor-grid-item post-27015 post type-post status-publish format-standard has-post-thumbnail hentry category-les-recettes-du-monde category-menu category-plat tag-lentilles tag-menu tag-pois-chiches tag-recette tag-viande\" role=\"listitem\">\n\t\t\t\t<a class=\"elementor-post__thumbnail__link\" href=\"https:\/\/prointer.fr\/meinau\/blog\/harira-marocaine-soupe-traditionnelle\/\" tabindex=\"-1\" >\n\t\t\t<div class=\"elementor-post__thumbnail\"><img loading=\"lazy\" decoding=\"async\" width=\"300\" height=\"175\" src=\"https:\/\/prointer.fr\/meinau\/wp-content\/uploads\/sites\/6\/2025\/10\/femme-tenue-bol-soupe-nourriture-photographie-idee-recette-Grande-300x175.jpeg\" class=\"attachment-medium size-medium wp-image-27308\" alt=\"\" srcset=\"https:\/\/prointer.fr\/meinau\/wp-content\/uploads\/sites\/6\/2025\/10\/femme-tenue-bol-soupe-nourriture-photographie-idee-recette-Grande-300x175.jpeg 300w, https:\/\/prointer.fr\/meinau\/wp-content\/uploads\/sites\/6\/2025\/10\/femme-tenue-bol-soupe-nourriture-photographie-idee-recette-Grande-1024x598.jpeg 1024w, https:\/\/prointer.fr\/meinau\/wp-content\/uploads\/sites\/6\/2025\/10\/femme-tenue-bol-soupe-nourriture-photographie-idee-recette-Grande-768x449.jpeg 768w, https:\/\/prointer.fr\/meinau\/wp-content\/uploads\/sites\/6\/2025\/10\/femme-tenue-bol-soupe-nourriture-photographie-idee-recette-Grande-500x292.jpeg 500w, https:\/\/prointer.fr\/meinau\/wp-content\/uploads\/sites\/6\/2025\/10\/femme-tenue-bol-soupe-nourriture-photographie-idee-recette-Grande-900x526.jpeg 900w, https:\/\/prointer.fr\/meinau\/wp-content\/uploads\/sites\/6\/2025\/10\/femme-tenue-bol-soupe-nourriture-photographie-idee-recette-Grande.jpeg 1280w\" sizes=\"(max-width: 300px) 100vw, 300px\" \/><\/div>\n\t\t<\/a>\n\t\t\t\t<div class=\"elementor-post__text\">\n\t\t\t\t<h3 class=\"elementor-post__title\">\n\t\t\t<a href=\"https:\/\/prointer.fr\/meinau\/blog\/harira-marocaine-soupe-traditionnelle\/\" >\n\t\t\t\tHarira marocaine (Soupe traditionnelle)\t\t\t<\/a>\n\t\t<\/h3>\n\t\t\t\t<div class=\"elementor-post__excerpt\">\n\t\t\t<p>Star des tables marocaines, surtout pendant le Ramadan, la Harira est une soupe riche, parfum\u00e9e et nourrissante.Pr\u00e9par\u00e9e \u00e0 base de tomates, lentilles, pois chiches, coriandre et \u00e9pices, elle offre un<\/p>\n\t\t<\/div>\n\t\t\n\t\t<a class=\"elementor-post__read-more\" href=\"https:\/\/prointer.fr\/meinau\/blog\/harira-marocaine-soupe-traditionnelle\/\" aria-label=\"En savoir plus sur Harira marocaine (Soupe traditionnelle)\" tabindex=\"-1\" >\n\t\t\tLire la recette...\t\t<\/a>\n\n\t\t\t\t<\/div>\n\t\t\t\t<\/article>\n\t\t\t\t<article class=\"elementor-post elementor-grid-item post-26738 post type-post status-publish format-standard has-post-thumbnail hentry category-les-recettes-du-monde category-menu category-plat tag-lentilles tag-menu tag-recette\" role=\"listitem\">\n\t\t\t\t<a class=\"elementor-post__thumbnail__link\" href=\"https:\/\/prointer.fr\/meinau\/blog\/mercimek-corbasi-soupe-lentilles\/\" tabindex=\"-1\" >\n\t\t\t<div class=\"elementor-post__thumbnail\"><img loading=\"lazy\" decoding=\"async\" width=\"300\" height=\"200\" src=\"https:\/\/prointer.fr\/meinau\/wp-content\/uploads\/sites\/6\/2025\/10\/vue-de-face-delicieuse-soupe-aux-lentilles-avec-tranche-de-citron-a-l-interieur-de-la-petite-assiette-sur-une-surface-sombre-Grande-300x200.jpeg\" class=\"attachment-medium size-medium wp-image-27012\" alt=\"\" srcset=\"https:\/\/prointer.fr\/meinau\/wp-content\/uploads\/sites\/6\/2025\/10\/vue-de-face-delicieuse-soupe-aux-lentilles-avec-tranche-de-citron-a-l-interieur-de-la-petite-assiette-sur-une-surface-sombre-Grande-300x200.jpeg 300w, https:\/\/prointer.fr\/meinau\/wp-content\/uploads\/sites\/6\/2025\/10\/vue-de-face-delicieuse-soupe-aux-lentilles-avec-tranche-de-citron-a-l-interieur-de-la-petite-assiette-sur-une-surface-sombre-Grande-1024x683.jpeg 1024w, https:\/\/prointer.fr\/meinau\/wp-content\/uploads\/sites\/6\/2025\/10\/vue-de-face-delicieuse-soupe-aux-lentilles-avec-tranche-de-citron-a-l-interieur-de-la-petite-assiette-sur-une-surface-sombre-Grande-768x512.jpeg 768w, https:\/\/prointer.fr\/meinau\/wp-content\/uploads\/sites\/6\/2025\/10\/vue-de-face-delicieuse-soupe-aux-lentilles-avec-tranche-de-citron-a-l-interieur-de-la-petite-assiette-sur-une-surface-sombre-Grande-500x334.jpeg 500w, https:\/\/prointer.fr\/meinau\/wp-content\/uploads\/sites\/6\/2025\/10\/vue-de-face-delicieuse-soupe-aux-lentilles-avec-tranche-de-citron-a-l-interieur-de-la-petite-assiette-sur-une-surface-sombre-Grande-900x600.jpeg 900w, https:\/\/prointer.fr\/meinau\/wp-content\/uploads\/sites\/6\/2025\/10\/vue-de-face-delicieuse-soupe-aux-lentilles-avec-tranche-de-citron-a-l-interieur-de-la-petite-assiette-sur-une-surface-sombre-Grande.jpeg 1280w\" sizes=\"(max-width: 300px) 100vw, 300px\" \/><\/div>\n\t\t<\/a>\n\t\t\t\t<div class=\"elementor-post__text\">\n\t\t\t\t<h3 class=\"elementor-post__title\">\n\t\t\t<a href=\"https:\/\/prointer.fr\/meinau\/blog\/mercimek-corbasi-soupe-lentilles\/\" >\n\t\t\t\tMercimek \u00c7orbasi (soupe lentilles)\t\t\t<\/a>\n\t\t<\/h3>\n\t\t\t\t<div class=\"elementor-post__excerpt\">\n\t\t\t<p>On entre dans la saison automnale et hivernale, et quoi de mieux qu\u2019une bonne soupe chaude et r\u00e9confortante pour affronter le froid ?&nbsp;Quand l\u2019envie de cuisiner se fait rare, cette<\/p>\n\t\t<\/div>\n\t\t\n\t\t<a class=\"elementor-post__read-more\" href=\"https:\/\/prointer.fr\/meinau\/blog\/mercimek-corbasi-soupe-lentilles\/\" aria-label=\"En savoir plus sur Mercimek \u00c7orbasi (soupe lentilles)\" tabindex=\"-1\" >\n\t\t\tLire la recette...\t\t<\/a>\n\n\t\t\t\t<\/div>\n\t\t\t\t<\/article>\n\t\t\t\t<article class=\"elementor-post elementor-grid-item post-26387 post type-post status-publish format-standard has-post-thumbnail hentry category-les-recettes-du-monde category-menu category-plat tag-kofte tag-pomme-de-terre tag-recette\" role=\"listitem\">\n\t\t\t\t<a class=\"elementor-post__thumbnail__link\" href=\"https:\/\/prointer.fr\/meinau\/blog\/kofte-au-four-avec-patates\/\" tabindex=\"-1\" >\n\t\t\t<div class=\"elementor-post__thumbnail\"><img loading=\"lazy\" decoding=\"async\" width=\"300\" height=\"200\" src=\"https:\/\/prointer.fr\/meinau\/wp-content\/uploads\/sites\/6\/2025\/10\/escalopes-de-viande-avec-des-epices-de-pomme-de-terre-verts-vue-laterale-Grande-300x200.jpeg\" class=\"attachment-medium size-medium wp-image-26736\" alt=\"\" srcset=\"https:\/\/prointer.fr\/meinau\/wp-content\/uploads\/sites\/6\/2025\/10\/escalopes-de-viande-avec-des-epices-de-pomme-de-terre-verts-vue-laterale-Grande-300x200.jpeg 300w, https:\/\/prointer.fr\/meinau\/wp-content\/uploads\/sites\/6\/2025\/10\/escalopes-de-viande-avec-des-epices-de-pomme-de-terre-verts-vue-laterale-Grande-1024x682.jpeg 1024w, https:\/\/prointer.fr\/meinau\/wp-content\/uploads\/sites\/6\/2025\/10\/escalopes-de-viande-avec-des-epices-de-pomme-de-terre-verts-vue-laterale-Grande-768x512.jpeg 768w, https:\/\/prointer.fr\/meinau\/wp-content\/uploads\/sites\/6\/2025\/10\/escalopes-de-viande-avec-des-epices-de-pomme-de-terre-verts-vue-laterale-Grande-500x333.jpeg 500w, https:\/\/prointer.fr\/meinau\/wp-content\/uploads\/sites\/6\/2025\/10\/escalopes-de-viande-avec-des-epices-de-pomme-de-terre-verts-vue-laterale-Grande-900x600.jpeg 900w, https:\/\/prointer.fr\/meinau\/wp-content\/uploads\/sites\/6\/2025\/10\/escalopes-de-viande-avec-des-epices-de-pomme-de-terre-verts-vue-laterale-Grande.jpeg 1280w\" sizes=\"(max-width: 300px) 100vw, 300px\" \/><\/div>\n\t\t<\/a>\n\t\t\t\t<div class=\"elementor-post__text\">\n\t\t\t\t<h3 class=\"elementor-post__title\">\n\t\t\t<a href=\"https:\/\/prointer.fr\/meinau\/blog\/kofte-au-four-avec-patates\/\" >\n\t\t\t\tK\u00f6fte au four avec pommes de terre\t\t\t<\/a>\n\t\t<\/h3>\n\t\t\t\t<div class=\"elementor-post__excerpt\">\n\t\t\t<p>Aujourd\u2019hui, on vous propose une recette parfaite pour un dimanche pluvieux : un plat r\u00e9confortant, chaud et plein de saveurs !D\u00e9couvrez le K\u00f6fte au four avec des pommes de terre,<\/p>\n\t\t<\/div>\n\t\t\n\t\t<a class=\"elementor-post__read-more\" href=\"https:\/\/prointer.fr\/meinau\/blog\/kofte-au-four-avec-patates\/\" aria-label=\"En savoir plus sur K\u00f6fte au four avec pommes de terre\" tabindex=\"-1\" >\n\t\t\tLire la recette...\t\t<\/a>\n\n\t\t\t\t<\/div>\n\t\t\t\t<\/article>\n\t\t\t\t<article class=\"elementor-post elementor-grid-item post-11178 post type-post status-publish format-standard has-post-thumbnail hentry category-les-recettes-du-monde category-dessert category-menu tag-dessert tag-flan tag-lait tag-recette\" role=\"listitem\">\n\t\t\t\t<a class=\"elementor-post__thumbnail__link\" href=\"https:\/\/prointer.fr\/meinau\/blog\/mouhalabieh-libanais-le-flan-au-lait-parfume-a-la-fleur-doranger\/\" tabindex=\"-1\" >\n\t\t\t<div class=\"elementor-post__thumbnail\"><img loading=\"lazy\" decoding=\"async\" width=\"300\" height=\"200\" src=\"https:\/\/prointer.fr\/meinau\/wp-content\/uploads\/sites\/6\/2025\/07\/trvsgaubg8s-300x200.jpg\" class=\"attachment-medium size-medium wp-image-11181\" alt=\"a cupcake and a glass of milk on a table\" srcset=\"https:\/\/prointer.fr\/meinau\/wp-content\/uploads\/sites\/6\/2025\/07\/trvsgaubg8s-300x200.jpg 300w, https:\/\/prointer.fr\/meinau\/wp-content\/uploads\/sites\/6\/2025\/07\/trvsgaubg8s-1024x683.jpg 1024w, https:\/\/prointer.fr\/meinau\/wp-content\/uploads\/sites\/6\/2025\/07\/trvsgaubg8s-768x512.jpg 768w, https:\/\/prointer.fr\/meinau\/wp-content\/uploads\/sites\/6\/2025\/07\/trvsgaubg8s-1536x1024.jpg 1536w, https:\/\/prointer.fr\/meinau\/wp-content\/uploads\/sites\/6\/2025\/07\/trvsgaubg8s-500x333.jpg 500w, https:\/\/prointer.fr\/meinau\/wp-content\/uploads\/sites\/6\/2025\/07\/trvsgaubg8s-900x600.jpg 900w, https:\/\/prointer.fr\/meinau\/wp-content\/uploads\/sites\/6\/2025\/07\/trvsgaubg8s.jpg 1600w\" sizes=\"(max-width: 300px) 100vw, 300px\" \/><\/div>\n\t\t<\/a>\n\t\t\t\t<div class=\"elementor-post__text\">\n\t\t\t\t<h3 class=\"elementor-post__title\">\n\t\t\t<a href=\"https:\/\/prointer.fr\/meinau\/blog\/mouhalabieh-libanais-le-flan-au-lait-parfume-a-la-fleur-doranger\/\" >\n\t\t\t\tMouhalabieh libanais : le flan au lait parfum\u00e9 \u00e0 la fleur d\u2019oranger\t\t\t<\/a>\n\t\t<\/h3>\n\t\t\t\t<div class=\"elementor-post__excerpt\">\n\t\t\t<p>Le mouhalabieh (ou mouhalabiya) est un dessert traditionnel libanais \u00e0 base de lait, d\u00e9licatement parfum\u00e9 \u00e0 la fleur d\u2019oranger ou \u00e0 l\u2019eau de rose. L\u00e9ger, soyeux et rafra\u00eechissant, ce flan<\/p>\n\t\t<\/div>\n\t\t\n\t\t<a class=\"elementor-post__read-more\" href=\"https:\/\/prointer.fr\/meinau\/blog\/mouhalabieh-libanais-le-flan-au-lait-parfume-a-la-fleur-doranger\/\" aria-label=\"En savoir plus sur Mouhalabieh libanais : le flan au lait parfum\u00e9 \u00e0 la fleur d\u2019oranger\" tabindex=\"-1\" >\n\t\t\tLire la recette...\t\t<\/a>\n\n\t\t\t\t<\/div>\n\t\t\t\t<\/article>\n\t\t\t\t<article class=\"elementor-post elementor-grid-item post-11174 post type-post status-publish format-standard has-post-thumbnail hentry category-les-recettes-du-monde category-boisson category-menu tag-laban tag-recette\" role=\"listitem\">\n\t\t\t\t<a class=\"elementor-post__thumbnail__link\" href=\"https:\/\/prointer.fr\/meinau\/blog\/laban-maison-la-boisson-au-yaourt-libanaise-rafraichissante\/\" tabindex=\"-1\" >\n\t\t\t<div class=\"elementor-post__thumbnail\"><img loading=\"lazy\" decoding=\"async\" width=\"300\" height=\"200\" src=\"https:\/\/prointer.fr\/meinau\/wp-content\/uploads\/sites\/6\/2025\/07\/64yyzgscq7u-300x200.jpg\" class=\"attachment-medium size-medium wp-image-11175\" alt=\"A glass of milk with a spoon next to it\" srcset=\"https:\/\/prointer.fr\/meinau\/wp-content\/uploads\/sites\/6\/2025\/07\/64yyzgscq7u-300x200.jpg 300w, https:\/\/prointer.fr\/meinau\/wp-content\/uploads\/sites\/6\/2025\/07\/64yyzgscq7u-1024x683.jpg 1024w, https:\/\/prointer.fr\/meinau\/wp-content\/uploads\/sites\/6\/2025\/07\/64yyzgscq7u-768x512.jpg 768w, https:\/\/prointer.fr\/meinau\/wp-content\/uploads\/sites\/6\/2025\/07\/64yyzgscq7u-1536x1024.jpg 1536w, https:\/\/prointer.fr\/meinau\/wp-content\/uploads\/sites\/6\/2025\/07\/64yyzgscq7u-500x333.jpg 500w, https:\/\/prointer.fr\/meinau\/wp-content\/uploads\/sites\/6\/2025\/07\/64yyzgscq7u-900x600.jpg 900w, https:\/\/prointer.fr\/meinau\/wp-content\/uploads\/sites\/6\/2025\/07\/64yyzgscq7u.jpg 1600w\" sizes=\"(max-width: 300px) 100vw, 300px\" \/><\/div>\n\t\t<\/a>\n\t\t\t\t<div class=\"elementor-post__text\">\n\t\t\t\t<h3 class=\"elementor-post__title\">\n\t\t\t<a href=\"https:\/\/prointer.fr\/meinau\/blog\/laban-maison-la-boisson-au-yaourt-libanaise-rafraichissante\/\" >\n\t\t\t\tLaban maison : la boisson au yaourt libanaise rafra\u00eechissante\t\t\t<\/a>\n\t\t<\/h3>\n\t\t\t\t<div class=\"elementor-post__excerpt\">\n\t\t\t<p>Le laban est une boisson traditionnelle libanaise \u00e0 base de yaourt, servie bien fra\u00eeche, souvent au d\u00e9jeuner ou pendant les fortes chaleurs. Riche en probiotiques, l\u00e9g\u00e8rement sal\u00e9e et ultra d\u00e9salt\u00e9rante,<\/p>\n\t\t<\/div>\n\t\t\n\t\t<a class=\"elementor-post__read-more\" href=\"https:\/\/prointer.fr\/meinau\/blog\/laban-maison-la-boisson-au-yaourt-libanaise-rafraichissante\/\" aria-label=\"En savoir plus sur Laban maison : la boisson au yaourt libanaise rafra\u00eechissante\" tabindex=\"-1\" >\n\t\t\tLire la recette...\t\t<\/a>\n\n\t\t\t\t<\/div>\n\t\t\t\t<\/article>\n\t\t\t\t<article class=\"elementor-post elementor-grid-item post-11167 post type-post status-publish format-standard has-post-thumbnail hentry category-les-recettes-du-monde category-menu category-plat tag-biryani tag-poulet tag-recette tag-riz\" role=\"listitem\">\n\t\t\t\t<a class=\"elementor-post__thumbnail__link\" href=\"https:\/\/prointer.fr\/meinau\/blog\/biryani-pakistanais-au-poulet-une-explosion-depices-et-de-saveurs\/\" tabindex=\"-1\" >\n\t\t\t<div class=\"elementor-post__thumbnail\"><img loading=\"lazy\" decoding=\"async\" width=\"300\" height=\"200\" src=\"https:\/\/prointer.fr\/meinau\/wp-content\/uploads\/sites\/6\/2025\/07\/j9lowncnl04-300x200.jpg\" class=\"attachment-medium size-medium wp-image-11168\" alt=\"a platter of food on a red cloth\" srcset=\"https:\/\/prointer.fr\/meinau\/wp-content\/uploads\/sites\/6\/2025\/07\/j9lowncnl04-300x200.jpg 300w, https:\/\/prointer.fr\/meinau\/wp-content\/uploads\/sites\/6\/2025\/07\/j9lowncnl04-1024x683.jpg 1024w, https:\/\/prointer.fr\/meinau\/wp-content\/uploads\/sites\/6\/2025\/07\/j9lowncnl04-768x512.jpg 768w, https:\/\/prointer.fr\/meinau\/wp-content\/uploads\/sites\/6\/2025\/07\/j9lowncnl04-1536x1024.jpg 1536w, https:\/\/prointer.fr\/meinau\/wp-content\/uploads\/sites\/6\/2025\/07\/j9lowncnl04-500x333.jpg 500w, https:\/\/prointer.fr\/meinau\/wp-content\/uploads\/sites\/6\/2025\/07\/j9lowncnl04-900x600.jpg 900w, https:\/\/prointer.fr\/meinau\/wp-content\/uploads\/sites\/6\/2025\/07\/j9lowncnl04.jpg 1600w\" sizes=\"(max-width: 300px) 100vw, 300px\" \/><\/div>\n\t\t<\/a>\n\t\t\t\t<div class=\"elementor-post__text\">\n\t\t\t\t<h3 class=\"elementor-post__title\">\n\t\t\t<a href=\"https:\/\/prointer.fr\/meinau\/blog\/biryani-pakistanais-au-poulet-une-explosion-depices-et-de-saveurs\/\" >\n\t\t\t\tBiryani pakistanais au poulet : une explosion d\u2019\u00e9pices et de saveurs\t\t\t<\/a>\n\t\t<\/h3>\n\t\t\t\t<div class=\"elementor-post__excerpt\">\n\t\t\t<p>Parmi les plats de f\u00eate les plus embl\u00e9matiques du sous-continent indien, le biryani pakistanais occupe une place de choix. Color\u00e9, g\u00e9n\u00e9reusement \u00e9pic\u00e9, et riche en ar\u00f4mes, ce riz aux mille<\/p>\n\t\t<\/div>\n\t\t\n\t\t<a class=\"elementor-post__read-more\" href=\"https:\/\/prointer.fr\/meinau\/blog\/biryani-pakistanais-au-poulet-une-explosion-depices-et-de-saveurs\/\" aria-label=\"En savoir plus sur Biryani pakistanais au poulet : une explosion d\u2019\u00e9pices et de saveurs\" tabindex=\"-1\" >\n\t\t\tLire la recette...\t\t<\/a>\n\n\t\t\t\t<\/div>\n\t\t\t\t<\/article>\n\t\t\t\t<article class=\"elementor-post elementor-grid-item post-11153 post type-post status-publish format-standard has-post-thumbnail hentry category-les-recettes-du-monde category-apero category-entree category-menu tag-houmous tag-houmous-libanais tag-recette\" role=\"listitem\">\n\t\t\t\t<a class=\"elementor-post__thumbnail__link\" href=\"https:\/\/prointer.fr\/meinau\/blog\/houmous-traditionnel-libanais\/\" tabindex=\"-1\" >\n\t\t\t<div class=\"elementor-post__thumbnail\"><img loading=\"lazy\" decoding=\"async\" width=\"300\" height=\"214\" src=\"https:\/\/prointer.fr\/meinau\/wp-content\/uploads\/sites\/6\/2025\/07\/5uyh4ytdp34-300x214.jpg\" class=\"attachment-medium size-medium wp-image-11154\" alt=\"white ceramic plate with pasta dish\" srcset=\"https:\/\/prointer.fr\/meinau\/wp-content\/uploads\/sites\/6\/2025\/07\/5uyh4ytdp34-300x214.jpg 300w, https:\/\/prointer.fr\/meinau\/wp-content\/uploads\/sites\/6\/2025\/07\/5uyh4ytdp34-1024x732.jpg 1024w, https:\/\/prointer.fr\/meinau\/wp-content\/uploads\/sites\/6\/2025\/07\/5uyh4ytdp34-768x549.jpg 768w, https:\/\/prointer.fr\/meinau\/wp-content\/uploads\/sites\/6\/2025\/07\/5uyh4ytdp34-1536x1097.jpg 1536w, https:\/\/prointer.fr\/meinau\/wp-content\/uploads\/sites\/6\/2025\/07\/5uyh4ytdp34-500x357.jpg 500w, https:\/\/prointer.fr\/meinau\/wp-content\/uploads\/sites\/6\/2025\/07\/5uyh4ytdp34-900x643.jpg 900w, https:\/\/prointer.fr\/meinau\/wp-content\/uploads\/sites\/6\/2025\/07\/5uyh4ytdp34.jpg 1600w\" sizes=\"(max-width: 300px) 100vw, 300px\" \/><\/div>\n\t\t<\/a>\n\t\t\t\t<div class=\"elementor-post__text\">\n\t\t\t\t<h3 class=\"elementor-post__title\">\n\t\t\t<a href=\"https:\/\/prointer.fr\/meinau\/blog\/houmous-traditionnel-libanais\/\" >\n\t\t\t\tHoumous traditionnel libanais\t\t\t<\/a>\n\t\t<\/h3>\n\t\t\t\t<div class=\"elementor-post__excerpt\">\n\t\t\t<p>Le houmous est bien plus qu\u2019une simple pur\u00e9e de pois chiches : c\u2019est une v\u00e9ritable institution culinaire au Liban. Onctueux, parfum\u00e9, nourrissant, ce plat v\u00e9g\u00e9tarien se d\u00e9guste aussi bien \u00e0<\/p>\n\t\t<\/div>\n\t\t\n\t\t<a class=\"elementor-post__read-more\" href=\"https:\/\/prointer.fr\/meinau\/blog\/houmous-traditionnel-libanais\/\" aria-label=\"En savoir plus sur Houmous traditionnel libanais\" tabindex=\"-1\" >\n\t\t\tLire la recette...\t\t<\/a>\n\n\t\t\t\t<\/div>\n\t\t\t\t<\/article>\n\t\t\t\t<\/div>\n\t\t\n\t\t\t\t\t\t<\/div>\n\t\t\t\t<\/div>\n\t\t\t\t\t<\/div>\n\t\t\t\t<\/div>\n\t\t<div id=\"e-n-tab-content-1455118867\" role=\"tabpanel\" aria-labelledby=\"e-n-tab-title-1455118867\" data-tab-index=\"7\" style=\"--n-tabs-title-order: 7;\" class=\" elementor-element elementor-element-6381429 e-flex e-con-boxed e-con e-child\" data-id=\"6381429\" data-element_type=\"container\">\n\t\t\t\t\t<div class=\"e-con-inner\">\n\t\t\t\t<div class=\"elementor-element elementor-element-a08beac elementor-grid-3 elementor-grid-tablet-2 elementor-grid-mobile-1 elementor-posts--thumbnail-top elementor-widget elementor-widget-posts\" data-id=\"a08beac\" data-element_type=\"widget\" data-settings=\"{&quot;classic_columns&quot;:&quot;3&quot;,&quot;classic_columns_tablet&quot;:&quot;2&quot;,&quot;classic_columns_mobile&quot;:&quot;1&quot;,&quot;classic_row_gap&quot;:{&quot;unit&quot;:&quot;px&quot;,&quot;size&quot;:35,&quot;sizes&quot;:[]},&quot;classic_row_gap_laptop&quot;:{&quot;unit&quot;:&quot;px&quot;,&quot;size&quot;:&quot;&quot;,&quot;sizes&quot;:[]},&quot;classic_row_gap_tablet_extra&quot;:{&quot;unit&quot;:&quot;px&quot;,&quot;size&quot;:&quot;&quot;,&quot;sizes&quot;:[]},&quot;classic_row_gap_tablet&quot;:{&quot;unit&quot;:&quot;px&quot;,&quot;size&quot;:&quot;&quot;,&quot;sizes&quot;:[]},&quot;classic_row_gap_mobile_extra&quot;:{&quot;unit&quot;:&quot;px&quot;,&quot;size&quot;:&quot;&quot;,&quot;sizes&quot;:[]},&quot;classic_row_gap_mobile&quot;:{&quot;unit&quot;:&quot;px&quot;,&quot;size&quot;:&quot;&quot;,&quot;sizes&quot;:[]}}\" data-widget_type=\"posts.classic\">\n\t\t\t\t<div class=\"elementor-widget-container\">\n\t\t\t\t\t\t\t<div class=\"elementor-posts-container elementor-posts elementor-posts--skin-classic elementor-grid\" role=\"list\">\n\t\t\t\t<article class=\"elementor-post elementor-grid-item post-11153 post type-post status-publish format-standard has-post-thumbnail hentry category-les-recettes-du-monde category-apero category-entree category-menu tag-houmous tag-houmous-libanais tag-recette\" role=\"listitem\">\n\t\t\t\t<a class=\"elementor-post__thumbnail__link\" href=\"https:\/\/prointer.fr\/meinau\/blog\/houmous-traditionnel-libanais\/\" tabindex=\"-1\" >\n\t\t\t<div class=\"elementor-post__thumbnail\"><img loading=\"lazy\" decoding=\"async\" width=\"300\" height=\"214\" src=\"https:\/\/prointer.fr\/meinau\/wp-content\/uploads\/sites\/6\/2025\/07\/5uyh4ytdp34-300x214.jpg\" class=\"attachment-medium size-medium wp-image-11154\" alt=\"white ceramic plate with pasta dish\" srcset=\"https:\/\/prointer.fr\/meinau\/wp-content\/uploads\/sites\/6\/2025\/07\/5uyh4ytdp34-300x214.jpg 300w, https:\/\/prointer.fr\/meinau\/wp-content\/uploads\/sites\/6\/2025\/07\/5uyh4ytdp34-1024x732.jpg 1024w, https:\/\/prointer.fr\/meinau\/wp-content\/uploads\/sites\/6\/2025\/07\/5uyh4ytdp34-768x549.jpg 768w, https:\/\/prointer.fr\/meinau\/wp-content\/uploads\/sites\/6\/2025\/07\/5uyh4ytdp34-1536x1097.jpg 1536w, https:\/\/prointer.fr\/meinau\/wp-content\/uploads\/sites\/6\/2025\/07\/5uyh4ytdp34-500x357.jpg 500w, https:\/\/prointer.fr\/meinau\/wp-content\/uploads\/sites\/6\/2025\/07\/5uyh4ytdp34-900x643.jpg 900w, https:\/\/prointer.fr\/meinau\/wp-content\/uploads\/sites\/6\/2025\/07\/5uyh4ytdp34.jpg 1600w\" sizes=\"(max-width: 300px) 100vw, 300px\" \/><\/div>\n\t\t<\/a>\n\t\t\t\t<div class=\"elementor-post__text\">\n\t\t\t\t<h3 class=\"elementor-post__title\">\n\t\t\t<a href=\"https:\/\/prointer.fr\/meinau\/blog\/houmous-traditionnel-libanais\/\" >\n\t\t\t\tHoumous traditionnel libanais\t\t\t<\/a>\n\t\t<\/h3>\n\t\t\t\t<div class=\"elementor-post__excerpt\">\n\t\t\t<p>Le houmous est bien plus qu\u2019une simple pur\u00e9e de pois chiches : c\u2019est une v\u00e9ritable institution culinaire au Liban. Onctueux, parfum\u00e9, nourrissant, ce plat v\u00e9g\u00e9tarien se d\u00e9guste aussi bien \u00e0<\/p>\n\t\t<\/div>\n\t\t\n\t\t<a class=\"elementor-post__read-more\" href=\"https:\/\/prointer.fr\/meinau\/blog\/houmous-traditionnel-libanais\/\" aria-label=\"En savoir plus sur Houmous traditionnel libanais\" tabindex=\"-1\" >\n\t\t\tLire la recette...\t\t<\/a>\n\n\t\t\t\t<\/div>\n\t\t\t\t<\/article>\n\t\t\t\t<\/div>\n\t\t\n\t\t\t\t\t\t<\/div>\n\t\t\t\t<\/div>\n\t\t\t\t\t<\/div>\n\t\t\t\t<\/div>\n\t\t\t\t\t<\/div>\n\t\t<\/div>\n\t\t\t\t\t\t<\/div>\n\t\t\t\t<\/div>\n\t\t\t\t\t<\/div>\n\t\t\t\t<\/div>\n\t\t\t\t<\/div>\n\t\t","protected":false},"excerpt":{"rendered":"<p>Toutes les recettes Entr\u00e9e Plat Dessert Boisson Menu Ap\u00e9ro Mouhalabieh libanais : le flan au lait parfum\u00e9 \u00e0 la fleur d\u2019oranger Le mouhalabieh (ou mouhalabiya) est un dessert traditionnel libanais \u00e0 base de lait, d\u00e9licatement parfum\u00e9 \u00e0 la fleur d\u2019oranger ou \u00e0 l\u2019eau de rose. L\u00e9ger, soyeux et rafra\u00eechissant, ce flan est souvent servi frais, [&hellip;]<\/p>\n","protected":false},"author":1,"featured_media":0,"parent":0,"menu_order":0,"comment_status":"closed","ping_status":"closed","template":"template-homepage.php","meta":{"footnotes":""},"class_list":["post-7791","page","type-page","status-publish","hentry"],"_links":{"self":[{"href":"https:\/\/prointer.fr\/meinau\/wp-json\/wp\/v2\/pages\/7791","targetHints":{"allow":["GET"]}}],"collection":[{"href":"https:\/\/prointer.fr\/meinau\/wp-json\/wp\/v2\/pages"}],"about":[{"href":"https:\/\/prointer.fr\/meinau\/wp-json\/wp\/v2\/types\/page"}],"author":[{"embeddable":true,"href":"https:\/\/prointer.fr\/meinau\/wp-json\/wp\/v2\/users\/1"}],"replies":[{"embeddable":true,"href":"https:\/\/prointer.fr\/meinau\/wp-json\/wp\/v2\/comments?post=7791"}],"version-history":[{"count":41,"href":"https:\/\/prointer.fr\/meinau\/wp-json\/wp\/v2\/pages\/7791\/revisions"}],"predecessor-version":[{"id":11627,"href":"https:\/\/prointer.fr\/meinau\/wp-json\/wp\/v2\/pages\/7791\/revisions\/11627"}],"wp:attachment":[{"href":"https:\/\/prointer.fr\/meinau\/wp-json\/wp\/v2\/media?parent=7791"}],"curies":[{"name":"wp","href":"https:\/\/api.w.org\/{rel}","templated":true}]}}