{"id":9148,"date":"2025-06-30T11:42:25","date_gmt":"2025-06-30T11:42:25","guid":{"rendered":"https:\/\/viande-halal.fr\/meinau\/?page_id=9148"},"modified":"2025-08-29T15:07:39","modified_gmt":"2025-08-29T15:07:39","slug":"mentions-legales","status":"publish","type":"page","link":"https:\/\/prointer.fr\/meinau\/mentions-legales\/","title":{"rendered":"Mentions l\u00e9gales"},"content":{"rendered":"\t\t<div data-elementor-type=\"wp-page\" data-elementor-id=\"9148\" class=\"elementor elementor-9148\" data-elementor-post-type=\"page\">\n\t\t\t\t<div class=\"elementor-element elementor-element-67cdc015 e-flex e-con-boxed e-con e-parent\" data-id=\"67cdc015\" data-element_type=\"container\">\n\t\t\t\t\t<div class=\"e-con-inner\">\n\t\t\t\t<div class=\"elementor-element elementor-element-3624473d elementor-widget elementor-widget-text-editor\" data-id=\"3624473d\" data-element_type=\"widget\" data-widget_type=\"text-editor.default\">\n\t\t\t\t<div class=\"elementor-widget-container\">\n\t\t\t\t\t\t\t\t\t\n<h2 class=\"wp-block-heading\">1. \u00c9diteur du site<\/h2>\n\n<p>Le pr\u00e9sent site est \u00e9dit\u00e9 par <strong>Pro-Inter Strasbourg<\/strong>, une enseigne du <strong>Groupe Centerkam<\/strong>.<br \/><strong>D\u00e9nomination sociale<\/strong> : Centerkam<br \/><strong>Adresse du si\u00e8ge<\/strong> : 16 rue de la Batterie, 67118 Geispolsheim \u2013 France<br \/><strong>SIRET<\/strong> : 884 539 610 00011<br \/><strong>RCS Strasbourg<\/strong> : B 884 539 610<br \/><strong>Adresse e-mail<\/strong> : <a>direction@centerkam.fr<\/a><br \/><strong>Responsable de la publication<\/strong> : Le Service Marketing du Groupe Centerkam<br \/><strong>Contact<\/strong> : <a>service.marketing@centerkam.fr<\/a><\/p>\n\n<h2 class=\"wp-block-heading\">2. Coordonn\u00e9es du magasin<\/h2>\n\n<p>Magasin : <strong>Pro-Inter Strasbourg<\/strong><br \/>Adresse : 105 Rue de la Plaine des Bouchers, 67100 Strasbourg,\u00a0<br \/>T\u00e9l\u00e9phone : 03 88 10 14 00<br \/>E-mail : service-client@centerkam.fr<\/p>\n\n<h2 class=\"wp-block-heading\">3. H\u00e9bergement du site<\/h2>\n\n<p>Le site est h\u00e9berg\u00e9 par :<br \/><strong>o2switch<\/strong><br \/>Chemin des Pardiaux, 63000 Clermont-Ferrand \u2013 France<br \/>Site web : <a class=\"\" href=\"https:\/\/www.o2switch.fr\" target=\"_blank\" rel=\"noopener\">https:\/\/www.o2switch.fr<\/a><br \/>T\u00e9l\u00e9phone : 04 44 44 60 40<\/p>\n\n<h2 class=\"wp-block-heading\">4. Politique de confidentialit\u00e9<\/h2>\n\n<p>Les donn\u00e9es personnelles collect\u00e9es via les formulaires (contact, r\u00e9servation, etc.) sont utilis\u00e9es uniquement \u00e0 des fins de traitement interne. Ces donn\u00e9es (nom, e-mail, t\u00e9l\u00e9phone\u2026) sont conserv\u00e9es de mani\u00e8re s\u00e9curis\u00e9e et ne sont accessibles qu&rsquo;aux personnes autoris\u00e9es du Groupe Centerkam.<\/p>\n\n<p>Conform\u00e9ment \u00e0 la l\u00e9gislation en vigueur (RGPD), vous disposez d\u2019un droit d\u2019acc\u00e8s, de rectification, de suppression et d\u2019opposition \u00e0 vos donn\u00e9es. Vous pouvez exercer ces droits en \u00e9crivant \u00e0 :<br \/><strong><a>service.marketing@centerkam.fr<\/a><\/strong><\/p>\n\n<p>Aucune donn\u00e9e n\u2019est transmise \u00e0 des tiers sans votre consentement explicite, sauf obligation l\u00e9gale.<\/p>\n\n<h2 class=\"wp-block-heading\">5. Cookies<\/h2>\n\n<p>Ce site utilise des cookies pour am\u00e9liorer votre exp\u00e9rience de navigation, \u00e9tablir des statistiques de fr\u00e9quentation et proposer des contenus adapt\u00e9s.<br \/>Les cookies peuvent \u00eatre d\u00e9sactiv\u00e9s \u00e0 tout moment dans les param\u00e8tres de votre navigateur. Pour en savoir plus, consultez notre [politique de cookies].<\/p>\n\n<h2 class=\"wp-block-heading\">6. Propri\u00e9t\u00e9 intellectuelle<\/h2>\n\n<p>L&rsquo;ensemble des contenus pr\u00e9sents sur ce site (textes, images, vid\u00e9os, logos, code, etc.) est la propri\u00e9t\u00e9 exclusive du Groupe Centerkam.<br \/>Toute reproduction, modification ou diffusion, m\u00eame partielle, sans autorisation \u00e9crite pr\u00e9alable est strictement interdite.<\/p>\n\n<h2 class=\"wp-block-heading\">7. Conditions d\u2019utilisation<\/h2>\n\n<p>En acc\u00e9dant \u00e0 ce site, vous acceptez les pr\u00e9sentes conditions. Les informations publi\u00e9es sont donn\u00e9es \u00e0 titre indicatif et sont susceptibles d\u2019\u00eatre modifi\u00e9es sans pr\u00e9avis.<br \/>Le Groupe Centerkam s\u2019efforce de fournir des contenus fiables et \u00e0 jour, mais d\u00e9cline toute responsabilit\u00e9 en cas d\u2019erreurs ou d&rsquo;omissions.<\/p>\n\n<h2 class=\"wp-block-heading\">8. Limitation de responsabilit\u00e9<\/h2>\n\n<p>L\u2019utilisation de ce site se fait sous la seule responsabilit\u00e9 de l\u2019utilisateur. Le Groupe Centerkam ne saurait \u00eatre tenu responsable d\u2019\u00e9ventuels dommages directs ou indirects li\u00e9s \u00e0 la navigation, y compris pertes de donn\u00e9es, virus, ou interruptions.<\/p>\n\n<h2 class=\"wp-block-heading\">9. Loi applicable<\/h2>\n\n<p>Les pr\u00e9sentes mentions l\u00e9gales sont r\u00e9gies par la loi fran\u00e7aise. Tout litige relatif \u00e0 ce site sera soumis aux juridictions comp\u00e9tentes, et plus particuli\u00e8rement au <strong>Tribunal judiciaire de Mulhouse<\/strong>.<\/p>\n\t\t\t\t\t\t\t\t<\/div>\n\t\t\t\t<\/div>\n\t\t\t\t\t<\/div>\n\t\t\t\t<\/div>\n\t\t\t\t<\/div>\n\t\t","protected":false},"excerpt":{"rendered":"<p>1. \u00c9diteur du site Le pr\u00e9sent site est \u00e9dit\u00e9 par Pro-Inter , une enseigne du Groupe Centerkam.D\u00e9nomination sociale : CenterkamAdresse du si\u00e8ge : 16 rue de la Batterie, 67118 Geispolsheim \u2013 FranceSIRET : 884 539 610 00011RCS Strasbourg : B 884 539 610Adresse e-mail : direction@centerkam.frResponsable de la publication : Le Service Marketing du Groupe [&hellip;]<\/p>\n","protected":false},"author":1,"featured_media":0,"parent":0,"menu_order":0,"comment_status":"closed","ping_status":"closed","template":"","meta":{"footnotes":""},"class_list":["post-9148","page","type-page","status-publish","hentry"],"_links":{"self":[{"href":"https:\/\/prointer.fr\/meinau\/wp-json\/wp\/v2\/pages\/9148","targetHints":{"allow":["GET"]}}],"collection":[{"href":"https:\/\/prointer.fr\/meinau\/wp-json\/wp\/v2\/pages"}],"about":[{"href":"https:\/\/prointer.fr\/meinau\/wp-json\/wp\/v2\/types\/page"}],"author":[{"embeddable":true,"href":"https:\/\/prointer.fr\/meinau\/wp-json\/wp\/v2\/users\/1"}],"replies":[{"embeddable":true,"href":"https:\/\/prointer.fr\/meinau\/wp-json\/wp\/v2\/comments?post=9148"}],"version-history":[{"count":10,"href":"https:\/\/prointer.fr\/meinau\/wp-json\/wp\/v2\/pages\/9148\/revisions"}],"predecessor-version":[{"id":12621,"href":"https:\/\/prointer.fr\/meinau\/wp-json\/wp\/v2\/pages\/9148\/revisions\/12621"}],"wp:attachment":[{"href":"https:\/\/prointer.fr\/meinau\/wp-json\/wp\/v2\/media?parent=9148"}],"curies":[{"name":"wp","href":"https:\/\/api.w.org\/{rel}","templated":true}]}}