{"id":72200,"date":"2025-11-25T15:23:14","date_gmt":"2025-11-25T15:23:14","guid":{"rendered":"https:\/\/viande-halal.fr\/meinau\/?post_type=product&#038;p=72200"},"modified":"2025-11-25T15:23:21","modified_gmt":"2025-11-25T15:23:21","slug":"pate-feuilletee-isla-delice-230g","status":"publish","type":"product","link":"https:\/\/prointer.fr\/meinau\/produit\/pate-feuilletee-isla-delice-230g\/","title":{"rendered":"PATE FEUILLETEE ISLA DELICE &#8211; 230G"},"content":{"rendered":"<p>D\u00e9couvrez la d\u00e9licieuse P\u00e2te Feuillet\u00e9e Isla D\u00e9lice, id\u00e9ale pour r\u00e9aliser des recettes gourmandes et savoureuses en un tour de main. Avec son format pratique de 230g, cette p\u00e2te feuillet\u00e9e vous permettra de pr\u00e9parer des tartes, des quiches ou encore des feuillet\u00e9s en un clin d&rsquo;\u0153il.nnLa marque Isla D\u00e9lice est reconnue pour la qualit\u00e9 de ses produits et sa passion pour la gastronomie. Fabriqu\u00e9e avec des ingr\u00e9dients de premier choix, cette p\u00e2te feuillet\u00e9e vous garantit un r\u00e9sultat croustillant et fondant \u00e0 la fois.nnQue vous soyez un amateur de cuisine ou un chef exp\u00e9riment\u00e9, la P\u00e2te Feuillet\u00e9e Isla D\u00e9lice saura satisfaire toutes vos envies culinaires. Sa texture l\u00e9g\u00e8re et a\u00e9rienne fera de vos pr\u00e9parations un v\u00e9ritable succ\u00e8s aupr\u00e8s de vos convives.nnAjoutez d\u00e8s maintenant la P\u00e2te Feuillet\u00e9e Isla D\u00e9lice \u00e0 votre panier et laissez-vous s\u00e9duire par son go\u00fbt authentique et sa praticit\u00e9. Offrez-vous un moment de plaisir en cuisine avec ce produit incontournable de la cat\u00e9gorie Boulangerie.nnR\u00e9galez-vous avec la P\u00e2te Feuillet\u00e9e Isla D\u00e9lice et laissez libre cours \u00e0 votre cr\u00e9ativit\u00e9 en cuisine. Commandez-la d\u00e8s aujourd&rsquo;hui dans votre supermarch\u00e9 pr\u00e9f\u00e9r\u00e9 et savourez des instants gourmands en famille ou entre amis.<\/p>\n","protected":false},"excerpt":{"rendered":"<p>D\u00e9couvrez la d\u00e9licieuse p\u00e2te feuillet\u00e9e Isla D\u00e9lice de 230g, parfaite pour vos recettes sucr\u00e9es et sal\u00e9es. Savourez la qualit\u00e9 sup\u00e9rieure de la marque Isla D\u00e9lice pour des pr\u00e9parations gourmandes.<\/p>\n","protected":false},"featured_media":71357,"comment_status":"closed","ping_status":"closed","template":"","meta":{"footnotes":""},"product_cat":[81,75],"product_tag":[130],"class_list":{"0":"post-72200","1":"product","2":"type-product","3":"status-publish","4":"has-post-thumbnail","6":"product_brand-isla-delice","7":"product_cat-boulangerie","8":"product_cat-tous-les-produits","9":"product_tag-isla-delice","10":"product_shipping_class-top-produits","12":"first","13":"instock","14":"taxable","15":"shipping-taxable","16":"purchasable","17":"product-type-simple"},"_links":{"self":[{"href":"https:\/\/prointer.fr\/meinau\/wp-json\/wp\/v2\/product\/72200","targetHints":{"allow":["GET"]}}],"collection":[{"href":"https:\/\/prointer.fr\/meinau\/wp-json\/wp\/v2\/product"}],"about":[{"href":"https:\/\/prointer.fr\/meinau\/wp-json\/wp\/v2\/types\/product"}],"replies":[{"embeddable":true,"href":"https:\/\/prointer.fr\/meinau\/wp-json\/wp\/v2\/comments?post=72200"}],"version-history":[{"count":1,"href":"https:\/\/prointer.fr\/meinau\/wp-json\/wp\/v2\/product\/72200\/revisions"}],"predecessor-version":[{"id":72240,"href":"https:\/\/prointer.fr\/meinau\/wp-json\/wp\/v2\/product\/72200\/revisions\/72240"}],"wp:featuredmedia":[{"embeddable":true,"href":"https:\/\/prointer.fr\/meinau\/wp-json\/wp\/v2\/media\/71357"}],"wp:attachment":[{"href":"https:\/\/prointer.fr\/meinau\/wp-json\/wp\/v2\/media?parent=72200"}],"wp:term":[{"taxonomy":"product_cat","embeddable":true,"href":"https:\/\/prointer.fr\/meinau\/wp-json\/wp\/v2\/product_cat?post=72200"},{"taxonomy":"product_tag","embeddable":true,"href":"https:\/\/prointer.fr\/meinau\/wp-json\/wp\/v2\/product_tag?post=72200"}],"curies":[{"name":"wp","href":"https:\/\/api.w.org\/{rel}","templated":true}]}}