{"id":72430,"date":"2025-11-25T15:23:51","date_gmt":"2025-11-25T15:23:51","guid":{"rendered":"https:\/\/viande-halal.fr\/meinau\/?post_type=product&#038;p=72430"},"modified":"2025-11-25T15:24:28","modified_gmt":"2025-11-25T15:24:28","slug":"pate-brisee-isla-delice-230g","status":"publish","type":"product","link":"https:\/\/prointer.fr\/meinau\/produit\/pate-brisee-isla-delice-230g\/","title":{"rendered":"PATE BRISEE ISLA DELICE &#8211; 230G"},"content":{"rendered":"<p>D\u00e9couvrez la d\u00e9licieuse p\u00e2te bris\u00e9e de la marque ISLA DELICE, parfaite pour r\u00e9aliser de savoureuses tartes et quiches maison. Avec ses 230g de pur bonheur culinaire, cette p\u00e2te bris\u00e9e de qualit\u00e9 sup\u00e9rieure ravira vos papilles et celles de vos convives. Fabriqu\u00e9e avec des ingr\u00e9dients soigneusement s\u00e9lectionn\u00e9s, cette p\u00e2te bris\u00e9e ISLA DELICE est garantie sans conservateurs ni additifs artificiels.nnQue vous soyez un amateur de cuisine exp\u00e9riment\u00e9 ou un novice en qu\u00eate de simplicit\u00e9, la p\u00e2te bris\u00e9e ISLA DELICE saura vous s\u00e9duire par sa facilit\u00e9 d&rsquo;utilisation et son go\u00fbt incomparable. R\u00e9alisez des tartes sucr\u00e9es ou sal\u00e9es en un tour de main gr\u00e2ce \u00e0 cette p\u00e2te bris\u00e9e pr\u00eate \u00e0 l&#8217;emploi.nnAjoutez ce produit incontournable de la cat\u00e9gorie Boulangerie \u00e0 votre panier lors de votre prochaine visite dans notre supermarch\u00e9 physique. Avec la p\u00e2te bris\u00e9e ISLA DELICE, r\u00e9galez-vous en toute simplicit\u00e9 et laissez-vous surprendre par ses saveurs authentiques. N&rsquo;h\u00e9sitez pas \u00e0 consulter nos autres produits de la marque ISLA DELICE pour compl\u00e9ter votre prochaine recette gourmande.<\/p>\n","protected":false},"excerpt":{"rendered":"<p>D\u00e9couvrez la P\u00e2te Bris\u00e9e Isla D\u00e9lice de 230g, id\u00e9ale pour pr\u00e9parer de d\u00e9licieuses tartes sal\u00e9es et sucr\u00e9es. Profitez de la qualit\u00e9 et du go\u00fbt authentique de la marque Isla D\u00e9lice.<\/p>\n","protected":false},"featured_media":72615,"comment_status":"closed","ping_status":"closed","template":"","meta":{"footnotes":""},"product_cat":[81,314,75],"product_tag":[130],"class_list":{"0":"post-72430","1":"product","2":"type-product","3":"status-publish","4":"has-post-thumbnail","6":"product_brand-isla-delice","7":"product_cat-boulangerie","8":"product_cat-produits-frais","9":"product_cat-tous-les-produits","10":"product_tag-isla-delice","11":"product_shipping_class-top-produits","13":"first","14":"instock","15":"taxable","16":"shipping-taxable","17":"purchasable","18":"product-type-simple"},"_links":{"self":[{"href":"https:\/\/prointer.fr\/meinau\/wp-json\/wp\/v2\/product\/72430","targetHints":{"allow":["GET"]}}],"collection":[{"href":"https:\/\/prointer.fr\/meinau\/wp-json\/wp\/v2\/product"}],"about":[{"href":"https:\/\/prointer.fr\/meinau\/wp-json\/wp\/v2\/types\/product"}],"replies":[{"embeddable":true,"href":"https:\/\/prointer.fr\/meinau\/wp-json\/wp\/v2\/comments?post=72430"}],"version-history":[{"count":1,"href":"https:\/\/prointer.fr\/meinau\/wp-json\/wp\/v2\/product\/72430\/revisions"}],"predecessor-version":[{"id":72616,"href":"https:\/\/prointer.fr\/meinau\/wp-json\/wp\/v2\/product\/72430\/revisions\/72616"}],"wp:featuredmedia":[{"embeddable":true,"href":"https:\/\/prointer.fr\/meinau\/wp-json\/wp\/v2\/media\/72615"}],"wp:attachment":[{"href":"https:\/\/prointer.fr\/meinau\/wp-json\/wp\/v2\/media?parent=72430"}],"wp:term":[{"taxonomy":"product_cat","embeddable":true,"href":"https:\/\/prointer.fr\/meinau\/wp-json\/wp\/v2\/product_cat?post=72430"},{"taxonomy":"product_tag","embeddable":true,"href":"https:\/\/prointer.fr\/meinau\/wp-json\/wp\/v2\/product_tag?post=72430"}],"curies":[{"name":"wp","href":"https:\/\/api.w.org\/{rel}","templated":true}]}}