{"id":7791,"date":"2024-01-27T09:04:01","date_gmt":"2024-01-27T09:04:01","guid":{"rendered":"https:\/\/demo2wpopal.b-cdn.net\/jamoo\/?page_id=7791"},"modified":"2025-09-01T07:29:13","modified_gmt":"2025-09-01T07:29:13","slug":"les-recettes-du-monde","status":"publish","type":"page","link":"https:\/\/prointer.fr\/montagne-verte\/les-recettes-du-monde\/","title":{"rendered":"Les recettes du monde"},"content":{"rendered":"\t\t<div data-elementor-type=\"wp-page\" data-elementor-id=\"7791\" class=\"elementor elementor-7791\" data-elementor-post-type=\"page\">\n\t\t\t\t<div class=\"elementor-element elementor-element-8b4ca4e e-flex e-con-boxed e-con e-parent\" data-id=\"8b4ca4e\" data-element_type=\"container\">\n\t\t\t\t\t<div class=\"e-con-inner\">\n\t\t\t\t<div class=\"elementor-element elementor-element-8ac55ce e-n-tabs-mobile elementor-widget elementor-widget-n-tabs\" data-id=\"8ac55ce\" data-element_type=\"widget\" data-settings=\"{&quot;tabs_justify_horizontal&quot;:&quot;start&quot;,&quot;horizontal_scroll&quot;:&quot;disable&quot;}\" data-widget_type=\"nested-tabs.default\">\n\t\t\t\t<div class=\"elementor-widget-container\">\n\t\t\t\t\t\t\t<div class=\"e-n-tabs\" data-widget-number=\"145511886\" aria-label=\"Onglets. Ouvrez des \u00e9l\u00e9ments avec Entrer ou Espace, fermez-les avec Echape et naviguez \u00e0 l&#039;aide des touches fl\u00e9ch\u00e9es.\">\n\t\t\t<div class=\"e-n-tabs-heading\" role=\"tablist\">\n\t\t\t\t\t<button id=\"e-n-tab-title-1455118861\" class=\"e-n-tab-title\" aria-selected=\"true\" data-tab-index=\"1\" role=\"tab\" tabindex=\"0\" aria-controls=\"e-n-tab-content-1455118861\" style=\"--n-tabs-title-order: 1;\">\n\t\t\t\t\t\t<span class=\"e-n-tab-title-text\">\n\t\t\t\tToutes les recettes\t\t\t<\/span>\n\t\t<\/button>\n\t\t\t\t<button id=\"e-n-tab-title-1455118862\" class=\"e-n-tab-title\" aria-selected=\"false\" data-tab-index=\"2\" role=\"tab\" tabindex=\"-1\" aria-controls=\"e-n-tab-content-1455118862\" style=\"--n-tabs-title-order: 2;\">\n\t\t\t\t\t\t<span class=\"e-n-tab-title-text\">\n\t\t\t\tEntr\u00e9e\t\t\t<\/span>\n\t\t<\/button>\n\t\t\t\t<button id=\"e-n-tab-title-1455118863\" class=\"e-n-tab-title\" aria-selected=\"false\" data-tab-index=\"3\" role=\"tab\" tabindex=\"-1\" aria-controls=\"e-n-tab-content-1455118863\" style=\"--n-tabs-title-order: 3;\">\n\t\t\t\t\t\t<span class=\"e-n-tab-title-text\">\n\t\t\t\tPlat\t\t\t<\/span>\n\t\t<\/button>\n\t\t\t\t<button id=\"e-n-tab-title-1455118864\" class=\"e-n-tab-title\" aria-selected=\"false\" data-tab-index=\"4\" role=\"tab\" tabindex=\"-1\" aria-controls=\"e-n-tab-content-1455118864\" style=\"--n-tabs-title-order: 4;\">\n\t\t\t\t\t\t<span class=\"e-n-tab-title-text\">\n\t\t\t\tDessert\t\t\t<\/span>\n\t\t<\/button>\n\t\t\t\t<button id=\"e-n-tab-title-1455118865\" class=\"e-n-tab-title\" aria-selected=\"false\" data-tab-index=\"5\" role=\"tab\" tabindex=\"-1\" aria-controls=\"e-n-tab-content-1455118865\" style=\"--n-tabs-title-order: 5;\">\n\t\t\t\t\t\t<span class=\"e-n-tab-title-text\">\n\t\t\t\tBoisson\t\t\t<\/span>\n\t\t<\/button>\n\t\t\t\t<button id=\"e-n-tab-title-1455118866\" class=\"e-n-tab-title\" aria-selected=\"false\" data-tab-index=\"6\" role=\"tab\" tabindex=\"-1\" aria-controls=\"e-n-tab-content-1455118866\" style=\"--n-tabs-title-order: 6;\">\n\t\t\t\t\t\t<span class=\"e-n-tab-title-text\">\n\t\t\t\tMenu\t\t\t<\/span>\n\t\t<\/button>\n\t\t\t\t<button id=\"e-n-tab-title-1455118867\" class=\"e-n-tab-title\" aria-selected=\"false\" data-tab-index=\"7\" role=\"tab\" tabindex=\"-1\" aria-controls=\"e-n-tab-content-1455118867\" style=\"--n-tabs-title-order: 7;\">\n\t\t\t\t\t\t<span class=\"e-n-tab-title-text\">\n\t\t\t\tAp\u00e9ro\t\t\t<\/span>\n\t\t<\/button>\n\t\t\t\t\t<\/div>\n\t\t\t<div class=\"e-n-tabs-content\">\n\t\t\t\t<div id=\"e-n-tab-content-1455118861\" role=\"tabpanel\" aria-labelledby=\"e-n-tab-title-1455118861\" data-tab-index=\"1\" style=\"--n-tabs-title-order: 1;\" class=\"e-active elementor-element elementor-element-9375ed2 e-con-full e-flex e-con e-child\" data-id=\"9375ed2\" data-element_type=\"container\">\n\t\t\t\t<div class=\"elementor-element elementor-element-f3fa65b elementor-grid-3 elementor-grid-tablet-2 elementor-grid-mobile-1 elementor-posts--thumbnail-top elementor-widget elementor-widget-posts\" data-id=\"f3fa65b\" data-element_type=\"widget\" data-settings=\"{&quot;classic_masonry&quot;:&quot;yes&quot;,&quot;classic_columns&quot;:&quot;3&quot;,&quot;classic_columns_tablet&quot;:&quot;2&quot;,&quot;classic_columns_mobile&quot;:&quot;1&quot;,&quot;classic_row_gap&quot;:{&quot;unit&quot;:&quot;px&quot;,&quot;size&quot;:35,&quot;sizes&quot;:[]},&quot;classic_row_gap_laptop&quot;:{&quot;unit&quot;:&quot;px&quot;,&quot;size&quot;:&quot;&quot;,&quot;sizes&quot;:[]},&quot;classic_row_gap_tablet_extra&quot;:{&quot;unit&quot;:&quot;px&quot;,&quot;size&quot;:&quot;&quot;,&quot;sizes&quot;:[]},&quot;classic_row_gap_tablet&quot;:{&quot;unit&quot;:&quot;px&quot;,&quot;size&quot;:&quot;&quot;,&quot;sizes&quot;:[]},&quot;classic_row_gap_mobile_extra&quot;:{&quot;unit&quot;:&quot;px&quot;,&quot;size&quot;:&quot;&quot;,&quot;sizes&quot;:[]},&quot;classic_row_gap_mobile&quot;:{&quot;unit&quot;:&quot;px&quot;,&quot;size&quot;:&quot;&quot;,&quot;sizes&quot;:[]}}\" data-widget_type=\"posts.classic\">\n\t\t\t\t<div class=\"elementor-widget-container\">\n\t\t\t\t\t\t\t<div class=\"elementor-posts-container elementor-posts elementor-posts--skin-classic elementor-grid\" role=\"list\">\n\t\t\t\t<article class=\"elementor-post elementor-grid-item post-11178 post type-post status-publish format-standard has-post-thumbnail hentry category-les-recettes-du-monde category-dessert category-menu tag-dessert tag-flan tag-lait tag-recette\" role=\"listitem\">\n\t\t\t\t<a class=\"elementor-post__thumbnail__link\" href=\"https:\/\/prointer.fr\/montagne-verte\/blog\/mouhalabieh-libanais-le-flan-au-lait-parfume-a-la-fleur-doranger\/\" tabindex=\"-1\" >\n\t\t\t<div class=\"elementor-post__thumbnail\"><img fetchpriority=\"high\" decoding=\"async\" width=\"300\" height=\"200\" src=\"https:\/\/prointer.fr\/montagne-verte\/wp-content\/uploads\/sites\/5\/2025\/07\/trvsgaubg8s-300x200.jpg\" class=\"attachment-medium size-medium wp-image-11181\" alt=\"a cupcake and a glass of milk on a table\" srcset=\"https:\/\/prointer.fr\/montagne-verte\/wp-content\/uploads\/sites\/5\/2025\/07\/trvsgaubg8s-300x200.jpg 300w, https:\/\/prointer.fr\/montagne-verte\/wp-content\/uploads\/sites\/5\/2025\/07\/trvsgaubg8s-1024x683.jpg 1024w, https:\/\/prointer.fr\/montagne-verte\/wp-content\/uploads\/sites\/5\/2025\/07\/trvsgaubg8s-768x512.jpg 768w, https:\/\/prointer.fr\/montagne-verte\/wp-content\/uploads\/sites\/5\/2025\/07\/trvsgaubg8s-1536x1024.jpg 1536w, https:\/\/prointer.fr\/montagne-verte\/wp-content\/uploads\/sites\/5\/2025\/07\/trvsgaubg8s-500x333.jpg 500w, https:\/\/prointer.fr\/montagne-verte\/wp-content\/uploads\/sites\/5\/2025\/07\/trvsgaubg8s-900x600.jpg 900w, https:\/\/prointer.fr\/montagne-verte\/wp-content\/uploads\/sites\/5\/2025\/07\/trvsgaubg8s.jpg 1600w\" sizes=\"(max-width: 300px) 100vw, 300px\" \/><\/div>\n\t\t<\/a>\n\t\t\t\t<div class=\"elementor-post__text\">\n\t\t\t\t<h3 class=\"elementor-post__title\">\n\t\t\t<a href=\"https:\/\/prointer.fr\/montagne-verte\/blog\/mouhalabieh-libanais-le-flan-au-lait-parfume-a-la-fleur-doranger\/\" >\n\t\t\t\tMouhalabieh libanais : le flan au lait parfum\u00e9 \u00e0 la fleur d\u2019oranger\t\t\t<\/a>\n\t\t<\/h3>\n\t\t\t\t<div class=\"elementor-post__excerpt\">\n\t\t\t<p>Le mouhalabieh (ou mouhalabiya) est un dessert traditionnel libanais \u00e0 base de lait, d\u00e9licatement parfum\u00e9 \u00e0 la fleur d\u2019oranger ou \u00e0 l\u2019eau de rose. L\u00e9ger, soyeux et rafra\u00eechissant, ce flan<\/p>\n\t\t<\/div>\n\t\t\n\t\t<a class=\"elementor-post__read-more\" href=\"https:\/\/prointer.fr\/montagne-verte\/blog\/mouhalabieh-libanais-le-flan-au-lait-parfume-a-la-fleur-doranger\/\" aria-label=\"En savoir plus sur Mouhalabieh libanais : le flan au lait parfum\u00e9 \u00e0 la fleur d\u2019oranger\" tabindex=\"-1\" >\n\t\t\tLire la recette...\t\t<\/a>\n\n\t\t\t\t<\/div>\n\t\t\t\t<\/article>\n\t\t\t\t<article class=\"elementor-post elementor-grid-item post-11174 post type-post status-publish format-standard has-post-thumbnail hentry category-les-recettes-du-monde category-boisson category-menu tag-laban tag-recette\" role=\"listitem\">\n\t\t\t\t<a class=\"elementor-post__thumbnail__link\" href=\"https:\/\/prointer.fr\/montagne-verte\/blog\/laban-maison-la-boisson-au-yaourt-libanaise-rafraichissante\/\" tabindex=\"-1\" >\n\t\t\t<div class=\"elementor-post__thumbnail\"><img decoding=\"async\" width=\"300\" height=\"200\" src=\"https:\/\/prointer.fr\/montagne-verte\/wp-content\/uploads\/sites\/5\/2025\/07\/64yyzgscq7u-300x200.jpg\" class=\"attachment-medium size-medium wp-image-11175\" alt=\"A glass of milk with a spoon next to it\" srcset=\"https:\/\/prointer.fr\/montagne-verte\/wp-content\/uploads\/sites\/5\/2025\/07\/64yyzgscq7u-300x200.jpg 300w, https:\/\/prointer.fr\/montagne-verte\/wp-content\/uploads\/sites\/5\/2025\/07\/64yyzgscq7u-1024x683.jpg 1024w, https:\/\/prointer.fr\/montagne-verte\/wp-content\/uploads\/sites\/5\/2025\/07\/64yyzgscq7u-768x512.jpg 768w, https:\/\/prointer.fr\/montagne-verte\/wp-content\/uploads\/sites\/5\/2025\/07\/64yyzgscq7u-1536x1024.jpg 1536w, https:\/\/prointer.fr\/montagne-verte\/wp-content\/uploads\/sites\/5\/2025\/07\/64yyzgscq7u-500x333.jpg 500w, https:\/\/prointer.fr\/montagne-verte\/wp-content\/uploads\/sites\/5\/2025\/07\/64yyzgscq7u-900x600.jpg 900w, https:\/\/prointer.fr\/montagne-verte\/wp-content\/uploads\/sites\/5\/2025\/07\/64yyzgscq7u.jpg 1600w\" sizes=\"(max-width: 300px) 100vw, 300px\" \/><\/div>\n\t\t<\/a>\n\t\t\t\t<div class=\"elementor-post__text\">\n\t\t\t\t<h3 class=\"elementor-post__title\">\n\t\t\t<a href=\"https:\/\/prointer.fr\/montagne-verte\/blog\/laban-maison-la-boisson-au-yaourt-libanaise-rafraichissante\/\" >\n\t\t\t\tLaban maison : la boisson au yaourt libanaise rafra\u00eechissante\t\t\t<\/a>\n\t\t<\/h3>\n\t\t\t\t<div class=\"elementor-post__excerpt\">\n\t\t\t<p>Le laban est une boisson traditionnelle libanaise \u00e0 base de yaourt, servie bien fra\u00eeche, souvent au d\u00e9jeuner ou pendant les fortes chaleurs. Riche en probiotiques, l\u00e9g\u00e8rement sal\u00e9e et ultra d\u00e9salt\u00e9rante,<\/p>\n\t\t<\/div>\n\t\t\n\t\t<a class=\"elementor-post__read-more\" href=\"https:\/\/prointer.fr\/montagne-verte\/blog\/laban-maison-la-boisson-au-yaourt-libanaise-rafraichissante\/\" aria-label=\"En savoir plus sur Laban maison : la boisson au yaourt libanaise rafra\u00eechissante\" tabindex=\"-1\" >\n\t\t\tLire la recette...\t\t<\/a>\n\n\t\t\t\t<\/div>\n\t\t\t\t<\/article>\n\t\t\t\t<article class=\"elementor-post elementor-grid-item post-11167 post type-post status-publish format-standard has-post-thumbnail hentry category-les-recettes-du-monde category-menu category-plat tag-biryani tag-poulet tag-recette tag-riz\" role=\"listitem\">\n\t\t\t\t<a class=\"elementor-post__thumbnail__link\" href=\"https:\/\/prointer.fr\/montagne-verte\/blog\/biryani-pakistanais-au-poulet-une-explosion-depices-et-de-saveurs\/\" tabindex=\"-1\" >\n\t\t\t<div class=\"elementor-post__thumbnail\"><img decoding=\"async\" width=\"300\" height=\"200\" src=\"https:\/\/prointer.fr\/montagne-verte\/wp-content\/uploads\/sites\/5\/2025\/07\/j9lowncnl04-300x200.jpg\" class=\"attachment-medium size-medium wp-image-11168\" alt=\"a platter of food on a red cloth\" srcset=\"https:\/\/prointer.fr\/montagne-verte\/wp-content\/uploads\/sites\/5\/2025\/07\/j9lowncnl04-300x200.jpg 300w, https:\/\/prointer.fr\/montagne-verte\/wp-content\/uploads\/sites\/5\/2025\/07\/j9lowncnl04-1024x683.jpg 1024w, https:\/\/prointer.fr\/montagne-verte\/wp-content\/uploads\/sites\/5\/2025\/07\/j9lowncnl04-768x512.jpg 768w, https:\/\/prointer.fr\/montagne-verte\/wp-content\/uploads\/sites\/5\/2025\/07\/j9lowncnl04-1536x1024.jpg 1536w, https:\/\/prointer.fr\/montagne-verte\/wp-content\/uploads\/sites\/5\/2025\/07\/j9lowncnl04-500x333.jpg 500w, https:\/\/prointer.fr\/montagne-verte\/wp-content\/uploads\/sites\/5\/2025\/07\/j9lowncnl04-900x600.jpg 900w, https:\/\/prointer.fr\/montagne-verte\/wp-content\/uploads\/sites\/5\/2025\/07\/j9lowncnl04.jpg 1600w\" sizes=\"(max-width: 300px) 100vw, 300px\" \/><\/div>\n\t\t<\/a>\n\t\t\t\t<div class=\"elementor-post__text\">\n\t\t\t\t<h3 class=\"elementor-post__title\">\n\t\t\t<a href=\"https:\/\/prointer.fr\/montagne-verte\/blog\/biryani-pakistanais-au-poulet-une-explosion-depices-et-de-saveurs\/\" >\n\t\t\t\tBiryani pakistanais au poulet : une explosion d\u2019\u00e9pices et de saveurs\t\t\t<\/a>\n\t\t<\/h3>\n\t\t\t\t<div class=\"elementor-post__excerpt\">\n\t\t\t<p>Parmi les plats de f\u00eate les plus embl\u00e9matiques du sous-continent indien, le biryani pakistanais occupe une place de choix. Color\u00e9, g\u00e9n\u00e9reusement \u00e9pic\u00e9, et riche en ar\u00f4mes, ce riz aux mille<\/p>\n\t\t<\/div>\n\t\t\n\t\t<a class=\"elementor-post__read-more\" href=\"https:\/\/prointer.fr\/montagne-verte\/blog\/biryani-pakistanais-au-poulet-une-explosion-depices-et-de-saveurs\/\" aria-label=\"En savoir plus sur Biryani pakistanais au poulet : une explosion d\u2019\u00e9pices et de saveurs\" tabindex=\"-1\" >\n\t\t\tLire la recette...\t\t<\/a>\n\n\t\t\t\t<\/div>\n\t\t\t\t<\/article>\n\t\t\t\t<article class=\"elementor-post elementor-grid-item post-11163 post type-post status-publish format-standard has-post-thumbnail hentry category-non-categorise category-les-recettes-du-monde category-plat tag-citron tag-olive tag-poulet tag-recette tag-tajine\" role=\"listitem\">\n\t\t\t\t<a class=\"elementor-post__thumbnail__link\" href=\"https:\/\/prointer.fr\/montagne-verte\/blog\/tajine-de-poulet-aux-olives-et-citron-confit-la-recette-marocaine-incontournable\/\" tabindex=\"-1\" >\n\t\t\t<div class=\"elementor-post__thumbnail\"><img loading=\"lazy\" decoding=\"async\" width=\"300\" height=\"200\" src=\"https:\/\/prointer.fr\/montagne-verte\/wp-content\/uploads\/sites\/5\/2025\/07\/kxtan5fzdac-300x200.jpg\" class=\"attachment-medium size-medium wp-image-11166\" alt=\"soup in bowl\" srcset=\"https:\/\/prointer.fr\/montagne-verte\/wp-content\/uploads\/sites\/5\/2025\/07\/kxtan5fzdac-300x200.jpg 300w, https:\/\/prointer.fr\/montagne-verte\/wp-content\/uploads\/sites\/5\/2025\/07\/kxtan5fzdac-1024x683.jpg 1024w, https:\/\/prointer.fr\/montagne-verte\/wp-content\/uploads\/sites\/5\/2025\/07\/kxtan5fzdac-768x512.jpg 768w, https:\/\/prointer.fr\/montagne-verte\/wp-content\/uploads\/sites\/5\/2025\/07\/kxtan5fzdac-1536x1024.jpg 1536w, https:\/\/prointer.fr\/montagne-verte\/wp-content\/uploads\/sites\/5\/2025\/07\/kxtan5fzdac-500x333.jpg 500w, https:\/\/prointer.fr\/montagne-verte\/wp-content\/uploads\/sites\/5\/2025\/07\/kxtan5fzdac-900x600.jpg 900w, https:\/\/prointer.fr\/montagne-verte\/wp-content\/uploads\/sites\/5\/2025\/07\/kxtan5fzdac.jpg 1600w\" sizes=\"(max-width: 300px) 100vw, 300px\" \/><\/div>\n\t\t<\/a>\n\t\t\t\t<div class=\"elementor-post__text\">\n\t\t\t\t<h3 class=\"elementor-post__title\">\n\t\t\t<a href=\"https:\/\/prointer.fr\/montagne-verte\/blog\/tajine-de-poulet-aux-olives-et-citron-confit-la-recette-marocaine-incontournable\/\" >\n\t\t\t\tTajine de poulet aux olives et citron confit : la recette marocaine incontournable\t\t\t<\/a>\n\t\t<\/h3>\n\t\t\t\t<div class=\"elementor-post__excerpt\">\n\t\t\t<p>Le tajine de poulet aux olives et citron confit est l\u2019un des plats les plus embl\u00e9matiques de la cuisine marocaine. \u00c0 la fois parfum\u00e9, fondant et l\u00e9g\u00e8rement acidul\u00e9, ce tajine<\/p>\n\t\t<\/div>\n\t\t\n\t\t<a class=\"elementor-post__read-more\" href=\"https:\/\/prointer.fr\/montagne-verte\/blog\/tajine-de-poulet-aux-olives-et-citron-confit-la-recette-marocaine-incontournable\/\" aria-label=\"En savoir plus sur Tajine de poulet aux olives et citron confit : la recette marocaine incontournable\" tabindex=\"-1\" >\n\t\t\tLire la recette...\t\t<\/a>\n\n\t\t\t\t<\/div>\n\t\t\t\t<\/article>\n\t\t\t\t<article class=\"elementor-post elementor-grid-item post-11153 post type-post status-publish format-standard has-post-thumbnail hentry category-les-recettes-du-monde category-apero category-entree category-menu tag-houmous tag-houmous-libanais tag-recette\" role=\"listitem\">\n\t\t\t\t<a class=\"elementor-post__thumbnail__link\" href=\"https:\/\/prointer.fr\/montagne-verte\/blog\/houmous-traditionnel-libanais\/\" tabindex=\"-1\" >\n\t\t\t<div class=\"elementor-post__thumbnail\"><img loading=\"lazy\" decoding=\"async\" width=\"300\" height=\"214\" src=\"https:\/\/prointer.fr\/montagne-verte\/wp-content\/uploads\/sites\/5\/2025\/07\/5uyh4ytdp34-300x214.jpg\" class=\"attachment-medium size-medium wp-image-11154\" alt=\"white ceramic plate with pasta dish\" srcset=\"https:\/\/prointer.fr\/montagne-verte\/wp-content\/uploads\/sites\/5\/2025\/07\/5uyh4ytdp34-300x214.jpg 300w, https:\/\/prointer.fr\/montagne-verte\/wp-content\/uploads\/sites\/5\/2025\/07\/5uyh4ytdp34-1024x732.jpg 1024w, https:\/\/prointer.fr\/montagne-verte\/wp-content\/uploads\/sites\/5\/2025\/07\/5uyh4ytdp34-768x549.jpg 768w, https:\/\/prointer.fr\/montagne-verte\/wp-content\/uploads\/sites\/5\/2025\/07\/5uyh4ytdp34-1536x1097.jpg 1536w, https:\/\/prointer.fr\/montagne-verte\/wp-content\/uploads\/sites\/5\/2025\/07\/5uyh4ytdp34-500x357.jpg 500w, https:\/\/prointer.fr\/montagne-verte\/wp-content\/uploads\/sites\/5\/2025\/07\/5uyh4ytdp34-900x643.jpg 900w, https:\/\/prointer.fr\/montagne-verte\/wp-content\/uploads\/sites\/5\/2025\/07\/5uyh4ytdp34.jpg 1600w\" sizes=\"(max-width: 300px) 100vw, 300px\" \/><\/div>\n\t\t<\/a>\n\t\t\t\t<div class=\"elementor-post__text\">\n\t\t\t\t<h3 class=\"elementor-post__title\">\n\t\t\t<a href=\"https:\/\/prointer.fr\/montagne-verte\/blog\/houmous-traditionnel-libanais\/\" >\n\t\t\t\tHoumous traditionnel libanais\t\t\t<\/a>\n\t\t<\/h3>\n\t\t\t\t<div class=\"elementor-post__excerpt\">\n\t\t\t<p>Le houmous est bien plus qu\u2019une simple pur\u00e9e de pois chiches : c\u2019est une v\u00e9ritable institution culinaire au Liban. Onctueux, parfum\u00e9, nourrissant, ce plat v\u00e9g\u00e9tarien se d\u00e9guste aussi bien \u00e0<\/p>\n\t\t<\/div>\n\t\t\n\t\t<a class=\"elementor-post__read-more\" href=\"https:\/\/prointer.fr\/montagne-verte\/blog\/houmous-traditionnel-libanais\/\" aria-label=\"En savoir plus sur Houmous traditionnel libanais\" tabindex=\"-1\" >\n\t\t\tLire la recette...\t\t<\/a>\n\n\t\t\t\t<\/div>\n\t\t\t\t<\/article>\n\t\t\t\t<\/div>\n\t\t\n\t\t\t\t\t\t<\/div>\n\t\t\t\t<\/div>\n\t\t\t\t<\/div>\n\t\t<div id=\"e-n-tab-content-1455118862\" role=\"tabpanel\" aria-labelledby=\"e-n-tab-title-1455118862\" data-tab-index=\"2\" style=\"--n-tabs-title-order: 2;\" class=\" elementor-element elementor-element-c7250fb e-con-full e-flex e-con e-child\" data-id=\"c7250fb\" data-element_type=\"container\">\n\t\t\t\t<div class=\"elementor-element elementor-element-0b8dffb elementor-grid-3 elementor-grid-tablet-2 elementor-grid-mobile-1 elementor-posts--thumbnail-top elementor-widget elementor-widget-posts\" data-id=\"0b8dffb\" data-element_type=\"widget\" data-settings=\"{&quot;classic_columns&quot;:&quot;3&quot;,&quot;classic_columns_tablet&quot;:&quot;2&quot;,&quot;classic_columns_mobile&quot;:&quot;1&quot;,&quot;classic_row_gap&quot;:{&quot;unit&quot;:&quot;px&quot;,&quot;size&quot;:35,&quot;sizes&quot;:[]},&quot;classic_row_gap_laptop&quot;:{&quot;unit&quot;:&quot;px&quot;,&quot;size&quot;:&quot;&quot;,&quot;sizes&quot;:[]},&quot;classic_row_gap_tablet_extra&quot;:{&quot;unit&quot;:&quot;px&quot;,&quot;size&quot;:&quot;&quot;,&quot;sizes&quot;:[]},&quot;classic_row_gap_tablet&quot;:{&quot;unit&quot;:&quot;px&quot;,&quot;size&quot;:&quot;&quot;,&quot;sizes&quot;:[]},&quot;classic_row_gap_mobile_extra&quot;:{&quot;unit&quot;:&quot;px&quot;,&quot;size&quot;:&quot;&quot;,&quot;sizes&quot;:[]},&quot;classic_row_gap_mobile&quot;:{&quot;unit&quot;:&quot;px&quot;,&quot;size&quot;:&quot;&quot;,&quot;sizes&quot;:[]}}\" data-widget_type=\"posts.classic\">\n\t\t\t\t<div class=\"elementor-widget-container\">\n\t\t\t\t\t\t\t<div class=\"elementor-posts-container elementor-posts elementor-posts--skin-classic elementor-grid\" role=\"list\">\n\t\t\t\t<article class=\"elementor-post elementor-grid-item post-11153 post type-post status-publish format-standard has-post-thumbnail hentry category-les-recettes-du-monde category-apero category-entree category-menu tag-houmous tag-houmous-libanais tag-recette\" role=\"listitem\">\n\t\t\t\t<a class=\"elementor-post__thumbnail__link\" href=\"https:\/\/prointer.fr\/montagne-verte\/blog\/houmous-traditionnel-libanais\/\" tabindex=\"-1\" >\n\t\t\t<div class=\"elementor-post__thumbnail\"><img loading=\"lazy\" decoding=\"async\" width=\"300\" height=\"214\" src=\"https:\/\/prointer.fr\/montagne-verte\/wp-content\/uploads\/sites\/5\/2025\/07\/5uyh4ytdp34-300x214.jpg\" class=\"attachment-medium size-medium wp-image-11154\" alt=\"white ceramic plate with pasta dish\" srcset=\"https:\/\/prointer.fr\/montagne-verte\/wp-content\/uploads\/sites\/5\/2025\/07\/5uyh4ytdp34-300x214.jpg 300w, https:\/\/prointer.fr\/montagne-verte\/wp-content\/uploads\/sites\/5\/2025\/07\/5uyh4ytdp34-1024x732.jpg 1024w, https:\/\/prointer.fr\/montagne-verte\/wp-content\/uploads\/sites\/5\/2025\/07\/5uyh4ytdp34-768x549.jpg 768w, https:\/\/prointer.fr\/montagne-verte\/wp-content\/uploads\/sites\/5\/2025\/07\/5uyh4ytdp34-1536x1097.jpg 1536w, https:\/\/prointer.fr\/montagne-verte\/wp-content\/uploads\/sites\/5\/2025\/07\/5uyh4ytdp34-500x357.jpg 500w, https:\/\/prointer.fr\/montagne-verte\/wp-content\/uploads\/sites\/5\/2025\/07\/5uyh4ytdp34-900x643.jpg 900w, https:\/\/prointer.fr\/montagne-verte\/wp-content\/uploads\/sites\/5\/2025\/07\/5uyh4ytdp34.jpg 1600w\" sizes=\"(max-width: 300px) 100vw, 300px\" \/><\/div>\n\t\t<\/a>\n\t\t\t\t<div class=\"elementor-post__text\">\n\t\t\t\t<h3 class=\"elementor-post__title\">\n\t\t\t<a href=\"https:\/\/prointer.fr\/montagne-verte\/blog\/houmous-traditionnel-libanais\/\" >\n\t\t\t\tHoumous traditionnel libanais\t\t\t<\/a>\n\t\t<\/h3>\n\t\t\t\t<div class=\"elementor-post__excerpt\">\n\t\t\t<p>Le houmous est bien plus qu\u2019une simple pur\u00e9e de pois chiches : c\u2019est une v\u00e9ritable institution culinaire au Liban. Onctueux, parfum\u00e9, nourrissant, ce plat v\u00e9g\u00e9tarien se d\u00e9guste aussi bien \u00e0<\/p>\n\t\t<\/div>\n\t\t\n\t\t<a class=\"elementor-post__read-more\" href=\"https:\/\/prointer.fr\/montagne-verte\/blog\/houmous-traditionnel-libanais\/\" aria-label=\"En savoir plus sur Houmous traditionnel libanais\" tabindex=\"-1\" >\n\t\t\tLire la recette...\t\t<\/a>\n\n\t\t\t\t<\/div>\n\t\t\t\t<\/article>\n\t\t\t\t<\/div>\n\t\t\n\t\t\t\t\t\t<\/div>\n\t\t\t\t<\/div>\n\t\t\t\t<\/div>\n\t\t<div id=\"e-n-tab-content-1455118863\" role=\"tabpanel\" aria-labelledby=\"e-n-tab-title-1455118863\" data-tab-index=\"3\" style=\"--n-tabs-title-order: 3;\" class=\" elementor-element elementor-element-6235ee6 e-con-full e-flex e-con e-child\" data-id=\"6235ee6\" data-element_type=\"container\">\n\t\t\t\t<div class=\"elementor-element elementor-element-f4a721b elementor-grid-3 elementor-grid-tablet-2 elementor-grid-mobile-1 elementor-posts--thumbnail-top elementor-widget elementor-widget-posts\" data-id=\"f4a721b\" data-element_type=\"widget\" data-settings=\"{&quot;classic_columns&quot;:&quot;3&quot;,&quot;classic_columns_tablet&quot;:&quot;2&quot;,&quot;classic_columns_mobile&quot;:&quot;1&quot;,&quot;classic_row_gap&quot;:{&quot;unit&quot;:&quot;px&quot;,&quot;size&quot;:35,&quot;sizes&quot;:[]},&quot;classic_row_gap_laptop&quot;:{&quot;unit&quot;:&quot;px&quot;,&quot;size&quot;:&quot;&quot;,&quot;sizes&quot;:[]},&quot;classic_row_gap_tablet_extra&quot;:{&quot;unit&quot;:&quot;px&quot;,&quot;size&quot;:&quot;&quot;,&quot;sizes&quot;:[]},&quot;classic_row_gap_tablet&quot;:{&quot;unit&quot;:&quot;px&quot;,&quot;size&quot;:&quot;&quot;,&quot;sizes&quot;:[]},&quot;classic_row_gap_mobile_extra&quot;:{&quot;unit&quot;:&quot;px&quot;,&quot;size&quot;:&quot;&quot;,&quot;sizes&quot;:[]},&quot;classic_row_gap_mobile&quot;:{&quot;unit&quot;:&quot;px&quot;,&quot;size&quot;:&quot;&quot;,&quot;sizes&quot;:[]}}\" data-widget_type=\"posts.classic\">\n\t\t\t\t<div class=\"elementor-widget-container\">\n\t\t\t\t\t\t\t<div class=\"elementor-posts-container elementor-posts elementor-posts--skin-classic elementor-grid\" role=\"list\">\n\t\t\t\t<article class=\"elementor-post elementor-grid-item post-11167 post type-post status-publish format-standard has-post-thumbnail hentry category-les-recettes-du-monde category-menu category-plat tag-biryani tag-poulet tag-recette tag-riz\" role=\"listitem\">\n\t\t\t\t<a class=\"elementor-post__thumbnail__link\" href=\"https:\/\/prointer.fr\/montagne-verte\/blog\/biryani-pakistanais-au-poulet-une-explosion-depices-et-de-saveurs\/\" tabindex=\"-1\" >\n\t\t\t<div class=\"elementor-post__thumbnail\"><img decoding=\"async\" width=\"300\" height=\"200\" src=\"https:\/\/prointer.fr\/montagne-verte\/wp-content\/uploads\/sites\/5\/2025\/07\/j9lowncnl04-300x200.jpg\" class=\"attachment-medium size-medium wp-image-11168\" alt=\"a platter of food on a red cloth\" srcset=\"https:\/\/prointer.fr\/montagne-verte\/wp-content\/uploads\/sites\/5\/2025\/07\/j9lowncnl04-300x200.jpg 300w, https:\/\/prointer.fr\/montagne-verte\/wp-content\/uploads\/sites\/5\/2025\/07\/j9lowncnl04-1024x683.jpg 1024w, https:\/\/prointer.fr\/montagne-verte\/wp-content\/uploads\/sites\/5\/2025\/07\/j9lowncnl04-768x512.jpg 768w, https:\/\/prointer.fr\/montagne-verte\/wp-content\/uploads\/sites\/5\/2025\/07\/j9lowncnl04-1536x1024.jpg 1536w, https:\/\/prointer.fr\/montagne-verte\/wp-content\/uploads\/sites\/5\/2025\/07\/j9lowncnl04-500x333.jpg 500w, https:\/\/prointer.fr\/montagne-verte\/wp-content\/uploads\/sites\/5\/2025\/07\/j9lowncnl04-900x600.jpg 900w, https:\/\/prointer.fr\/montagne-verte\/wp-content\/uploads\/sites\/5\/2025\/07\/j9lowncnl04.jpg 1600w\" sizes=\"(max-width: 300px) 100vw, 300px\" \/><\/div>\n\t\t<\/a>\n\t\t\t\t<div class=\"elementor-post__text\">\n\t\t\t\t<h3 class=\"elementor-post__title\">\n\t\t\t<a href=\"https:\/\/prointer.fr\/montagne-verte\/blog\/biryani-pakistanais-au-poulet-une-explosion-depices-et-de-saveurs\/\" >\n\t\t\t\tBiryani pakistanais au poulet : une explosion d\u2019\u00e9pices et de saveurs\t\t\t<\/a>\n\t\t<\/h3>\n\t\t\t\t<div class=\"elementor-post__excerpt\">\n\t\t\t<p>Parmi les plats de f\u00eate les plus embl\u00e9matiques du sous-continent indien, le biryani pakistanais occupe une place de choix. Color\u00e9, g\u00e9n\u00e9reusement \u00e9pic\u00e9, et riche en ar\u00f4mes, ce riz aux mille<\/p>\n\t\t<\/div>\n\t\t\n\t\t<a class=\"elementor-post__read-more\" href=\"https:\/\/prointer.fr\/montagne-verte\/blog\/biryani-pakistanais-au-poulet-une-explosion-depices-et-de-saveurs\/\" aria-label=\"En savoir plus sur Biryani pakistanais au poulet : une explosion d\u2019\u00e9pices et de saveurs\" tabindex=\"-1\" >\n\t\t\tLire la recette...\t\t<\/a>\n\n\t\t\t\t<\/div>\n\t\t\t\t<\/article>\n\t\t\t\t<article class=\"elementor-post elementor-grid-item post-11163 post type-post status-publish format-standard has-post-thumbnail hentry category-non-categorise category-les-recettes-du-monde category-plat tag-citron tag-olive tag-poulet tag-recette tag-tajine\" role=\"listitem\">\n\t\t\t\t<a class=\"elementor-post__thumbnail__link\" href=\"https:\/\/prointer.fr\/montagne-verte\/blog\/tajine-de-poulet-aux-olives-et-citron-confit-la-recette-marocaine-incontournable\/\" tabindex=\"-1\" >\n\t\t\t<div class=\"elementor-post__thumbnail\"><img loading=\"lazy\" decoding=\"async\" width=\"300\" height=\"200\" src=\"https:\/\/prointer.fr\/montagne-verte\/wp-content\/uploads\/sites\/5\/2025\/07\/kxtan5fzdac-300x200.jpg\" class=\"attachment-medium size-medium wp-image-11166\" alt=\"soup in bowl\" srcset=\"https:\/\/prointer.fr\/montagne-verte\/wp-content\/uploads\/sites\/5\/2025\/07\/kxtan5fzdac-300x200.jpg 300w, https:\/\/prointer.fr\/montagne-verte\/wp-content\/uploads\/sites\/5\/2025\/07\/kxtan5fzdac-1024x683.jpg 1024w, https:\/\/prointer.fr\/montagne-verte\/wp-content\/uploads\/sites\/5\/2025\/07\/kxtan5fzdac-768x512.jpg 768w, https:\/\/prointer.fr\/montagne-verte\/wp-content\/uploads\/sites\/5\/2025\/07\/kxtan5fzdac-1536x1024.jpg 1536w, https:\/\/prointer.fr\/montagne-verte\/wp-content\/uploads\/sites\/5\/2025\/07\/kxtan5fzdac-500x333.jpg 500w, https:\/\/prointer.fr\/montagne-verte\/wp-content\/uploads\/sites\/5\/2025\/07\/kxtan5fzdac-900x600.jpg 900w, https:\/\/prointer.fr\/montagne-verte\/wp-content\/uploads\/sites\/5\/2025\/07\/kxtan5fzdac.jpg 1600w\" sizes=\"(max-width: 300px) 100vw, 300px\" \/><\/div>\n\t\t<\/a>\n\t\t\t\t<div class=\"elementor-post__text\">\n\t\t\t\t<h3 class=\"elementor-post__title\">\n\t\t\t<a href=\"https:\/\/prointer.fr\/montagne-verte\/blog\/tajine-de-poulet-aux-olives-et-citron-confit-la-recette-marocaine-incontournable\/\" >\n\t\t\t\tTajine de poulet aux olives et citron confit : la recette marocaine incontournable\t\t\t<\/a>\n\t\t<\/h3>\n\t\t\t\t<div class=\"elementor-post__excerpt\">\n\t\t\t<p>Le tajine de poulet aux olives et citron confit est l\u2019un des plats les plus embl\u00e9matiques de la cuisine marocaine. \u00c0 la fois parfum\u00e9, fondant et l\u00e9g\u00e8rement acidul\u00e9, ce tajine<\/p>\n\t\t<\/div>\n\t\t\n\t\t<a class=\"elementor-post__read-more\" href=\"https:\/\/prointer.fr\/montagne-verte\/blog\/tajine-de-poulet-aux-olives-et-citron-confit-la-recette-marocaine-incontournable\/\" aria-label=\"En savoir plus sur Tajine de poulet aux olives et citron confit : la recette marocaine incontournable\" tabindex=\"-1\" >\n\t\t\tLire la recette...\t\t<\/a>\n\n\t\t\t\t<\/div>\n\t\t\t\t<\/article>\n\t\t\t\t<\/div>\n\t\t\n\t\t\t\t\t\t<\/div>\n\t\t\t\t<\/div>\n\t\t\t\t<\/div>\n\t\t<div id=\"e-n-tab-content-1455118864\" role=\"tabpanel\" aria-labelledby=\"e-n-tab-title-1455118864\" data-tab-index=\"4\" style=\"--n-tabs-title-order: 4;\" class=\" elementor-element elementor-element-8bde869 e-con-full e-flex e-con e-child\" data-id=\"8bde869\" data-element_type=\"container\">\n\t\t\t\t<div class=\"elementor-element elementor-element-074e9ef elementor-grid-3 elementor-grid-tablet-2 elementor-grid-mobile-1 elementor-posts--thumbnail-top elementor-widget elementor-widget-posts\" data-id=\"074e9ef\" data-element_type=\"widget\" data-settings=\"{&quot;classic_columns&quot;:&quot;3&quot;,&quot;classic_columns_tablet&quot;:&quot;2&quot;,&quot;classic_columns_mobile&quot;:&quot;1&quot;,&quot;classic_row_gap&quot;:{&quot;unit&quot;:&quot;px&quot;,&quot;size&quot;:35,&quot;sizes&quot;:[]},&quot;classic_row_gap_laptop&quot;:{&quot;unit&quot;:&quot;px&quot;,&quot;size&quot;:&quot;&quot;,&quot;sizes&quot;:[]},&quot;classic_row_gap_tablet_extra&quot;:{&quot;unit&quot;:&quot;px&quot;,&quot;size&quot;:&quot;&quot;,&quot;sizes&quot;:[]},&quot;classic_row_gap_tablet&quot;:{&quot;unit&quot;:&quot;px&quot;,&quot;size&quot;:&quot;&quot;,&quot;sizes&quot;:[]},&quot;classic_row_gap_mobile_extra&quot;:{&quot;unit&quot;:&quot;px&quot;,&quot;size&quot;:&quot;&quot;,&quot;sizes&quot;:[]},&quot;classic_row_gap_mobile&quot;:{&quot;unit&quot;:&quot;px&quot;,&quot;size&quot;:&quot;&quot;,&quot;sizes&quot;:[]}}\" data-widget_type=\"posts.classic\">\n\t\t\t\t<div class=\"elementor-widget-container\">\n\t\t\t\t\t\t\t<div class=\"elementor-posts-container elementor-posts elementor-posts--skin-classic elementor-grid\" role=\"list\">\n\t\t\t\t<article class=\"elementor-post elementor-grid-item post-11178 post type-post status-publish format-standard has-post-thumbnail hentry category-les-recettes-du-monde category-dessert category-menu tag-dessert tag-flan tag-lait tag-recette\" role=\"listitem\">\n\t\t\t\t<a class=\"elementor-post__thumbnail__link\" href=\"https:\/\/prointer.fr\/montagne-verte\/blog\/mouhalabieh-libanais-le-flan-au-lait-parfume-a-la-fleur-doranger\/\" tabindex=\"-1\" >\n\t\t\t<div class=\"elementor-post__thumbnail\"><img fetchpriority=\"high\" decoding=\"async\" width=\"300\" height=\"200\" src=\"https:\/\/prointer.fr\/montagne-verte\/wp-content\/uploads\/sites\/5\/2025\/07\/trvsgaubg8s-300x200.jpg\" class=\"attachment-medium size-medium wp-image-11181\" alt=\"a cupcake and a glass of milk on a table\" srcset=\"https:\/\/prointer.fr\/montagne-verte\/wp-content\/uploads\/sites\/5\/2025\/07\/trvsgaubg8s-300x200.jpg 300w, https:\/\/prointer.fr\/montagne-verte\/wp-content\/uploads\/sites\/5\/2025\/07\/trvsgaubg8s-1024x683.jpg 1024w, https:\/\/prointer.fr\/montagne-verte\/wp-content\/uploads\/sites\/5\/2025\/07\/trvsgaubg8s-768x512.jpg 768w, https:\/\/prointer.fr\/montagne-verte\/wp-content\/uploads\/sites\/5\/2025\/07\/trvsgaubg8s-1536x1024.jpg 1536w, https:\/\/prointer.fr\/montagne-verte\/wp-content\/uploads\/sites\/5\/2025\/07\/trvsgaubg8s-500x333.jpg 500w, https:\/\/prointer.fr\/montagne-verte\/wp-content\/uploads\/sites\/5\/2025\/07\/trvsgaubg8s-900x600.jpg 900w, https:\/\/prointer.fr\/montagne-verte\/wp-content\/uploads\/sites\/5\/2025\/07\/trvsgaubg8s.jpg 1600w\" sizes=\"(max-width: 300px) 100vw, 300px\" \/><\/div>\n\t\t<\/a>\n\t\t\t\t<div class=\"elementor-post__text\">\n\t\t\t\t<h3 class=\"elementor-post__title\">\n\t\t\t<a href=\"https:\/\/prointer.fr\/montagne-verte\/blog\/mouhalabieh-libanais-le-flan-au-lait-parfume-a-la-fleur-doranger\/\" >\n\t\t\t\tMouhalabieh libanais : le flan au lait parfum\u00e9 \u00e0 la fleur d\u2019oranger\t\t\t<\/a>\n\t\t<\/h3>\n\t\t\t\t<div class=\"elementor-post__excerpt\">\n\t\t\t<p>Le mouhalabieh (ou mouhalabiya) est un dessert traditionnel libanais \u00e0 base de lait, d\u00e9licatement parfum\u00e9 \u00e0 la fleur d\u2019oranger ou \u00e0 l\u2019eau de rose. L\u00e9ger, soyeux et rafra\u00eechissant, ce flan<\/p>\n\t\t<\/div>\n\t\t\n\t\t<a class=\"elementor-post__read-more\" href=\"https:\/\/prointer.fr\/montagne-verte\/blog\/mouhalabieh-libanais-le-flan-au-lait-parfume-a-la-fleur-doranger\/\" aria-label=\"En savoir plus sur Mouhalabieh libanais : le flan au lait parfum\u00e9 \u00e0 la fleur d\u2019oranger\" tabindex=\"-1\" >\n\t\t\tLire la recette...\t\t<\/a>\n\n\t\t\t\t<\/div>\n\t\t\t\t<\/article>\n\t\t\t\t<\/div>\n\t\t\n\t\t\t\t\t\t<\/div>\n\t\t\t\t<\/div>\n\t\t\t\t<\/div>\n\t\t<div id=\"e-n-tab-content-1455118865\" role=\"tabpanel\" aria-labelledby=\"e-n-tab-title-1455118865\" data-tab-index=\"5\" style=\"--n-tabs-title-order: 5;\" class=\" elementor-element elementor-element-aef92a8 e-con-full e-flex e-con e-child\" data-id=\"aef92a8\" data-element_type=\"container\">\n\t\t\t\t<div class=\"elementor-element elementor-element-45f30e2 elementor-grid-3 elementor-grid-tablet-2 elementor-grid-mobile-1 elementor-posts--thumbnail-top elementor-widget elementor-widget-posts\" data-id=\"45f30e2\" data-element_type=\"widget\" data-settings=\"{&quot;classic_columns&quot;:&quot;3&quot;,&quot;classic_columns_tablet&quot;:&quot;2&quot;,&quot;classic_columns_mobile&quot;:&quot;1&quot;,&quot;classic_row_gap&quot;:{&quot;unit&quot;:&quot;px&quot;,&quot;size&quot;:35,&quot;sizes&quot;:[]},&quot;classic_row_gap_laptop&quot;:{&quot;unit&quot;:&quot;px&quot;,&quot;size&quot;:&quot;&quot;,&quot;sizes&quot;:[]},&quot;classic_row_gap_tablet_extra&quot;:{&quot;unit&quot;:&quot;px&quot;,&quot;size&quot;:&quot;&quot;,&quot;sizes&quot;:[]},&quot;classic_row_gap_tablet&quot;:{&quot;unit&quot;:&quot;px&quot;,&quot;size&quot;:&quot;&quot;,&quot;sizes&quot;:[]},&quot;classic_row_gap_mobile_extra&quot;:{&quot;unit&quot;:&quot;px&quot;,&quot;size&quot;:&quot;&quot;,&quot;sizes&quot;:[]},&quot;classic_row_gap_mobile&quot;:{&quot;unit&quot;:&quot;px&quot;,&quot;size&quot;:&quot;&quot;,&quot;sizes&quot;:[]}}\" data-widget_type=\"posts.classic\">\n\t\t\t\t<div class=\"elementor-widget-container\">\n\t\t\t\t\t\t\t<div class=\"elementor-posts-container elementor-posts elementor-posts--skin-classic elementor-grid\" role=\"list\">\n\t\t\t\t<article class=\"elementor-post elementor-grid-item post-11174 post type-post status-publish format-standard has-post-thumbnail hentry category-les-recettes-du-monde category-boisson category-menu tag-laban tag-recette\" role=\"listitem\">\n\t\t\t\t<a class=\"elementor-post__thumbnail__link\" href=\"https:\/\/prointer.fr\/montagne-verte\/blog\/laban-maison-la-boisson-au-yaourt-libanaise-rafraichissante\/\" tabindex=\"-1\" >\n\t\t\t<div class=\"elementor-post__thumbnail\"><img decoding=\"async\" width=\"300\" height=\"200\" src=\"https:\/\/prointer.fr\/montagne-verte\/wp-content\/uploads\/sites\/5\/2025\/07\/64yyzgscq7u-300x200.jpg\" class=\"attachment-medium size-medium wp-image-11175\" alt=\"A glass of milk with a spoon next to it\" srcset=\"https:\/\/prointer.fr\/montagne-verte\/wp-content\/uploads\/sites\/5\/2025\/07\/64yyzgscq7u-300x200.jpg 300w, https:\/\/prointer.fr\/montagne-verte\/wp-content\/uploads\/sites\/5\/2025\/07\/64yyzgscq7u-1024x683.jpg 1024w, https:\/\/prointer.fr\/montagne-verte\/wp-content\/uploads\/sites\/5\/2025\/07\/64yyzgscq7u-768x512.jpg 768w, https:\/\/prointer.fr\/montagne-verte\/wp-content\/uploads\/sites\/5\/2025\/07\/64yyzgscq7u-1536x1024.jpg 1536w, https:\/\/prointer.fr\/montagne-verte\/wp-content\/uploads\/sites\/5\/2025\/07\/64yyzgscq7u-500x333.jpg 500w, https:\/\/prointer.fr\/montagne-verte\/wp-content\/uploads\/sites\/5\/2025\/07\/64yyzgscq7u-900x600.jpg 900w, https:\/\/prointer.fr\/montagne-verte\/wp-content\/uploads\/sites\/5\/2025\/07\/64yyzgscq7u.jpg 1600w\" sizes=\"(max-width: 300px) 100vw, 300px\" \/><\/div>\n\t\t<\/a>\n\t\t\t\t<div class=\"elementor-post__text\">\n\t\t\t\t<h3 class=\"elementor-post__title\">\n\t\t\t<a href=\"https:\/\/prointer.fr\/montagne-verte\/blog\/laban-maison-la-boisson-au-yaourt-libanaise-rafraichissante\/\" >\n\t\t\t\tLaban maison : la boisson au yaourt libanaise rafra\u00eechissante\t\t\t<\/a>\n\t\t<\/h3>\n\t\t\t\t<div class=\"elementor-post__excerpt\">\n\t\t\t<p>Le laban est une boisson traditionnelle libanaise \u00e0 base de yaourt, servie bien fra\u00eeche, souvent au d\u00e9jeuner ou pendant les fortes chaleurs. Riche en probiotiques, l\u00e9g\u00e8rement sal\u00e9e et ultra d\u00e9salt\u00e9rante,<\/p>\n\t\t<\/div>\n\t\t\n\t\t<a class=\"elementor-post__read-more\" href=\"https:\/\/prointer.fr\/montagne-verte\/blog\/laban-maison-la-boisson-au-yaourt-libanaise-rafraichissante\/\" aria-label=\"En savoir plus sur Laban maison : la boisson au yaourt libanaise rafra\u00eechissante\" tabindex=\"-1\" >\n\t\t\tLire la recette...\t\t<\/a>\n\n\t\t\t\t<\/div>\n\t\t\t\t<\/article>\n\t\t\t\t<\/div>\n\t\t\n\t\t\t\t\t\t<\/div>\n\t\t\t\t<\/div>\n\t\t\t\t<\/div>\n\t\t<div id=\"e-n-tab-content-1455118866\" role=\"tabpanel\" aria-labelledby=\"e-n-tab-title-1455118866\" data-tab-index=\"6\" style=\"--n-tabs-title-order: 6;\" class=\" elementor-element elementor-element-a910e29 e-flex e-con-boxed e-con e-child\" data-id=\"a910e29\" data-element_type=\"container\">\n\t\t\t\t\t<div class=\"e-con-inner\">\n\t\t\t\t<div class=\"elementor-element elementor-element-e503174 elementor-grid-3 elementor-grid-tablet-2 elementor-grid-mobile-1 elementor-posts--thumbnail-top elementor-widget elementor-widget-posts\" data-id=\"e503174\" data-element_type=\"widget\" data-settings=\"{&quot;classic_columns&quot;:&quot;3&quot;,&quot;classic_columns_tablet&quot;:&quot;2&quot;,&quot;classic_columns_mobile&quot;:&quot;1&quot;,&quot;classic_row_gap&quot;:{&quot;unit&quot;:&quot;px&quot;,&quot;size&quot;:35,&quot;sizes&quot;:[]},&quot;classic_row_gap_laptop&quot;:{&quot;unit&quot;:&quot;px&quot;,&quot;size&quot;:&quot;&quot;,&quot;sizes&quot;:[]},&quot;classic_row_gap_tablet_extra&quot;:{&quot;unit&quot;:&quot;px&quot;,&quot;size&quot;:&quot;&quot;,&quot;sizes&quot;:[]},&quot;classic_row_gap_tablet&quot;:{&quot;unit&quot;:&quot;px&quot;,&quot;size&quot;:&quot;&quot;,&quot;sizes&quot;:[]},&quot;classic_row_gap_mobile_extra&quot;:{&quot;unit&quot;:&quot;px&quot;,&quot;size&quot;:&quot;&quot;,&quot;sizes&quot;:[]},&quot;classic_row_gap_mobile&quot;:{&quot;unit&quot;:&quot;px&quot;,&quot;size&quot;:&quot;&quot;,&quot;sizes&quot;:[]}}\" data-widget_type=\"posts.classic\">\n\t\t\t\t<div class=\"elementor-widget-container\">\n\t\t\t\t\t\t\t<div class=\"elementor-posts-container elementor-posts elementor-posts--skin-classic elementor-grid\" role=\"list\">\n\t\t\t\t<article class=\"elementor-post elementor-grid-item post-11178 post type-post status-publish format-standard has-post-thumbnail hentry category-les-recettes-du-monde category-dessert category-menu tag-dessert tag-flan tag-lait tag-recette\" role=\"listitem\">\n\t\t\t\t<a class=\"elementor-post__thumbnail__link\" href=\"https:\/\/prointer.fr\/montagne-verte\/blog\/mouhalabieh-libanais-le-flan-au-lait-parfume-a-la-fleur-doranger\/\" tabindex=\"-1\" >\n\t\t\t<div class=\"elementor-post__thumbnail\"><img fetchpriority=\"high\" decoding=\"async\" width=\"300\" height=\"200\" src=\"https:\/\/prointer.fr\/montagne-verte\/wp-content\/uploads\/sites\/5\/2025\/07\/trvsgaubg8s-300x200.jpg\" class=\"attachment-medium size-medium wp-image-11181\" alt=\"a cupcake and a glass of milk on a table\" srcset=\"https:\/\/prointer.fr\/montagne-verte\/wp-content\/uploads\/sites\/5\/2025\/07\/trvsgaubg8s-300x200.jpg 300w, https:\/\/prointer.fr\/montagne-verte\/wp-content\/uploads\/sites\/5\/2025\/07\/trvsgaubg8s-1024x683.jpg 1024w, https:\/\/prointer.fr\/montagne-verte\/wp-content\/uploads\/sites\/5\/2025\/07\/trvsgaubg8s-768x512.jpg 768w, https:\/\/prointer.fr\/montagne-verte\/wp-content\/uploads\/sites\/5\/2025\/07\/trvsgaubg8s-1536x1024.jpg 1536w, https:\/\/prointer.fr\/montagne-verte\/wp-content\/uploads\/sites\/5\/2025\/07\/trvsgaubg8s-500x333.jpg 500w, https:\/\/prointer.fr\/montagne-verte\/wp-content\/uploads\/sites\/5\/2025\/07\/trvsgaubg8s-900x600.jpg 900w, https:\/\/prointer.fr\/montagne-verte\/wp-content\/uploads\/sites\/5\/2025\/07\/trvsgaubg8s.jpg 1600w\" sizes=\"(max-width: 300px) 100vw, 300px\" \/><\/div>\n\t\t<\/a>\n\t\t\t\t<div class=\"elementor-post__text\">\n\t\t\t\t<h3 class=\"elementor-post__title\">\n\t\t\t<a href=\"https:\/\/prointer.fr\/montagne-verte\/blog\/mouhalabieh-libanais-le-flan-au-lait-parfume-a-la-fleur-doranger\/\" >\n\t\t\t\tMouhalabieh libanais : le flan au lait parfum\u00e9 \u00e0 la fleur d\u2019oranger\t\t\t<\/a>\n\t\t<\/h3>\n\t\t\t\t<div class=\"elementor-post__excerpt\">\n\t\t\t<p>Le mouhalabieh (ou mouhalabiya) est un dessert traditionnel libanais \u00e0 base de lait, d\u00e9licatement parfum\u00e9 \u00e0 la fleur d\u2019oranger ou \u00e0 l\u2019eau de rose. L\u00e9ger, soyeux et rafra\u00eechissant, ce flan<\/p>\n\t\t<\/div>\n\t\t\n\t\t<a class=\"elementor-post__read-more\" href=\"https:\/\/prointer.fr\/montagne-verte\/blog\/mouhalabieh-libanais-le-flan-au-lait-parfume-a-la-fleur-doranger\/\" aria-label=\"En savoir plus sur Mouhalabieh libanais : le flan au lait parfum\u00e9 \u00e0 la fleur d\u2019oranger\" tabindex=\"-1\" >\n\t\t\tLire la recette...\t\t<\/a>\n\n\t\t\t\t<\/div>\n\t\t\t\t<\/article>\n\t\t\t\t<article class=\"elementor-post elementor-grid-item post-11174 post type-post status-publish format-standard has-post-thumbnail hentry category-les-recettes-du-monde category-boisson category-menu tag-laban tag-recette\" role=\"listitem\">\n\t\t\t\t<a class=\"elementor-post__thumbnail__link\" href=\"https:\/\/prointer.fr\/montagne-verte\/blog\/laban-maison-la-boisson-au-yaourt-libanaise-rafraichissante\/\" tabindex=\"-1\" >\n\t\t\t<div class=\"elementor-post__thumbnail\"><img decoding=\"async\" width=\"300\" height=\"200\" src=\"https:\/\/prointer.fr\/montagne-verte\/wp-content\/uploads\/sites\/5\/2025\/07\/64yyzgscq7u-300x200.jpg\" class=\"attachment-medium size-medium wp-image-11175\" alt=\"A glass of milk with a spoon next to it\" srcset=\"https:\/\/prointer.fr\/montagne-verte\/wp-content\/uploads\/sites\/5\/2025\/07\/64yyzgscq7u-300x200.jpg 300w, https:\/\/prointer.fr\/montagne-verte\/wp-content\/uploads\/sites\/5\/2025\/07\/64yyzgscq7u-1024x683.jpg 1024w, https:\/\/prointer.fr\/montagne-verte\/wp-content\/uploads\/sites\/5\/2025\/07\/64yyzgscq7u-768x512.jpg 768w, https:\/\/prointer.fr\/montagne-verte\/wp-content\/uploads\/sites\/5\/2025\/07\/64yyzgscq7u-1536x1024.jpg 1536w, https:\/\/prointer.fr\/montagne-verte\/wp-content\/uploads\/sites\/5\/2025\/07\/64yyzgscq7u-500x333.jpg 500w, https:\/\/prointer.fr\/montagne-verte\/wp-content\/uploads\/sites\/5\/2025\/07\/64yyzgscq7u-900x600.jpg 900w, https:\/\/prointer.fr\/montagne-verte\/wp-content\/uploads\/sites\/5\/2025\/07\/64yyzgscq7u.jpg 1600w\" sizes=\"(max-width: 300px) 100vw, 300px\" \/><\/div>\n\t\t<\/a>\n\t\t\t\t<div class=\"elementor-post__text\">\n\t\t\t\t<h3 class=\"elementor-post__title\">\n\t\t\t<a href=\"https:\/\/prointer.fr\/montagne-verte\/blog\/laban-maison-la-boisson-au-yaourt-libanaise-rafraichissante\/\" >\n\t\t\t\tLaban maison : la boisson au yaourt libanaise rafra\u00eechissante\t\t\t<\/a>\n\t\t<\/h3>\n\t\t\t\t<div class=\"elementor-post__excerpt\">\n\t\t\t<p>Le laban est une boisson traditionnelle libanaise \u00e0 base de yaourt, servie bien fra\u00eeche, souvent au d\u00e9jeuner ou pendant les fortes chaleurs. Riche en probiotiques, l\u00e9g\u00e8rement sal\u00e9e et ultra d\u00e9salt\u00e9rante,<\/p>\n\t\t<\/div>\n\t\t\n\t\t<a class=\"elementor-post__read-more\" href=\"https:\/\/prointer.fr\/montagne-verte\/blog\/laban-maison-la-boisson-au-yaourt-libanaise-rafraichissante\/\" aria-label=\"En savoir plus sur Laban maison : la boisson au yaourt libanaise rafra\u00eechissante\" tabindex=\"-1\" >\n\t\t\tLire la recette...\t\t<\/a>\n\n\t\t\t\t<\/div>\n\t\t\t\t<\/article>\n\t\t\t\t<article class=\"elementor-post elementor-grid-item post-11167 post type-post status-publish format-standard has-post-thumbnail hentry category-les-recettes-du-monde category-menu category-plat tag-biryani tag-poulet tag-recette tag-riz\" role=\"listitem\">\n\t\t\t\t<a class=\"elementor-post__thumbnail__link\" href=\"https:\/\/prointer.fr\/montagne-verte\/blog\/biryani-pakistanais-au-poulet-une-explosion-depices-et-de-saveurs\/\" tabindex=\"-1\" >\n\t\t\t<div class=\"elementor-post__thumbnail\"><img decoding=\"async\" width=\"300\" height=\"200\" src=\"https:\/\/prointer.fr\/montagne-verte\/wp-content\/uploads\/sites\/5\/2025\/07\/j9lowncnl04-300x200.jpg\" class=\"attachment-medium size-medium wp-image-11168\" alt=\"a platter of food on a red cloth\" srcset=\"https:\/\/prointer.fr\/montagne-verte\/wp-content\/uploads\/sites\/5\/2025\/07\/j9lowncnl04-300x200.jpg 300w, https:\/\/prointer.fr\/montagne-verte\/wp-content\/uploads\/sites\/5\/2025\/07\/j9lowncnl04-1024x683.jpg 1024w, https:\/\/prointer.fr\/montagne-verte\/wp-content\/uploads\/sites\/5\/2025\/07\/j9lowncnl04-768x512.jpg 768w, https:\/\/prointer.fr\/montagne-verte\/wp-content\/uploads\/sites\/5\/2025\/07\/j9lowncnl04-1536x1024.jpg 1536w, https:\/\/prointer.fr\/montagne-verte\/wp-content\/uploads\/sites\/5\/2025\/07\/j9lowncnl04-500x333.jpg 500w, https:\/\/prointer.fr\/montagne-verte\/wp-content\/uploads\/sites\/5\/2025\/07\/j9lowncnl04-900x600.jpg 900w, https:\/\/prointer.fr\/montagne-verte\/wp-content\/uploads\/sites\/5\/2025\/07\/j9lowncnl04.jpg 1600w\" sizes=\"(max-width: 300px) 100vw, 300px\" \/><\/div>\n\t\t<\/a>\n\t\t\t\t<div class=\"elementor-post__text\">\n\t\t\t\t<h3 class=\"elementor-post__title\">\n\t\t\t<a href=\"https:\/\/prointer.fr\/montagne-verte\/blog\/biryani-pakistanais-au-poulet-une-explosion-depices-et-de-saveurs\/\" >\n\t\t\t\tBiryani pakistanais au poulet : une explosion d\u2019\u00e9pices et de saveurs\t\t\t<\/a>\n\t\t<\/h3>\n\t\t\t\t<div class=\"elementor-post__excerpt\">\n\t\t\t<p>Parmi les plats de f\u00eate les plus embl\u00e9matiques du sous-continent indien, le biryani pakistanais occupe une place de choix. Color\u00e9, g\u00e9n\u00e9reusement \u00e9pic\u00e9, et riche en ar\u00f4mes, ce riz aux mille<\/p>\n\t\t<\/div>\n\t\t\n\t\t<a class=\"elementor-post__read-more\" href=\"https:\/\/prointer.fr\/montagne-verte\/blog\/biryani-pakistanais-au-poulet-une-explosion-depices-et-de-saveurs\/\" aria-label=\"En savoir plus sur Biryani pakistanais au poulet : une explosion d\u2019\u00e9pices et de saveurs\" tabindex=\"-1\" >\n\t\t\tLire la recette...\t\t<\/a>\n\n\t\t\t\t<\/div>\n\t\t\t\t<\/article>\n\t\t\t\t<article class=\"elementor-post elementor-grid-item post-11153 post type-post status-publish format-standard has-post-thumbnail hentry category-les-recettes-du-monde category-apero category-entree category-menu tag-houmous tag-houmous-libanais tag-recette\" role=\"listitem\">\n\t\t\t\t<a class=\"elementor-post__thumbnail__link\" href=\"https:\/\/prointer.fr\/montagne-verte\/blog\/houmous-traditionnel-libanais\/\" tabindex=\"-1\" >\n\t\t\t<div class=\"elementor-post__thumbnail\"><img loading=\"lazy\" decoding=\"async\" width=\"300\" height=\"214\" src=\"https:\/\/prointer.fr\/montagne-verte\/wp-content\/uploads\/sites\/5\/2025\/07\/5uyh4ytdp34-300x214.jpg\" class=\"attachment-medium size-medium wp-image-11154\" alt=\"white ceramic plate with pasta dish\" srcset=\"https:\/\/prointer.fr\/montagne-verte\/wp-content\/uploads\/sites\/5\/2025\/07\/5uyh4ytdp34-300x214.jpg 300w, https:\/\/prointer.fr\/montagne-verte\/wp-content\/uploads\/sites\/5\/2025\/07\/5uyh4ytdp34-1024x732.jpg 1024w, https:\/\/prointer.fr\/montagne-verte\/wp-content\/uploads\/sites\/5\/2025\/07\/5uyh4ytdp34-768x549.jpg 768w, https:\/\/prointer.fr\/montagne-verte\/wp-content\/uploads\/sites\/5\/2025\/07\/5uyh4ytdp34-1536x1097.jpg 1536w, https:\/\/prointer.fr\/montagne-verte\/wp-content\/uploads\/sites\/5\/2025\/07\/5uyh4ytdp34-500x357.jpg 500w, https:\/\/prointer.fr\/montagne-verte\/wp-content\/uploads\/sites\/5\/2025\/07\/5uyh4ytdp34-900x643.jpg 900w, https:\/\/prointer.fr\/montagne-verte\/wp-content\/uploads\/sites\/5\/2025\/07\/5uyh4ytdp34.jpg 1600w\" sizes=\"(max-width: 300px) 100vw, 300px\" \/><\/div>\n\t\t<\/a>\n\t\t\t\t<div class=\"elementor-post__text\">\n\t\t\t\t<h3 class=\"elementor-post__title\">\n\t\t\t<a href=\"https:\/\/prointer.fr\/montagne-verte\/blog\/houmous-traditionnel-libanais\/\" >\n\t\t\t\tHoumous traditionnel libanais\t\t\t<\/a>\n\t\t<\/h3>\n\t\t\t\t<div class=\"elementor-post__excerpt\">\n\t\t\t<p>Le houmous est bien plus qu\u2019une simple pur\u00e9e de pois chiches : c\u2019est une v\u00e9ritable institution culinaire au Liban. Onctueux, parfum\u00e9, nourrissant, ce plat v\u00e9g\u00e9tarien se d\u00e9guste aussi bien \u00e0<\/p>\n\t\t<\/div>\n\t\t\n\t\t<a class=\"elementor-post__read-more\" href=\"https:\/\/prointer.fr\/montagne-verte\/blog\/houmous-traditionnel-libanais\/\" aria-label=\"En savoir plus sur Houmous traditionnel libanais\" tabindex=\"-1\" >\n\t\t\tLire la recette...\t\t<\/a>\n\n\t\t\t\t<\/div>\n\t\t\t\t<\/article>\n\t\t\t\t<\/div>\n\t\t\n\t\t\t\t\t\t<\/div>\n\t\t\t\t<\/div>\n\t\t\t\t\t<\/div>\n\t\t\t\t<\/div>\n\t\t<div id=\"e-n-tab-content-1455118867\" role=\"tabpanel\" aria-labelledby=\"e-n-tab-title-1455118867\" data-tab-index=\"7\" style=\"--n-tabs-title-order: 7;\" class=\" elementor-element elementor-element-6381429 e-flex e-con-boxed e-con e-child\" data-id=\"6381429\" data-element_type=\"container\">\n\t\t\t\t\t<div class=\"e-con-inner\">\n\t\t\t\t<div class=\"elementor-element elementor-element-a08beac elementor-grid-3 elementor-grid-tablet-2 elementor-grid-mobile-1 elementor-posts--thumbnail-top elementor-widget elementor-widget-posts\" data-id=\"a08beac\" data-element_type=\"widget\" data-settings=\"{&quot;classic_columns&quot;:&quot;3&quot;,&quot;classic_columns_tablet&quot;:&quot;2&quot;,&quot;classic_columns_mobile&quot;:&quot;1&quot;,&quot;classic_row_gap&quot;:{&quot;unit&quot;:&quot;px&quot;,&quot;size&quot;:35,&quot;sizes&quot;:[]},&quot;classic_row_gap_laptop&quot;:{&quot;unit&quot;:&quot;px&quot;,&quot;size&quot;:&quot;&quot;,&quot;sizes&quot;:[]},&quot;classic_row_gap_tablet_extra&quot;:{&quot;unit&quot;:&quot;px&quot;,&quot;size&quot;:&quot;&quot;,&quot;sizes&quot;:[]},&quot;classic_row_gap_tablet&quot;:{&quot;unit&quot;:&quot;px&quot;,&quot;size&quot;:&quot;&quot;,&quot;sizes&quot;:[]},&quot;classic_row_gap_mobile_extra&quot;:{&quot;unit&quot;:&quot;px&quot;,&quot;size&quot;:&quot;&quot;,&quot;sizes&quot;:[]},&quot;classic_row_gap_mobile&quot;:{&quot;unit&quot;:&quot;px&quot;,&quot;size&quot;:&quot;&quot;,&quot;sizes&quot;:[]}}\" data-widget_type=\"posts.classic\">\n\t\t\t\t<div class=\"elementor-widget-container\">\n\t\t\t\t\t\t\t<div class=\"elementor-posts-container elementor-posts elementor-posts--skin-classic elementor-grid\" role=\"list\">\n\t\t\t\t<article class=\"elementor-post elementor-grid-item post-11153 post type-post status-publish format-standard has-post-thumbnail hentry category-les-recettes-du-monde category-apero category-entree category-menu tag-houmous tag-houmous-libanais tag-recette\" role=\"listitem\">\n\t\t\t\t<a class=\"elementor-post__thumbnail__link\" href=\"https:\/\/prointer.fr\/montagne-verte\/blog\/houmous-traditionnel-libanais\/\" tabindex=\"-1\" >\n\t\t\t<div class=\"elementor-post__thumbnail\"><img loading=\"lazy\" decoding=\"async\" width=\"300\" height=\"214\" src=\"https:\/\/prointer.fr\/montagne-verte\/wp-content\/uploads\/sites\/5\/2025\/07\/5uyh4ytdp34-300x214.jpg\" class=\"attachment-medium size-medium wp-image-11154\" alt=\"white ceramic plate with pasta dish\" srcset=\"https:\/\/prointer.fr\/montagne-verte\/wp-content\/uploads\/sites\/5\/2025\/07\/5uyh4ytdp34-300x214.jpg 300w, https:\/\/prointer.fr\/montagne-verte\/wp-content\/uploads\/sites\/5\/2025\/07\/5uyh4ytdp34-1024x732.jpg 1024w, https:\/\/prointer.fr\/montagne-verte\/wp-content\/uploads\/sites\/5\/2025\/07\/5uyh4ytdp34-768x549.jpg 768w, https:\/\/prointer.fr\/montagne-verte\/wp-content\/uploads\/sites\/5\/2025\/07\/5uyh4ytdp34-1536x1097.jpg 1536w, https:\/\/prointer.fr\/montagne-verte\/wp-content\/uploads\/sites\/5\/2025\/07\/5uyh4ytdp34-500x357.jpg 500w, https:\/\/prointer.fr\/montagne-verte\/wp-content\/uploads\/sites\/5\/2025\/07\/5uyh4ytdp34-900x643.jpg 900w, https:\/\/prointer.fr\/montagne-verte\/wp-content\/uploads\/sites\/5\/2025\/07\/5uyh4ytdp34.jpg 1600w\" sizes=\"(max-width: 300px) 100vw, 300px\" \/><\/div>\n\t\t<\/a>\n\t\t\t\t<div class=\"elementor-post__text\">\n\t\t\t\t<h3 class=\"elementor-post__title\">\n\t\t\t<a href=\"https:\/\/prointer.fr\/montagne-verte\/blog\/houmous-traditionnel-libanais\/\" >\n\t\t\t\tHoumous traditionnel libanais\t\t\t<\/a>\n\t\t<\/h3>\n\t\t\t\t<div class=\"elementor-post__excerpt\">\n\t\t\t<p>Le houmous est bien plus qu\u2019une simple pur\u00e9e de pois chiches : c\u2019est une v\u00e9ritable institution culinaire au Liban. Onctueux, parfum\u00e9, nourrissant, ce plat v\u00e9g\u00e9tarien se d\u00e9guste aussi bien \u00e0<\/p>\n\t\t<\/div>\n\t\t\n\t\t<a class=\"elementor-post__read-more\" href=\"https:\/\/prointer.fr\/montagne-verte\/blog\/houmous-traditionnel-libanais\/\" aria-label=\"En savoir plus sur Houmous traditionnel libanais\" tabindex=\"-1\" >\n\t\t\tLire la recette...\t\t<\/a>\n\n\t\t\t\t<\/div>\n\t\t\t\t<\/article>\n\t\t\t\t<\/div>\n\t\t\n\t\t\t\t\t\t<\/div>\n\t\t\t\t<\/div>\n\t\t\t\t\t<\/div>\n\t\t\t\t<\/div>\n\t\t\t\t\t<\/div>\n\t\t<\/div>\n\t\t\t\t\t\t<\/div>\n\t\t\t\t<\/div>\n\t\t\t\t\t<\/div>\n\t\t\t\t<\/div>\n\t\t\t\t<\/div>\n\t\t","protected":false},"excerpt":{"rendered":"<p>Toutes les recettes Entr\u00e9e Plat Dessert Boisson Menu Ap\u00e9ro Mouhalabieh libanais : le flan au lait parfum\u00e9 \u00e0 la fleur d\u2019oranger Le mouhalabieh (ou mouhalabiya) est un dessert traditionnel libanais \u00e0 base de lait, d\u00e9licatement parfum\u00e9 \u00e0 la fleur d\u2019oranger ou \u00e0 l\u2019eau de rose. L\u00e9ger, soyeux et rafra\u00eechissant, ce flan est souvent servi frais, [&hellip;]<\/p>\n","protected":false},"author":1,"featured_media":0,"parent":0,"menu_order":0,"comment_status":"closed","ping_status":"closed","template":"template-homepage.php","meta":{"footnotes":""},"class_list":["post-7791","page","type-page","status-publish","hentry"],"_links":{"self":[{"href":"https:\/\/prointer.fr\/montagne-verte\/wp-json\/wp\/v2\/pages\/7791","targetHints":{"allow":["GET"]}}],"collection":[{"href":"https:\/\/prointer.fr\/montagne-verte\/wp-json\/wp\/v2\/pages"}],"about":[{"href":"https:\/\/prointer.fr\/montagne-verte\/wp-json\/wp\/v2\/types\/page"}],"author":[{"embeddable":true,"href":"https:\/\/prointer.fr\/montagne-verte\/wp-json\/wp\/v2\/users\/1"}],"replies":[{"embeddable":true,"href":"https:\/\/prointer.fr\/montagne-verte\/wp-json\/wp\/v2\/comments?post=7791"}],"version-history":[{"count":46,"href":"https:\/\/prointer.fr\/montagne-verte\/wp-json\/wp\/v2\/pages\/7791\/revisions"}],"predecessor-version":[{"id":12980,"href":"https:\/\/prointer.fr\/montagne-verte\/wp-json\/wp\/v2\/pages\/7791\/revisions\/12980"}],"wp:attachment":[{"href":"https:\/\/prointer.fr\/montagne-verte\/wp-json\/wp\/v2\/media?parent=7791"}],"curies":[{"name":"wp","href":"https:\/\/api.w.org\/{rel}","templated":true}]}}