{"id":14668,"date":"2025-11-25T16:09:58","date_gmt":"2025-11-25T16:09:58","guid":{"rendered":"https:\/\/viande-halal.fr\/wittenheim\/?post_type=product&#038;p=14668"},"modified":"2025-11-25T16:10:00","modified_gmt":"2025-11-25T16:10:00","slug":"graines-tournesol-noires-tres-salee","status":"publish","type":"product","link":"https:\/\/prointer.fr\/wittenheim\/produit\/graines-tournesol-noires-tres-salee\/","title":{"rendered":"GRAINES TOURNESOL NOIRES TRES SALEE"},"content":{"rendered":"<p>Les graines de tournesol noires tr\u00e8s sal\u00e9es sont un incontournable de l&rsquo;\u00e9picerie sal\u00e9e, parfaites pour les amateurs de snacks sal\u00e9s et croquants. Ces graines de tournesol de qualit\u00e9 sup\u00e9rieure sont soigneusement s\u00e9lectionn\u00e9es pour leur saveur intense et leur texture croustillante. Parfaites pour une pause gourmande ou pour agr\u00e9menter vos salades, ces graines de tournesol noires tr\u00e8s sal\u00e9es sauront satisfaire toutes vos envies de grignotage.nnLes graines de tournesol noires tr\u00e8s sal\u00e9es sont riches en nutriments essentiels tels que les acides gras insatur\u00e9s, les prot\u00e9ines et les min\u00e9raux, ce qui en fait un en-cas sain et \u00e9nergisant. Leur go\u00fbt sal\u00e9 et savoureux en fait \u00e9galement une option de choix pour accompagner vos ap\u00e9ritifs ou vos plats pr\u00e9f\u00e9r\u00e9s.nnDisponibles sous la marque , ces graines de tournesol noires tr\u00e8s sal\u00e9es sont propos\u00e9es dans un conditionnement pratique qui permet de les emporter partout avec vous. Savourez-les \u00e0 tout moment de la journ\u00e9e pour une pause gourmande et \u00e9nergisante.nnOffrez-vous d\u00e8s maintenant ces d\u00e9licieuses graines de tournesol noires tr\u00e8s sal\u00e9es et laissez-vous s\u00e9duire par leur saveur irr\u00e9sistible !<\/p>\n","protected":false},"excerpt":{"rendered":"<p>D\u00e9couvrez les d\u00e9licieuses graines de tournesol noires tr\u00e8s sal\u00e9es de la marque X. Parfaites en ap\u00e9ritif ou en snack, ces graines savoureuses sauront ravir vos papilles. \u00c0 consommer sans mod\u00e9ration !<\/p>\n","protected":false},"featured_media":13671,"comment_status":"closed","ping_status":"closed","template":"","meta":{"footnotes":""},"product_cat":[104,75],"product_tag":[],"class_list":{"0":"post-14668","1":"product","2":"type-product","3":"status-publish","4":"has-post-thumbnail","6":"product_cat-epicerie-salee","7":"product_cat-tous-les-produits","8":"product_shipping_class-top-produits","10":"first","11":"instock","12":"taxable","13":"shipping-taxable","14":"purchasable","15":"product-type-simple"},"_links":{"self":[{"href":"https:\/\/prointer.fr\/wittenheim\/wp-json\/wp\/v2\/product\/14668","targetHints":{"allow":["GET"]}}],"collection":[{"href":"https:\/\/prointer.fr\/wittenheim\/wp-json\/wp\/v2\/product"}],"about":[{"href":"https:\/\/prointer.fr\/wittenheim\/wp-json\/wp\/v2\/types\/product"}],"replies":[{"embeddable":true,"href":"https:\/\/prointer.fr\/wittenheim\/wp-json\/wp\/v2\/comments?post=14668"}],"version-history":[{"count":1,"href":"https:\/\/prointer.fr\/wittenheim\/wp-json\/wp\/v2\/product\/14668\/revisions"}],"predecessor-version":[{"id":14698,"href":"https:\/\/prointer.fr\/wittenheim\/wp-json\/wp\/v2\/product\/14668\/revisions\/14698"}],"wp:featuredmedia":[{"embeddable":true,"href":"https:\/\/prointer.fr\/wittenheim\/wp-json\/wp\/v2\/media\/13671"}],"wp:attachment":[{"href":"https:\/\/prointer.fr\/wittenheim\/wp-json\/wp\/v2\/media?parent=14668"}],"wp:term":[{"taxonomy":"product_cat","embeddable":true,"href":"https:\/\/prointer.fr\/wittenheim\/wp-json\/wp\/v2\/product_cat?post=14668"},{"taxonomy":"product_tag","embeddable":true,"href":"https:\/\/prointer.fr\/wittenheim\/wp-json\/wp\/v2\/product_tag?post=14668"}],"curies":[{"name":"wp","href":"https:\/\/api.w.org\/{rel}","templated":true}]}}