{"id":15194,"date":"2025-11-25T16:11:23","date_gmt":"2025-11-25T16:11:23","guid":{"rendered":"https:\/\/viande-halal.fr\/wittenheim\/?post_type=product&#038;p=15194"},"modified":"2025-11-25T16:11:28","modified_gmt":"2025-11-25T16:11:28","slug":"fromage-kasar-yorem-400g","status":"publish","type":"product","link":"https:\/\/prointer.fr\/wittenheim\/produit\/fromage-kasar-yorem-400g\/","title":{"rendered":"FROMAGE KASAR YOREM &#8211; 400G"},"content":{"rendered":"<h3>FROMAGE KASAR YOREM &#8211; 400G<\/h3>\n<p data-start=\"1382\" data-end=\"1771\">Le <strong data-start=\"1381\" data-end=\"1411\"><a href=\"https:\/\/viande-halal.fr\/categorie-produit\/tous-les-produits\/produits-frais\/produits-laitiers\/\" target=\"_blank\" rel=\"noopener\">fromage<\/a> Kasar <a href=\"https:\/\/yorem.de\" target=\"_blank\" rel=\"noopener\">Y\u00f6rem<\/a> \u2013 400G<\/strong> est un fromage turc embl\u00e9matique, reconnu pour son go\u00fbt savoureux et sa texture fondante. Produit \u00e0 partir de <strong data-start=\"1522\" data-end=\"1551\">lait de vache s\u00e9lectionn\u00e9<\/strong>, il s\u2019inscrit dans la tradition fromag\u00e8re orientale en alliant <strong data-start=\"1615\" data-end=\"1655\">authenticit\u00e9, qualit\u00e9 et gourmandise<\/strong>.<\/p>\n<p data-start=\"1660\" data-end=\"2029\">Ce fromage doux et l\u00e9g\u00e8rement sal\u00e9 est id\u00e9al pour toutes les occasions. Vous pouvez le savourer <strong data-start=\"1756\" data-end=\"1771\">en tranches<\/strong>, lors d\u2019un petit-d\u00e9jeuner typique, ou l\u2019utiliser <strong data-start=\"1821\" data-end=\"1835\">en cuisine<\/strong> dans de nombreuses recettes. Il fond parfaitement dans les <strong data-start=\"1895\" data-end=\"1906\">gratins<\/strong>, <strong data-start=\"1908\" data-end=\"1918\">pizzas<\/strong>, <strong data-start=\"1920\" data-end=\"1930\">b\u00f6reks<\/strong> ou encore les <strong data-start=\"1945\" data-end=\"1965\">sandwichs chauds<\/strong>, apportant \u00e0 chaque plat une touche de douceur et de cr\u00e9meux.<\/p>\n<p data-start=\"2031\" data-end=\"2385\">Le <strong data-start=\"2034\" data-end=\"2049\">Kasar Y\u00f6rem<\/strong> est aussi appr\u00e9ci\u00e9 pour sa composition simple et naturelle. Sans additifs ni conservateurs, il pr\u00e9serve toutes les qualit\u00e9s nutritionnelles du lait, riche en <strong data-start=\"2208\" data-end=\"2221\">prot\u00e9ines<\/strong>, <strong data-start=\"2223\" data-end=\"2234\">calcium<\/strong> et <strong data-start=\"2238\" data-end=\"2264\">vitamines essentielles<\/strong>. Sa texture souple et son go\u00fbt \u00e9quilibr\u00e9 en font un produit pl\u00e9biscit\u00e9 aussi bien par les adultes que par les enfants.<\/p>\n<p data-start=\"2387\" data-end=\"2661\">Sign\u00e9 par <strong data-start=\"2397\" data-end=\"2406\">Y\u00f6rem<\/strong>, marque r\u00e9put\u00e9e pour ses produits d\u2019inspiration orientale, ce fromage refl\u00e8te un <strong data-start=\"2488\" data-end=\"2517\">savoir-faire traditionnel<\/strong> respectueux de la qualit\u00e9 et des saveurs d\u2019origine. Il s\u2019int\u00e8gre aussi bien dans la cuisine quotidienne que dans des recettes plus \u00e9labor\u00e9es.<\/p>\n<p data-start=\"2663\" data-end=\"2843\">Que vous souhaitiez sublimer vos plats ou simplement profiter d\u2019un moment de d\u00e9gustation, le <strong data-start=\"2756\" data-end=\"2786\">fromage Kasar Y\u00f6rem \u2013 400G<\/strong> est un indispensable \u00e0 avoir dans votre r\u00e9frig\u00e9rateur.<\/p>\n<blockquote>\n<p data-start=\"2845\" data-end=\"3055\">Retrouvez-le dans vos <strong data-start=\"2867\" data-end=\"2938\">magasins Pro-Inter dans le Grand Est et le Territoire de Belfort \ud83d\udccd<\/strong>, au rayon <strong data-start=\"2949\" data-end=\"2973\">Lait, fromage et \u0153uf<\/strong>, aux c\u00f4t\u00e9s d\u2019une large s\u00e9lection de fromages orientaux et de produits du monde.<\/p>\n<\/blockquote>\n","protected":false},"excerpt":{"rendered":"<p data-start=\"246\" data-end=\"614\">Le <strong data-start=\"249\" data-end=\"279\">fromage Kasar Y\u00f6rem \u2013 400G<\/strong> est un incontournable de la cuisine orientale. \u00c9labor\u00e9 \u00e0 partir de <strong data-start=\"347\" data-end=\"386\">lait de vache de qualit\u00e9 sup\u00e9rieure<\/strong>, ce fromage \u00e0 p\u00e2te semi-dure se distingue par son <strong data-start=\"437\" data-end=\"469\">go\u00fbt doux et l\u00e9g\u00e8rement sal\u00e9<\/strong>. Sa texture fondante et sa richesse aromatique en font un choix id\u00e9al pour accompagner vos plats du quotidien ou vos recettes traditionnelles.<\/p>\n<p data-start=\"616\" data-end=\"912\">Polyvalent et savoureux, le <strong data-start=\"644\" data-end=\"667\">fromage Kasar Y\u00f6rem<\/strong> se d\u00e9guste aussi bien <strong data-start=\"690\" data-end=\"723\">en tranches sur du pain frais<\/strong>, qu\u2019<strong data-start=\"728\" data-end=\"774\">int\u00e9gr\u00e9 dans des gratins, b\u00f6reks ou toasts<\/strong>. Son format pratique de 400g le rend parfait pour une consommation familiale, tout en conservant sa fra\u00eecheur et sa saveur authentique.<\/p>\n<p data-start=\"914\" data-end=\"1176\">Issu du savoir-faire de la marque <strong data-start=\"948\" data-end=\"957\">Y\u00f6rem<\/strong>, reconnue pour la qualit\u00e9 de ses produits laitiers orientaux, ce fromage allie tradition et plaisir. Riche en <strong data-start=\"1068\" data-end=\"1079\">calcium<\/strong> et en <strong data-start=\"1086\" data-end=\"1099\">prot\u00e9ines<\/strong>, il contribue \u00e0 une alimentation \u00e9quilibr\u00e9e tout en r\u00e9galant vos papilles.<\/p>\n<p data-start=\"1178\" data-end=\"1412\">Retrouvez le <strong data-start=\"1191\" data-end=\"1221\">fromage Kasar Y\u00f6rem \u2013 400G<\/strong> dans vos <strong data-start=\"1231\" data-end=\"1302\">magasins Pro-Inter dans le Grand Est et le Territoire de Belfort<\/strong>, au rayon <strong data-start=\"1313\" data-end=\"1337\">Lait, fromage et \u0153uf<\/strong>, et d\u00e9couvrez toute la saveur d\u2019un fromage turc authentique et g\u00e9n\u00e9reux.<\/p>\n","protected":false},"featured_media":14241,"comment_status":"closed","ping_status":"closed","template":"","meta":{"footnotes":""},"product_cat":[92,75],"product_tag":[183],"class_list":{"0":"post-15194","1":"product","2":"type-product","3":"status-publish","4":"has-post-thumbnail","6":"product_brand-yorem","7":"product_cat-produits-laitiers","8":"product_cat-tous-les-produits","9":"product_tag-yorem","10":"product_shipping_class-top-produits","12":"first","13":"instock","14":"taxable","15":"shipping-taxable","16":"purchasable","17":"product-type-simple"},"_links":{"self":[{"href":"https:\/\/prointer.fr\/wittenheim\/wp-json\/wp\/v2\/product\/15194","targetHints":{"allow":["GET"]}}],"collection":[{"href":"https:\/\/prointer.fr\/wittenheim\/wp-json\/wp\/v2\/product"}],"about":[{"href":"https:\/\/prointer.fr\/wittenheim\/wp-json\/wp\/v2\/types\/product"}],"replies":[{"embeddable":true,"href":"https:\/\/prointer.fr\/wittenheim\/wp-json\/wp\/v2\/comments?post=15194"}],"version-history":[{"count":1,"href":"https:\/\/prointer.fr\/wittenheim\/wp-json\/wp\/v2\/product\/15194\/revisions"}],"predecessor-version":[{"id":15223,"href":"https:\/\/prointer.fr\/wittenheim\/wp-json\/wp\/v2\/product\/15194\/revisions\/15223"}],"wp:featuredmedia":[{"embeddable":true,"href":"https:\/\/prointer.fr\/wittenheim\/wp-json\/wp\/v2\/media\/14241"}],"wp:attachment":[{"href":"https:\/\/prointer.fr\/wittenheim\/wp-json\/wp\/v2\/media?parent=15194"}],"wp:term":[{"taxonomy":"product_cat","embeddable":true,"href":"https:\/\/prointer.fr\/wittenheim\/wp-json\/wp\/v2\/product_cat?post=15194"},{"taxonomy":"product_tag","embeddable":true,"href":"https:\/\/prointer.fr\/wittenheim\/wp-json\/wp\/v2\/product_tag?post=15194"}],"curies":[{"name":"wp","href":"https:\/\/api.w.org\/{rel}","templated":true}]}}